{"id":11878,"date":"2023-08-22T12:36:01","date_gmt":"2023-08-22T12:36:01","guid":{"rendered":"https:\/\/dvelas.com\/products\/shade-sail-for-terrace\/"},"modified":"2024-05-13T14:42:44","modified_gmt":"2024-05-13T14:42:44","slug":"vela-sombra-para-terraza","status":"publish","type":"avada_portfolio","link":"https:\/\/dvelas.com\/es\/products\/vela-sombra-para-terraza\/","title":{"rendered":"Vela sombra para terraza"},"content":{"rendered":"<div class=\"fusion-fullwidth fullwidth-box fusion-builder-row-1 nonhundred-percent-fullwidth non-hundred-percent-height-scrolling\" style=\"background-color: rgba(255,255,255,0);background-position: center center;background-repeat: no-repeat;padding-top:0px;padding-right:0px;padding-bottom:0px;padding-left:0px;margin-bottom: 0px;margin-top: 0px;border-width: 0px 0px 0px 0px;border-color:#eae9e9;border-style:solid;\" ><div class=\"fusion-builder-row fusion-row\"><div class=\"fusion-layout-column fusion_builder_column fusion-builder-column-0 fusion_builder_column_1_3 1_3 fusion-one-third fusion-column-first\" style=\"width:30.6666%; margin-right: 4%;margin-top:0px;margin-bottom:0px;\"><div class=\"fusion-column-wrapper fusion-flex-column-wrapper-legacy\" style=\"background-position:left top;background-repeat:no-repeat;-webkit-background-size:cover;-moz-background-size:cover;-o-background-size:cover;background-size:cover;padding: 0px 0px 0px 0px;\"><div class=\"fusion-text fusion-text-1\"><p>Vela de sombra tensada de dise\u00f1o minimalista y elegante que incluye una estera de aluminio como punto de sujeci\u00f3n para terraza privada.<\/p>\n<p>El sistema utilizado para sujetar la vela al m\u00e1stil es el sistema reductor, que permite multiplicar por tres la fuerza ejercida al tirar de la cuerda. Este sistema consta de un bloque de amarre unido a un c\u00e1ncamo mediante un grillete y un doble bloque unido a la vela.<\/p>\n<\/div><div class=\"fusion-sep-clear\"><\/div><div class=\"fusion-separator fusion-full-width-sep\" style=\"margin-left: auto;margin-right: auto;margin-top:15px;margin-bottom:15px;width:100%;\"><div class=\"fusion-separator-border sep-single sep-solid\" style=\"border-color:#e0dede;border-top-width:1px;\"><\/div><\/div><div class=\"fusion-sep-clear\"><\/div><div class=\"fusion-text fusion-text-2\"><p><strong><a href=\"https:\/\/dvelas.com\/es\/proyectos\/\" target=\"_blank\" rel=\"noopener\">Todos los proyectos<\/a><\/strong><\/p>\n<\/div><div class=\"fusion-clearfix\"><\/div><\/div><\/div><div class=\"fusion-layout-column fusion_builder_column fusion-builder-column-1 fusion_builder_column_2_3 2_3 fusion-two-third fusion-column-last\" style=\"width:65.3333%;margin-top:0px;margin-bottom:0px;\"><div class=\"fusion-column-wrapper fusion-flex-column-wrapper-legacy\" style=\"background-position:left top;background-repeat:no-repeat;-webkit-background-size:cover;-moz-background-size:cover;-o-background-size:cover;background-size:cover;padding: 0px 0px 0px 0px;\"><span class=\" fusion-imageframe imageframe-none imageframe-1 hover-type-none\"><img fetchpriority=\"high\" fetchpriority=\"high\" decoding=\"async\" width=\"800\" height=\"825\" title=\"toldo dise\u00f1o terraza DVELAS\" src=\"https:\/\/dvelas.com\/wp-content\/uploads\/2023\/08\/sail-canopy-dvelas.jpg\" alt class=\"img-responsive wp-image-11867\" srcset=\"https:\/\/dvelas.com\/wp-content\/uploads\/2023\/08\/sail-canopy-dvelas-200x206.jpg 200w, https:\/\/dvelas.com\/wp-content\/uploads\/2023\/08\/sail-canopy-dvelas-400x413.jpg 400w, https:\/\/dvelas.com\/wp-content\/uploads\/2023\/08\/sail-canopy-dvelas-600x619.jpg 600w, https:\/\/dvelas.com\/wp-content\/uploads\/2023\/08\/sail-canopy-dvelas.jpg 800w\" sizes=\"(max-width: 800px) 100vw, 800px\" \/><\/span><div class=\"fusion-sep-clear\"><\/div><div class=\"fusion-separator fusion-full-width-sep\" style=\"margin-left: auto;margin-right: auto;margin-top:20px;width:100%;\"><\/div><div class=\"fusion-sep-clear\"><\/div><span class=\" fusion-imageframe imageframe-none imageframe-2 hover-type-none\"><img decoding=\"async\" width=\"800\" height=\"800\" title=\"Sail recycling DVELAS\" src=\"https:\/\/dvelas.com\/wp-content\/uploads\/2023\/08\/sail-fabric-awaning-dvelas.jpg\" alt class=\"img-responsive wp-image-11869\" srcset=\"https:\/\/dvelas.com\/wp-content\/uploads\/2023\/08\/sail-fabric-awaning-dvelas-200x200.jpg 200w, https:\/\/dvelas.com\/wp-content\/uploads\/2023\/08\/sail-fabric-awaning-dvelas-400x400.jpg 400w, https:\/\/dvelas.com\/wp-content\/uploads\/2023\/08\/sail-fabric-awaning-dvelas-600x600.jpg 600w, https:\/\/dvelas.com\/wp-content\/uploads\/2023\/08\/sail-fabric-awaning-dvelas.jpg 800w\" sizes=\"(max-width: 800px) 100vw, 800px\" \/><\/span><div class=\"fusion-sep-clear\"><\/div><div class=\"fusion-separator fusion-full-width-sep\" style=\"margin-left: auto;margin-right: auto;margin-top:20px;width:100%;\"><\/div><div class=\"fusion-sep-clear\"><\/div><span class=\" fusion-imageframe imageframe-none imageframe-3 hover-type-none\"><img decoding=\"async\" width=\"800\" height=\"800\" title=\"Terrace shade sails DVELAS\" src=\"https:\/\/dvelas.com\/wp-content\/uploads\/2023\/08\/shade-sail-terrace-building-dvelas.jpg\" alt class=\"img-responsive wp-image-11875\" srcset=\"https:\/\/dvelas.com\/wp-content\/uploads\/2023\/08\/shade-sail-terrace-building-dvelas-200x200.jpg 200w, https:\/\/dvelas.com\/wp-content\/uploads\/2023\/08\/shade-sail-terrace-building-dvelas-400x400.jpg 400w, https:\/\/dvelas.com\/wp-content\/uploads\/2023\/08\/shade-sail-terrace-building-dvelas-600x600.jpg 600w, https:\/\/dvelas.com\/wp-content\/uploads\/2023\/08\/shade-sail-terrace-building-dvelas.jpg 800w\" sizes=\"(max-width: 800px) 100vw, 800px\" \/><\/span><div class=\"fusion-clearfix\"><\/div><\/div><\/div><\/div><\/div>\n","protected":false},"excerpt":{"rendered":"<p>Vela sombra tensada de dise\u00f1o minimal y elegante que incluye un m\u00e1til de alumnio como punto de sujeci\u00f3n para terraza particular.<br \/>\nEl sistema de sujeci\u00f3n de la vela al m\u00e1stil utilizado es el de la desmultiplicaci\u00f3n, que permite multiplicar por tres la fuerza realizada al tirar del cabo. Este sistema se compone de una polea con trinca sujeta a un c\u00e1ncamo mediante un grillete y una polea doble sujeta a la vela.<\/p>\n","protected":false},"author":7,"featured_media":11865,"menu_order":0,"comment_status":"open","ping_status":"closed","template":"","format":"standard","meta":{"content-type":"","_uag_custom_page_level_css":"","footnotes":""},"portfolio_category":[131],"portfolio_skills":[],"portfolio_tags":[275,276,278],"class_list":["post-11878","avada_portfolio","type-avada_portfolio","status-publish","format-standard","has-post-thumbnail","hentry","portfolio_category-proyectos","portfolio_tags-awning-es","portfolio_tags-shade-sail-es","portfolio_tags-shading-es"],"yoast_head":"<!-- This site is optimized with the Yoast SEO plugin v27.5 - https:\/\/yoast.com\/product\/yoast-seo-wordpress\/ -->\n<title>Vela sombra para terraza - DVELAS<\/title>\n<meta name=\"description\" content=\"DVELAS offers a selection of shading systems, wall anchors and masts for shade sails made in Spain.Shade sails are elegant and effective shaders for terraces and gardens, as well as to cover parking lots, garage spaces and carports.\" \/>\n<meta name=\"robots\" content=\"index, follow, max-snippet:-1, max-image-preview:large, max-video-preview:-1\" \/>\n<link rel=\"canonical\" href=\"https:\/\/dvelas.com\/products\/shade-sail-for-terrace\/\" \/>\n<meta property=\"og:locale\" content=\"es_ES\" \/>\n<meta property=\"og:type\" content=\"article\" \/>\n<meta property=\"og:title\" content=\"Vela sombra para terraza - DVELAS\" \/>\n<meta property=\"og:description\" content=\"DVELAS offers a selection of shading systems, wall anchors and masts for shade sails made in Spain.Shade sails are elegant and effective shaders for terraces and gardens, as well as to cover parking lots, garage spaces and carports.\" \/>\n<meta property=\"og:url\" content=\"https:\/\/dvelas.com\/products\/shade-sail-for-terrace\/\" \/>\n<meta property=\"og:site_name\" content=\"DVELAS\" \/>\n<meta property=\"article:publisher\" content=\"https:\/\/www.facebook.com\/dvelasdesign\/\" \/>\n<meta property=\"article:modified_time\" content=\"2024-05-13T14:42:44+00:00\" \/>\n<meta property=\"og:image\" content=\"https:\/\/dvelas.com\/wp-content\/uploads\/2023\/08\/canopy-sail-dvelas.jpg\" \/>\n\t<meta property=\"og:image:width\" content=\"800\" \/>\n\t<meta property=\"og:image:height\" content=\"800\" \/>\n\t<meta property=\"og:image:type\" content=\"image\/jpeg\" \/>\n<meta name=\"twitter:card\" content=\"summary_large_image\" \/>\n<meta name=\"twitter:site\" content=\"@dvelasdesign\" \/>\n<meta name=\"twitter:label1\" content=\"Tiempo de lectura\" \/>\n\t<meta name=\"twitter:data1\" content=\"7 minutos\" \/>\n<script type=\"application\/ld+json\" class=\"yoast-schema-graph\">{\"@context\":\"https:\\\/\\\/schema.org\",\"@graph\":[{\"@type\":\"WebPage\",\"@id\":\"https:\\\/\\\/dvelas.com\\\/products\\\/shade-sail-for-terrace\\\/\",\"url\":\"https:\\\/\\\/dvelas.com\\\/products\\\/shade-sail-for-terrace\\\/\",\"name\":\"Vela sombra para terraza - DVELAS\",\"isPartOf\":{\"@id\":\"https:\\\/\\\/dvelas.com\\\/#website\"},\"primaryImageOfPage\":{\"@id\":\"https:\\\/\\\/dvelas.com\\\/products\\\/shade-sail-for-terrace\\\/#primaryimage\"},\"image\":{\"@id\":\"https:\\\/\\\/dvelas.com\\\/products\\\/shade-sail-for-terrace\\\/#primaryimage\"},\"thumbnailUrl\":\"https:\\\/\\\/dvelas.com\\\/wp-content\\\/uploads\\\/2023\\\/08\\\/canopy-sail-dvelas.jpg\",\"datePublished\":\"2023-08-22T12:36:01+00:00\",\"dateModified\":\"2024-05-13T14:42:44+00:00\",\"description\":\"DVELAS offers a selection of shading systems, wall anchors and masts for shade sails made in Spain.Shade sails are elegant and effective shaders for terraces and gardens, as well as to cover parking lots, garage spaces and carports.\",\"breadcrumb\":{\"@id\":\"https:\\\/\\\/dvelas.com\\\/products\\\/shade-sail-for-terrace\\\/#breadcrumb\"},\"inLanguage\":\"es\",\"potentialAction\":[{\"@type\":\"ReadAction\",\"target\":[\"https:\\\/\\\/dvelas.com\\\/products\\\/shade-sail-for-terrace\\\/\"]}]},{\"@type\":\"ImageObject\",\"inLanguage\":\"es\",\"@id\":\"https:\\\/\\\/dvelas.com\\\/products\\\/shade-sail-for-terrace\\\/#primaryimage\",\"url\":\"https:\\\/\\\/dvelas.com\\\/wp-content\\\/uploads\\\/2023\\\/08\\\/canopy-sail-dvelas.jpg\",\"contentUrl\":\"https:\\\/\\\/dvelas.com\\\/wp-content\\\/uploads\\\/2023\\\/08\\\/canopy-sail-dvelas.jpg\",\"width\":800,\"height\":800},{\"@type\":\"BreadcrumbList\",\"@id\":\"https:\\\/\\\/dvelas.com\\\/products\\\/shade-sail-for-terrace\\\/#breadcrumb\",\"itemListElement\":[{\"@type\":\"ListItem\",\"position\":1,\"name\":\"Home\",\"item\":\"https:\\\/\\\/dvelas.com\\\/es\\\/\"},{\"@type\":\"ListItem\",\"position\":2,\"name\":\"Portfolio\",\"item\":\"https:\\\/\\\/dvelas.com\\\/es\\\/products\\\/\"},{\"@type\":\"ListItem\",\"position\":3,\"name\":\"Vela sombra para terraza\"}]},{\"@type\":\"WebSite\",\"@id\":\"https:\\\/\\\/dvelas.com\\\/#website\",\"url\":\"https:\\\/\\\/dvelas.com\\\/\",\"name\":\"DVELAS\",\"description\":\"Muebles de exterior y velas de sombra para uso dom\u00e9stico y comercial. Dise\u00f1os para un mundo sostenible. Compromiso de econom\u00eda circular.\",\"publisher\":{\"@id\":\"https:\\\/\\\/dvelas.com\\\/#organization\"},\"potentialAction\":[{\"@type\":\"SearchAction\",\"target\":{\"@type\":\"EntryPoint\",\"urlTemplate\":\"https:\\\/\\\/dvelas.com\\\/?s={search_term_string}\"},\"query-input\":{\"@type\":\"PropertyValueSpecification\",\"valueRequired\":true,\"valueName\":\"search_term_string\"}}],\"inLanguage\":\"es\"},{\"@type\":\"Organization\",\"@id\":\"https:\\\/\\\/dvelas.com\\\/#organization\",\"name\":\"Dvelas Sustainable Design\",\"url\":\"https:\\\/\\\/dvelas.com\\\/\",\"logo\":{\"@type\":\"ImageObject\",\"inLanguage\":\"es\",\"@id\":\"https:\\\/\\\/dvelas.com\\\/#\\\/schema\\\/logo\\\/image\\\/\",\"url\":\"https:\\\/\\\/dvelas.com\\\/wp-content\\\/uploads\\\/2020\\\/05\\\/design-outdoor-furniture-310.png\",\"contentUrl\":\"https:\\\/\\\/dvelas.com\\\/wp-content\\\/uploads\\\/2020\\\/05\\\/design-outdoor-furniture-310.png\",\"width\":310,\"height\":130,\"caption\":\"Dvelas Sustainable Design\"},\"image\":{\"@id\":\"https:\\\/\\\/dvelas.com\\\/#\\\/schema\\\/logo\\\/image\\\/\"},\"sameAs\":[\"https:\\\/\\\/www.facebook.com\\\/dvelasdesign\\\/\",\"https:\\\/\\\/x.com\\\/dvelasdesign\",\"https:\\\/\\\/www.instagram.com\\\/dvelas\\\/\",\"https:\\\/\\\/www.linkedin.com\\\/company\\\/dvelas\\\/\",\"https:\\\/\\\/www.pinterest.com\\\/dvelasdesign\\\/\",\"https:\\\/\\\/www.youtube.com\\\/c\\\/DvelasDesign\\\/featured\"]}]}<\/script>\n<!-- \/ Yoast SEO plugin. -->","yoast_head_json":{"title":"Vela sombra para terraza - DVELAS","description":"DVELAS offers a selection of shading systems, wall anchors and masts for shade sails made in Spain.Shade sails are elegant and effective shaders for terraces and gardens, as well as to cover parking lots, garage spaces and carports.","robots":{"index":"index","follow":"follow","max-snippet":"max-snippet:-1","max-image-preview":"max-image-preview:large","max-video-preview":"max-video-preview:-1"},"canonical":"https:\/\/dvelas.com\/products\/shade-sail-for-terrace\/","og_locale":"es_ES","og_type":"article","og_title":"Vela sombra para terraza - DVELAS","og_description":"DVELAS offers a selection of shading systems, wall anchors and masts for shade sails made in Spain.Shade sails are elegant and effective shaders for terraces and gardens, as well as to cover parking lots, garage spaces and carports.","og_url":"https:\/\/dvelas.com\/products\/shade-sail-for-terrace\/","og_site_name":"DVELAS","article_publisher":"https:\/\/www.facebook.com\/dvelasdesign\/","article_modified_time":"2024-05-13T14:42:44+00:00","og_image":[{"width":800,"height":800,"url":"https:\/\/dvelas.com\/wp-content\/uploads\/2023\/08\/canopy-sail-dvelas.jpg","type":"image\/jpeg"}],"twitter_card":"summary_large_image","twitter_site":"@dvelasdesign","twitter_misc":{"Tiempo de lectura":"7 minutos"},"schema":{"@context":"https:\/\/schema.org","@graph":[{"@type":"WebPage","@id":"https:\/\/dvelas.com\/products\/shade-sail-for-terrace\/","url":"https:\/\/dvelas.com\/products\/shade-sail-for-terrace\/","name":"Vela sombra para terraza - DVELAS","isPartOf":{"@id":"https:\/\/dvelas.com\/#website"},"primaryImageOfPage":{"@id":"https:\/\/dvelas.com\/products\/shade-sail-for-terrace\/#primaryimage"},"image":{"@id":"https:\/\/dvelas.com\/products\/shade-sail-for-terrace\/#primaryimage"},"thumbnailUrl":"https:\/\/dvelas.com\/wp-content\/uploads\/2023\/08\/canopy-sail-dvelas.jpg","datePublished":"2023-08-22T12:36:01+00:00","dateModified":"2024-05-13T14:42:44+00:00","description":"DVELAS offers a selection of shading systems, wall anchors and masts for shade sails made in Spain.Shade sails are elegant and effective shaders for terraces and gardens, as well as to cover parking lots, garage spaces and carports.","breadcrumb":{"@id":"https:\/\/dvelas.com\/products\/shade-sail-for-terrace\/#breadcrumb"},"inLanguage":"es","potentialAction":[{"@type":"ReadAction","target":["https:\/\/dvelas.com\/products\/shade-sail-for-terrace\/"]}]},{"@type":"ImageObject","inLanguage":"es","@id":"https:\/\/dvelas.com\/products\/shade-sail-for-terrace\/#primaryimage","url":"https:\/\/dvelas.com\/wp-content\/uploads\/2023\/08\/canopy-sail-dvelas.jpg","contentUrl":"https:\/\/dvelas.com\/wp-content\/uploads\/2023\/08\/canopy-sail-dvelas.jpg","width":800,"height":800},{"@type":"BreadcrumbList","@id":"https:\/\/dvelas.com\/products\/shade-sail-for-terrace\/#breadcrumb","itemListElement":[{"@type":"ListItem","position":1,"name":"Home","item":"https:\/\/dvelas.com\/es\/"},{"@type":"ListItem","position":2,"name":"Portfolio","item":"https:\/\/dvelas.com\/es\/products\/"},{"@type":"ListItem","position":3,"name":"Vela sombra para terraza"}]},{"@type":"WebSite","@id":"https:\/\/dvelas.com\/#website","url":"https:\/\/dvelas.com\/","name":"DVELAS","description":"Muebles de exterior y velas de sombra para uso dom\u00e9stico y comercial. Dise\u00f1os para un mundo sostenible. Compromiso de econom\u00eda circular.","publisher":{"@id":"https:\/\/dvelas.com\/#organization"},"potentialAction":[{"@type":"SearchAction","target":{"@type":"EntryPoint","urlTemplate":"https:\/\/dvelas.com\/?s={search_term_string}"},"query-input":{"@type":"PropertyValueSpecification","valueRequired":true,"valueName":"search_term_string"}}],"inLanguage":"es"},{"@type":"Organization","@id":"https:\/\/dvelas.com\/#organization","name":"Dvelas Sustainable Design","url":"https:\/\/dvelas.com\/","logo":{"@type":"ImageObject","inLanguage":"es","@id":"https:\/\/dvelas.com\/#\/schema\/logo\/image\/","url":"https:\/\/dvelas.com\/wp-content\/uploads\/2020\/05\/design-outdoor-furniture-310.png","contentUrl":"https:\/\/dvelas.com\/wp-content\/uploads\/2020\/05\/design-outdoor-furniture-310.png","width":310,"height":130,"caption":"Dvelas Sustainable Design"},"image":{"@id":"https:\/\/dvelas.com\/#\/schema\/logo\/image\/"},"sameAs":["https:\/\/www.facebook.com\/dvelasdesign\/","https:\/\/x.com\/dvelasdesign","https:\/\/www.instagram.com\/dvelas\/","https:\/\/www.linkedin.com\/company\/dvelas\/","https:\/\/www.pinterest.com\/dvelasdesign\/","https:\/\/www.youtube.com\/c\/DvelasDesign\/featured"]}]}},"uagb_featured_image_src":{"full":["https:\/\/dvelas.com\/wp-content\/uploads\/2023\/08\/canopy-sail-dvelas.jpg",800,800,false],"thumbnail":["https:\/\/dvelas.com\/wp-content\/uploads\/2023\/08\/canopy-sail-dvelas.jpg",150,150,false],"medium":["https:\/\/dvelas.com\/wp-content\/uploads\/2023\/08\/canopy-sail-dvelas.jpg",300,300,false],"medium_large":["https:\/\/dvelas.com\/wp-content\/uploads\/2023\/08\/canopy-sail-dvelas.jpg",768,768,false],"large":["https:\/\/dvelas.com\/wp-content\/uploads\/2023\/08\/canopy-sail-dvelas.jpg",800,800,false],"1536x1536":["https:\/\/dvelas.com\/wp-content\/uploads\/2023\/08\/canopy-sail-dvelas.jpg",800,800,false],"2048x2048":["https:\/\/dvelas.com\/wp-content\/uploads\/2023\/08\/canopy-sail-dvelas.jpg",800,800,false],"blog-large":["https:\/\/dvelas.com\/wp-content\/uploads\/2023\/08\/canopy-sail-dvelas.jpg",272,272,false],"blog-medium":["https:\/\/dvelas.com\/wp-content\/uploads\/2023\/08\/canopy-sail-dvelas.jpg",202,202,false],"recent-posts":["https:\/\/dvelas.com\/wp-content\/uploads\/2023\/08\/canopy-sail-dvelas.jpg",441,441,false],"recent-works-thumbnail":["https:\/\/dvelas.com\/wp-content\/uploads\/2023\/08\/canopy-sail-dvelas.jpg",66,66,false],"fusion-200":["https:\/\/dvelas.com\/wp-content\/uploads\/2023\/08\/canopy-sail-dvelas.jpg",200,200,false],"fusion-400":["https:\/\/dvelas.com\/wp-content\/uploads\/2023\/08\/canopy-sail-dvelas.jpg",400,400,false],"fusion-600":["https:\/\/dvelas.com\/wp-content\/uploads\/2023\/08\/canopy-sail-dvelas.jpg",600,600,false],"fusion-800":["https:\/\/dvelas.com\/wp-content\/uploads\/2023\/08\/canopy-sail-dvelas.jpg",800,800,false],"fusion-1200":["https:\/\/dvelas.com\/wp-content\/uploads\/2023\/08\/canopy-sail-dvelas.jpg",800,800,false],"portfolio-full":["https:\/\/dvelas.com\/wp-content\/uploads\/2023\/08\/canopy-sail-dvelas.jpg",400,400,false],"portfolio-one":["https:\/\/dvelas.com\/wp-content\/uploads\/2023\/08\/canopy-sail-dvelas.jpg",272,272,false],"portfolio-two":["https:\/\/dvelas.com\/wp-content\/uploads\/2023\/08\/canopy-sail-dvelas.jpg",295,295,false],"portfolio-three":["https:\/\/dvelas.com\/wp-content\/uploads\/2023\/08\/canopy-sail-dvelas.jpg",214,214,false],"portfolio-five":["https:\/\/dvelas.com\/wp-content\/uploads\/2023\/08\/canopy-sail-dvelas.jpg",142,142,false]},"uagb_author_info":{"display_name":"Dvelas","author_link":"https:\/\/dvelas.com\/es\/author\/dvelas_usr\/"},"uagb_comment_info":0,"uagb_excerpt":"Vela sombra tensada de dise\u00f1o minimal y elegante que incluye un m\u00e1til de alumnio como punto de sujeci\u00f3n para terraza particular. El sistema de sujeci\u00f3n de la vela al m\u00e1stil utilizado es el de la desmultiplicaci\u00f3n, que permite multiplicar por tres la fuerza realizada al tirar del cabo. Este sistema se compone de una polea&hellip;","_links":{"self":[{"href":"https:\/\/dvelas.com\/es\/wp-json\/wp\/v2\/avada_portfolio\/11878","targetHints":{"allow":["GET"]}}],"collection":[{"href":"https:\/\/dvelas.com\/es\/wp-json\/wp\/v2\/avada_portfolio"}],"about":[{"href":"https:\/\/dvelas.com\/es\/wp-json\/wp\/v2\/types\/avada_portfolio"}],"author":[{"embeddable":true,"href":"https:\/\/dvelas.com\/es\/wp-json\/wp\/v2\/users\/7"}],"replies":[{"embeddable":true,"href":"https:\/\/dvelas.com\/es\/wp-json\/wp\/v2\/comments?post=11878"}],"version-history":[{"count":9,"href":"https:\/\/dvelas.com\/es\/wp-json\/wp\/v2\/avada_portfolio\/11878\/revisions"}],"predecessor-version":[{"id":12262,"href":"https:\/\/dvelas.com\/es\/wp-json\/wp\/v2\/avada_portfolio\/11878\/revisions\/12262"}],"wp:featuredmedia":[{"embeddable":true,"href":"https:\/\/dvelas.com\/es\/wp-json\/wp\/v2\/media\/11865"}],"wp:attachment":[{"href":"https:\/\/dvelas.com\/es\/wp-json\/wp\/v2\/media?parent=11878"}],"wp:term":[{"taxonomy":"portfolio_category","embeddable":true,"href":"https:\/\/dvelas.com\/es\/wp-json\/wp\/v2\/portfolio_category?post=11878"},{"taxonomy":"portfolio_skills","embeddable":true,"href":"https:\/\/dvelas.com\/es\/wp-json\/wp\/v2\/portfolio_skills?post=11878"},{"taxonomy":"portfolio_tags","embeddable":true,"href":"https:\/\/dvelas.com\/es\/wp-json\/wp\/v2\/portfolio_tags?post=11878"}],"curies":[{"name":"wp","href":"https:\/\/api.w.org\/{rel}","templated":true}]}}