{"id":12167,"date":"2024-03-14T15:12:45","date_gmt":"2024-03-14T15:12:45","guid":{"rendered":"https:\/\/dvelas.com\/products\/batacas-tack-para-un-hotel-de-lujo-en-portugal\/"},"modified":"2024-04-18T14:23:49","modified_gmt":"2024-04-18T14:23:49","slug":"hotel-boutique-aethos-ericeira","status":"publish","type":"avada_portfolio","link":"https:\/\/dvelas.com\/es\/products\/hotel-boutique-aethos-ericeira\/","title":{"rendered":"Hotel boutique Aethos Ericeira"},"content":{"rendered":"<p>Butacas <a href=\"https:\/\/dvelas.com\/es\/products\/butaca-tack\/\" target=\"_blank\" rel=\"noopener\">TACK<\/a> de vela recuperada en Aethos Ericeira. Este hotel boutique est\u00e1 situado cerca de la playa de Calada, en Ericeira, un destino tur\u00edstico al borde de un acantilado con vistas al Oc\u00e9ano Atl\u00e1ntico. Un proyecto de rehabilitaci\u00f3n de <a href=\"https:\/\/www.pedrasilva.com\/\" target=\"_blank\" rel=\"noopener\">Pedra Silva Arquitectos<\/a> en colaboraci\u00f3n con <a href=\"https:\/\/astetstudio.com\/landing\/\" target=\"_blank\" rel=\"noopener\">Astet Studio<\/a>.<\/p>\n<p>&nbsp;<\/p>\n<p><img fetchpriority=\"high\" decoding=\"async\" class=\"alignnone size-full wp-image-12159\" src=\"https:\/\/dvelas.com\/wp-content\/uploads\/2024\/03\/aethos_ericeira_02.jpg\" alt=\"\" width=\"800\" height=\"800\" srcset=\"https:\/\/dvelas.com\/wp-content\/uploads\/2024\/03\/aethos_ericeira_02-66x66.jpg 66w, https:\/\/dvelas.com\/wp-content\/uploads\/2024\/03\/aethos_ericeira_02-150x150.jpg 150w, https:\/\/dvelas.com\/wp-content\/uploads\/2024\/03\/aethos_ericeira_02-200x200.jpg 200w, https:\/\/dvelas.com\/wp-content\/uploads\/2024\/03\/aethos_ericeira_02-300x300.jpg 300w, https:\/\/dvelas.com\/wp-content\/uploads\/2024\/03\/aethos_ericeira_02-400x400.jpg 400w, https:\/\/dvelas.com\/wp-content\/uploads\/2024\/03\/aethos_ericeira_02-600x600.jpg 600w, https:\/\/dvelas.com\/wp-content\/uploads\/2024\/03\/aethos_ericeira_02-768x768.jpg 768w, https:\/\/dvelas.com\/wp-content\/uploads\/2024\/03\/aethos_ericeira_02.jpg 800w\" sizes=\"(max-width: 800px) 100vw, 800px\" \/><\/p>\n<p>Con 50 habitaciones y suites cuidadosamente dise\u00f1adas, el hotel te sumerge en una experiencia de bienestar y comunidad.<\/p>\n<p>Gran parte del alma de este lugar reside en su arquitectura e interiorismo.<\/p>\n<p><img decoding=\"async\" class=\"alignnone size-full wp-image-12161\" src=\"https:\/\/dvelas.com\/wp-content\/uploads\/2024\/03\/aethos_ericeira_03.jpg\" alt=\"\" width=\"800\" height=\"800\" srcset=\"https:\/\/dvelas.com\/wp-content\/uploads\/2024\/03\/aethos_ericeira_03-66x66.jpg 66w, https:\/\/dvelas.com\/wp-content\/uploads\/2024\/03\/aethos_ericeira_03-150x150.jpg 150w, https:\/\/dvelas.com\/wp-content\/uploads\/2024\/03\/aethos_ericeira_03-200x200.jpg 200w, https:\/\/dvelas.com\/wp-content\/uploads\/2024\/03\/aethos_ericeira_03-300x300.jpg 300w, https:\/\/dvelas.com\/wp-content\/uploads\/2024\/03\/aethos_ericeira_03-400x400.jpg 400w, https:\/\/dvelas.com\/wp-content\/uploads\/2024\/03\/aethos_ericeira_03-600x600.jpg 600w, https:\/\/dvelas.com\/wp-content\/uploads\/2024\/03\/aethos_ericeira_03-768x768.jpg 768w, https:\/\/dvelas.com\/wp-content\/uploads\/2024\/03\/aethos_ericeira_03.jpg 800w\" sizes=\"(max-width: 800px) 100vw, 800px\" \/><\/p>\n<p>El concepto de este hotel se basa en la idea de crear un hotel sofisticado y casual, ligado al surf por su ubicaci\u00f3n privilegiada y con la mirada siempre centrada en el oc\u00e9ano.<\/p>\n<p>Se profundiz\u00f3 en las texturas del entorno natural y en la diversidad del paisaje. En ese sentido, nuestros <a href=\"https:\/\/dvelas.com\/es\/mobiliario-de-exterior\/\" target=\"_blank\" rel=\"noopener\">muebles<\/a> combinan a la perfecci\u00f3n por su origen marino, sus tonos naturales entre el blanco y el beige.<\/p>\n<p><img decoding=\"async\" class=\"alignnone size-full wp-image-12163\" src=\"https:\/\/dvelas.com\/wp-content\/uploads\/2024\/03\/aethos_ericeira_33.jpg\" alt=\"\" width=\"800\" height=\"800\" srcset=\"https:\/\/dvelas.com\/wp-content\/uploads\/2024\/03\/aethos_ericeira_33-66x66.jpg 66w, https:\/\/dvelas.com\/wp-content\/uploads\/2024\/03\/aethos_ericeira_33-150x150.jpg 150w, https:\/\/dvelas.com\/wp-content\/uploads\/2024\/03\/aethos_ericeira_33-200x200.jpg 200w, https:\/\/dvelas.com\/wp-content\/uploads\/2024\/03\/aethos_ericeira_33-300x300.jpg 300w, https:\/\/dvelas.com\/wp-content\/uploads\/2024\/03\/aethos_ericeira_33-400x400.jpg 400w, https:\/\/dvelas.com\/wp-content\/uploads\/2024\/03\/aethos_ericeira_33-600x600.jpg 600w, https:\/\/dvelas.com\/wp-content\/uploads\/2024\/03\/aethos_ericeira_33-768x768.jpg 768w, https:\/\/dvelas.com\/wp-content\/uploads\/2024\/03\/aethos_ericeira_33.jpg 800w\" sizes=\"(max-width: 800px) 100vw, 800px\" \/><\/p>\n<p>&nbsp;<\/p>\n","protected":false},"excerpt":{"rendered":"<p>Butacas TACK de vela recuperada en Aethos Ericeira. Este hotel boutique est\u00e1 situado cerca de la playa de Calada, un destino tur\u00edstico al borde de un acantilado con vistas al Oc\u00e9ano Atl\u00e1ntico. Un proyecto de rehabilitaci\u00f3n de Pedra Silva Arquitectos en colaboraci\u00f3n con Astet Studio.<\/p>\n","protected":false},"author":7,"featured_media":12158,"menu_order":0,"comment_status":"open","ping_status":"closed","template":"","format":"standard","meta":{"content-type":"","_uag_custom_page_level_css":"","footnotes":""},"portfolio_category":[131],"portfolio_skills":[],"portfolio_tags":[303,301,307,299,300,302,155],"class_list":["post-12167","avada_portfolio","type-avada_portfolio","status-publish","format-standard","has-post-thumbnail","hentry","portfolio_category-proyectos","portfolio_tags-butaca","portfolio_tags-costa","portfolio_tags-economiacircular","portfolio_tags-hotel-es","portfolio_tags-lujo","portfolio_tags-surf-es","portfolio_tags-sustainable-es"],"yoast_head":"<!-- This site is optimized with the Yoast SEO plugin v27.5 - https:\/\/yoast.com\/product\/yoast-seo-wordpress\/ -->\n<title>Hotel boutique Aethos Ericeira - DVELAS<\/title>\n<meta name=\"description\" content=\"Butacas TACK de vela recuperada en Aethos Ericeira. Este hotel boutique est\u00e1 situado cerca de la playa de Calada, en Ericeira, un destino tur\u00edstico al borde de un acantilado con vistas al Oc\u00e9ano Atl\u00e1ntico. Un proyecto de rehabilitaci\u00f3n de Pedra Silva Arquitectos en colaboraci\u00f3n con Astet Studio.\" \/>\n<meta name=\"robots\" content=\"index, follow, max-snippet:-1, max-image-preview:large, max-video-preview:-1\" \/>\n<link rel=\"canonical\" href=\"https:\/\/dvelas.com\/es\/products\/hotel-boutique-aethos-ericeira\/\" \/>\n<meta property=\"og:locale\" content=\"es_ES\" \/>\n<meta property=\"og:type\" content=\"article\" \/>\n<meta property=\"og:title\" content=\"Hotel boutique Aethos Ericeira - DVELAS\" \/>\n<meta property=\"og:description\" content=\"Butacas TACK de vela recuperada en Aethos Ericeira. Este hotel boutique est\u00e1 situado cerca de la playa de Calada, en Ericeira, un destino tur\u00edstico al borde de un acantilado con vistas al Oc\u00e9ano Atl\u00e1ntico. Un proyecto de rehabilitaci\u00f3n de Pedra Silva Arquitectos en colaboraci\u00f3n con Astet Studio.\" \/>\n<meta property=\"og:url\" content=\"https:\/\/dvelas.com\/es\/products\/hotel-boutique-aethos-ericeira\/\" \/>\n<meta property=\"og:site_name\" content=\"DVELAS\" \/>\n<meta property=\"article:publisher\" content=\"https:\/\/www.facebook.com\/dvelasdesign\/\" \/>\n<meta property=\"article:modified_time\" content=\"2024-04-18T14:23:49+00:00\" \/>\n<meta property=\"og:image\" content=\"https:\/\/dvelas.com\/wp-content\/uploads\/2024\/03\/aethos_ericeira_01-1.jpg\" \/>\n\t<meta property=\"og:image:width\" content=\"800\" \/>\n\t<meta property=\"og:image:height\" content=\"800\" \/>\n\t<meta property=\"og:image:type\" content=\"image\/jpeg\" \/>\n<meta name=\"twitter:card\" content=\"summary_large_image\" \/>\n<meta name=\"twitter:site\" content=\"@dvelasdesign\" \/>\n<meta name=\"twitter:label1\" content=\"Tiempo de lectura\" \/>\n\t<meta name=\"twitter:data1\" content=\"1 minuto\" \/>\n<script type=\"application\/ld+json\" class=\"yoast-schema-graph\">{\"@context\":\"https:\\\/\\\/schema.org\",\"@graph\":[{\"@type\":\"WebPage\",\"@id\":\"https:\\\/\\\/dvelas.com\\\/es\\\/products\\\/hotel-boutique-aethos-ericeira\\\/\",\"url\":\"https:\\\/\\\/dvelas.com\\\/es\\\/products\\\/hotel-boutique-aethos-ericeira\\\/\",\"name\":\"Hotel boutique Aethos Ericeira - DVELAS\",\"isPartOf\":{\"@id\":\"https:\\\/\\\/dvelas.com\\\/#website\"},\"primaryImageOfPage\":{\"@id\":\"https:\\\/\\\/dvelas.com\\\/es\\\/products\\\/hotel-boutique-aethos-ericeira\\\/#primaryimage\"},\"image\":{\"@id\":\"https:\\\/\\\/dvelas.com\\\/es\\\/products\\\/hotel-boutique-aethos-ericeira\\\/#primaryimage\"},\"thumbnailUrl\":\"https:\\\/\\\/dvelas.com\\\/wp-content\\\/uploads\\\/2024\\\/03\\\/aethos_ericeira_01-1.jpg\",\"datePublished\":\"2024-03-14T15:12:45+00:00\",\"dateModified\":\"2024-04-18T14:23:49+00:00\",\"description\":\"Butacas TACK de vela recuperada en Aethos Ericeira. Este hotel boutique est\u00e1 situado cerca de la playa de Calada, en Ericeira, un destino tur\u00edstico al borde de un acantilado con vistas al Oc\u00e9ano Atl\u00e1ntico. Un proyecto de rehabilitaci\u00f3n de Pedra Silva Arquitectos en colaboraci\u00f3n con Astet Studio.\",\"breadcrumb\":{\"@id\":\"https:\\\/\\\/dvelas.com\\\/es\\\/products\\\/hotel-boutique-aethos-ericeira\\\/#breadcrumb\"},\"inLanguage\":\"es\",\"potentialAction\":[{\"@type\":\"ReadAction\",\"target\":[\"https:\\\/\\\/dvelas.com\\\/es\\\/products\\\/hotel-boutique-aethos-ericeira\\\/\"]}]},{\"@type\":\"ImageObject\",\"inLanguage\":\"es\",\"@id\":\"https:\\\/\\\/dvelas.com\\\/es\\\/products\\\/hotel-boutique-aethos-ericeira\\\/#primaryimage\",\"url\":\"https:\\\/\\\/dvelas.com\\\/wp-content\\\/uploads\\\/2024\\\/03\\\/aethos_ericeira_01-1.jpg\",\"contentUrl\":\"https:\\\/\\\/dvelas.com\\\/wp-content\\\/uploads\\\/2024\\\/03\\\/aethos_ericeira_01-1.jpg\",\"width\":800,\"height\":800},{\"@type\":\"BreadcrumbList\",\"@id\":\"https:\\\/\\\/dvelas.com\\\/es\\\/products\\\/hotel-boutique-aethos-ericeira\\\/#breadcrumb\",\"itemListElement\":[{\"@type\":\"ListItem\",\"position\":1,\"name\":\"Home\",\"item\":\"https:\\\/\\\/dvelas.com\\\/es\\\/\"},{\"@type\":\"ListItem\",\"position\":2,\"name\":\"Portfolio\",\"item\":\"https:\\\/\\\/dvelas.com\\\/es\\\/products\\\/\"},{\"@type\":\"ListItem\",\"position\":3,\"name\":\"Hotel boutique Aethos Ericeira\"}]},{\"@type\":\"WebSite\",\"@id\":\"https:\\\/\\\/dvelas.com\\\/#website\",\"url\":\"https:\\\/\\\/dvelas.com\\\/\",\"name\":\"DVELAS\",\"description\":\"Muebles de exterior y velas de sombra para uso dom\u00e9stico y comercial. Dise\u00f1os para un mundo sostenible. Compromiso de econom\u00eda circular.\",\"publisher\":{\"@id\":\"https:\\\/\\\/dvelas.com\\\/#organization\"},\"potentialAction\":[{\"@type\":\"SearchAction\",\"target\":{\"@type\":\"EntryPoint\",\"urlTemplate\":\"https:\\\/\\\/dvelas.com\\\/?s={search_term_string}\"},\"query-input\":{\"@type\":\"PropertyValueSpecification\",\"valueRequired\":true,\"valueName\":\"search_term_string\"}}],\"inLanguage\":\"es\"},{\"@type\":\"Organization\",\"@id\":\"https:\\\/\\\/dvelas.com\\\/#organization\",\"name\":\"Dvelas Sustainable Design\",\"url\":\"https:\\\/\\\/dvelas.com\\\/\",\"logo\":{\"@type\":\"ImageObject\",\"inLanguage\":\"es\",\"@id\":\"https:\\\/\\\/dvelas.com\\\/#\\\/schema\\\/logo\\\/image\\\/\",\"url\":\"https:\\\/\\\/dvelas.com\\\/wp-content\\\/uploads\\\/2020\\\/05\\\/design-outdoor-furniture-310.png\",\"contentUrl\":\"https:\\\/\\\/dvelas.com\\\/wp-content\\\/uploads\\\/2020\\\/05\\\/design-outdoor-furniture-310.png\",\"width\":310,\"height\":130,\"caption\":\"Dvelas Sustainable Design\"},\"image\":{\"@id\":\"https:\\\/\\\/dvelas.com\\\/#\\\/schema\\\/logo\\\/image\\\/\"},\"sameAs\":[\"https:\\\/\\\/www.facebook.com\\\/dvelasdesign\\\/\",\"https:\\\/\\\/x.com\\\/dvelasdesign\",\"https:\\\/\\\/www.instagram.com\\\/dvelas\\\/\",\"https:\\\/\\\/www.linkedin.com\\\/company\\\/dvelas\\\/\",\"https:\\\/\\\/www.pinterest.com\\\/dvelasdesign\\\/\",\"https:\\\/\\\/www.youtube.com\\\/c\\\/DvelasDesign\\\/featured\"]}]}<\/script>\n<!-- \/ Yoast SEO plugin. -->","yoast_head_json":{"title":"Hotel boutique Aethos Ericeira - DVELAS","description":"Butacas TACK de vela recuperada en Aethos Ericeira. Este hotel boutique est\u00e1 situado cerca de la playa de Calada, en Ericeira, un destino tur\u00edstico al borde de un acantilado con vistas al Oc\u00e9ano Atl\u00e1ntico. Un proyecto de rehabilitaci\u00f3n de Pedra Silva Arquitectos en colaboraci\u00f3n con Astet Studio.","robots":{"index":"index","follow":"follow","max-snippet":"max-snippet:-1","max-image-preview":"max-image-preview:large","max-video-preview":"max-video-preview:-1"},"canonical":"https:\/\/dvelas.com\/es\/products\/hotel-boutique-aethos-ericeira\/","og_locale":"es_ES","og_type":"article","og_title":"Hotel boutique Aethos Ericeira - DVELAS","og_description":"Butacas TACK de vela recuperada en Aethos Ericeira. Este hotel boutique est\u00e1 situado cerca de la playa de Calada, en Ericeira, un destino tur\u00edstico al borde de un acantilado con vistas al Oc\u00e9ano Atl\u00e1ntico. Un proyecto de rehabilitaci\u00f3n de Pedra Silva Arquitectos en colaboraci\u00f3n con Astet Studio.","og_url":"https:\/\/dvelas.com\/es\/products\/hotel-boutique-aethos-ericeira\/","og_site_name":"DVELAS","article_publisher":"https:\/\/www.facebook.com\/dvelasdesign\/","article_modified_time":"2024-04-18T14:23:49+00:00","og_image":[{"width":800,"height":800,"url":"https:\/\/dvelas.com\/wp-content\/uploads\/2024\/03\/aethos_ericeira_01-1.jpg","type":"image\/jpeg"}],"twitter_card":"summary_large_image","twitter_site":"@dvelasdesign","twitter_misc":{"Tiempo de lectura":"1 minuto"},"schema":{"@context":"https:\/\/schema.org","@graph":[{"@type":"WebPage","@id":"https:\/\/dvelas.com\/es\/products\/hotel-boutique-aethos-ericeira\/","url":"https:\/\/dvelas.com\/es\/products\/hotel-boutique-aethos-ericeira\/","name":"Hotel boutique Aethos Ericeira - DVELAS","isPartOf":{"@id":"https:\/\/dvelas.com\/#website"},"primaryImageOfPage":{"@id":"https:\/\/dvelas.com\/es\/products\/hotel-boutique-aethos-ericeira\/#primaryimage"},"image":{"@id":"https:\/\/dvelas.com\/es\/products\/hotel-boutique-aethos-ericeira\/#primaryimage"},"thumbnailUrl":"https:\/\/dvelas.com\/wp-content\/uploads\/2024\/03\/aethos_ericeira_01-1.jpg","datePublished":"2024-03-14T15:12:45+00:00","dateModified":"2024-04-18T14:23:49+00:00","description":"Butacas TACK de vela recuperada en Aethos Ericeira. Este hotel boutique est\u00e1 situado cerca de la playa de Calada, en Ericeira, un destino tur\u00edstico al borde de un acantilado con vistas al Oc\u00e9ano Atl\u00e1ntico. Un proyecto de rehabilitaci\u00f3n de Pedra Silva Arquitectos en colaboraci\u00f3n con Astet Studio.","breadcrumb":{"@id":"https:\/\/dvelas.com\/es\/products\/hotel-boutique-aethos-ericeira\/#breadcrumb"},"inLanguage":"es","potentialAction":[{"@type":"ReadAction","target":["https:\/\/dvelas.com\/es\/products\/hotel-boutique-aethos-ericeira\/"]}]},{"@type":"ImageObject","inLanguage":"es","@id":"https:\/\/dvelas.com\/es\/products\/hotel-boutique-aethos-ericeira\/#primaryimage","url":"https:\/\/dvelas.com\/wp-content\/uploads\/2024\/03\/aethos_ericeira_01-1.jpg","contentUrl":"https:\/\/dvelas.com\/wp-content\/uploads\/2024\/03\/aethos_ericeira_01-1.jpg","width":800,"height":800},{"@type":"BreadcrumbList","@id":"https:\/\/dvelas.com\/es\/products\/hotel-boutique-aethos-ericeira\/#breadcrumb","itemListElement":[{"@type":"ListItem","position":1,"name":"Home","item":"https:\/\/dvelas.com\/es\/"},{"@type":"ListItem","position":2,"name":"Portfolio","item":"https:\/\/dvelas.com\/es\/products\/"},{"@type":"ListItem","position":3,"name":"Hotel boutique Aethos Ericeira"}]},{"@type":"WebSite","@id":"https:\/\/dvelas.com\/#website","url":"https:\/\/dvelas.com\/","name":"DVELAS","description":"Muebles de exterior y velas de sombra para uso dom\u00e9stico y comercial. Dise\u00f1os para un mundo sostenible. Compromiso de econom\u00eda circular.","publisher":{"@id":"https:\/\/dvelas.com\/#organization"},"potentialAction":[{"@type":"SearchAction","target":{"@type":"EntryPoint","urlTemplate":"https:\/\/dvelas.com\/?s={search_term_string}"},"query-input":{"@type":"PropertyValueSpecification","valueRequired":true,"valueName":"search_term_string"}}],"inLanguage":"es"},{"@type":"Organization","@id":"https:\/\/dvelas.com\/#organization","name":"Dvelas Sustainable Design","url":"https:\/\/dvelas.com\/","logo":{"@type":"ImageObject","inLanguage":"es","@id":"https:\/\/dvelas.com\/#\/schema\/logo\/image\/","url":"https:\/\/dvelas.com\/wp-content\/uploads\/2020\/05\/design-outdoor-furniture-310.png","contentUrl":"https:\/\/dvelas.com\/wp-content\/uploads\/2020\/05\/design-outdoor-furniture-310.png","width":310,"height":130,"caption":"Dvelas Sustainable Design"},"image":{"@id":"https:\/\/dvelas.com\/#\/schema\/logo\/image\/"},"sameAs":["https:\/\/www.facebook.com\/dvelasdesign\/","https:\/\/x.com\/dvelasdesign","https:\/\/www.instagram.com\/dvelas\/","https:\/\/www.linkedin.com\/company\/dvelas\/","https:\/\/www.pinterest.com\/dvelasdesign\/","https:\/\/www.youtube.com\/c\/DvelasDesign\/featured"]}]}},"uagb_featured_image_src":{"full":["https:\/\/dvelas.com\/wp-content\/uploads\/2024\/03\/aethos_ericeira_01-1.jpg",800,800,false],"thumbnail":["https:\/\/dvelas.com\/wp-content\/uploads\/2024\/03\/aethos_ericeira_01-1.jpg",150,150,false],"medium":["https:\/\/dvelas.com\/wp-content\/uploads\/2024\/03\/aethos_ericeira_01-1.jpg",300,300,false],"medium_large":["https:\/\/dvelas.com\/wp-content\/uploads\/2024\/03\/aethos_ericeira_01-1.jpg",768,768,false],"large":["https:\/\/dvelas.com\/wp-content\/uploads\/2024\/03\/aethos_ericeira_01-1.jpg",800,800,false],"1536x1536":["https:\/\/dvelas.com\/wp-content\/uploads\/2024\/03\/aethos_ericeira_01-1.jpg",800,800,false],"2048x2048":["https:\/\/dvelas.com\/wp-content\/uploads\/2024\/03\/aethos_ericeira_01-1.jpg",800,800,false],"blog-large":["https:\/\/dvelas.com\/wp-content\/uploads\/2024\/03\/aethos_ericeira_01-1.jpg",272,272,false],"blog-medium":["https:\/\/dvelas.com\/wp-content\/uploads\/2024\/03\/aethos_ericeira_01-1.jpg",202,202,false],"recent-posts":["https:\/\/dvelas.com\/wp-content\/uploads\/2024\/03\/aethos_ericeira_01-1.jpg",441,441,false],"recent-works-thumbnail":["https:\/\/dvelas.com\/wp-content\/uploads\/2024\/03\/aethos_ericeira_01-1.jpg",66,66,false],"fusion-200":["https:\/\/dvelas.com\/wp-content\/uploads\/2024\/03\/aethos_ericeira_01-1.jpg",200,200,false],"fusion-400":["https:\/\/dvelas.com\/wp-content\/uploads\/2024\/03\/aethos_ericeira_01-1.jpg",400,400,false],"fusion-600":["https:\/\/dvelas.com\/wp-content\/uploads\/2024\/03\/aethos_ericeira_01-1.jpg",600,600,false],"fusion-800":["https:\/\/dvelas.com\/wp-content\/uploads\/2024\/03\/aethos_ericeira_01-1.jpg",800,800,false],"fusion-1200":["https:\/\/dvelas.com\/wp-content\/uploads\/2024\/03\/aethos_ericeira_01-1.jpg",800,800,false],"portfolio-full":["https:\/\/dvelas.com\/wp-content\/uploads\/2024\/03\/aethos_ericeira_01-1.jpg",400,400,false],"portfolio-one":["https:\/\/dvelas.com\/wp-content\/uploads\/2024\/03\/aethos_ericeira_01-1.jpg",272,272,false],"portfolio-two":["https:\/\/dvelas.com\/wp-content\/uploads\/2024\/03\/aethos_ericeira_01-1.jpg",295,295,false],"portfolio-three":["https:\/\/dvelas.com\/wp-content\/uploads\/2024\/03\/aethos_ericeira_01-1.jpg",214,214,false],"portfolio-five":["https:\/\/dvelas.com\/wp-content\/uploads\/2024\/03\/aethos_ericeira_01-1.jpg",142,142,false]},"uagb_author_info":{"display_name":"Dvelas","author_link":"https:\/\/dvelas.com\/es\/author\/dvelas_usr\/"},"uagb_comment_info":0,"uagb_excerpt":"Butacas TACK de vela recuperada en Aethos Ericeira. Este hotel boutique est\u00e1 situado cerca de la playa de Calada, un destino tur\u00edstico al borde de un acantilado con vistas al Oc\u00e9ano Atl\u00e1ntico. Un proyecto de rehabilitaci\u00f3n de Pedra Silva Arquitectos en colaboraci\u00f3n con Astet Studio.","_links":{"self":[{"href":"https:\/\/dvelas.com\/es\/wp-json\/wp\/v2\/avada_portfolio\/12167","targetHints":{"allow":["GET"]}}],"collection":[{"href":"https:\/\/dvelas.com\/es\/wp-json\/wp\/v2\/avada_portfolio"}],"about":[{"href":"https:\/\/dvelas.com\/es\/wp-json\/wp\/v2\/types\/avada_portfolio"}],"author":[{"embeddable":true,"href":"https:\/\/dvelas.com\/es\/wp-json\/wp\/v2\/users\/7"}],"replies":[{"embeddable":true,"href":"https:\/\/dvelas.com\/es\/wp-json\/wp\/v2\/comments?post=12167"}],"version-history":[{"count":13,"href":"https:\/\/dvelas.com\/es\/wp-json\/wp\/v2\/avada_portfolio\/12167\/revisions"}],"predecessor-version":[{"id":12222,"href":"https:\/\/dvelas.com\/es\/wp-json\/wp\/v2\/avada_portfolio\/12167\/revisions\/12222"}],"wp:featuredmedia":[{"embeddable":true,"href":"https:\/\/dvelas.com\/es\/wp-json\/wp\/v2\/media\/12158"}],"wp:attachment":[{"href":"https:\/\/dvelas.com\/es\/wp-json\/wp\/v2\/media?parent=12167"}],"wp:term":[{"taxonomy":"portfolio_category","embeddable":true,"href":"https:\/\/dvelas.com\/es\/wp-json\/wp\/v2\/portfolio_category?post=12167"},{"taxonomy":"portfolio_skills","embeddable":true,"href":"https:\/\/dvelas.com\/es\/wp-json\/wp\/v2\/portfolio_skills?post=12167"},{"taxonomy":"portfolio_tags","embeddable":true,"href":"https:\/\/dvelas.com\/es\/wp-json\/wp\/v2\/portfolio_tags?post=12167"}],"curies":[{"name":"wp","href":"https:\/\/api.w.org\/{rel}","templated":true}]}}