{"id":7371,"date":"2020-05-29T05:20:12","date_gmt":"2020-05-29T05:20:12","guid":{"rendered":"https:\/\/dvelas.com\/products\/crew-terrace-chair\/"},"modified":"2024-10-11T11:05:49","modified_gmt":"2024-10-11T11:05:49","slug":"silla-pegable-de-diseno-crew","status":"publish","type":"avada_portfolio","link":"https:\/\/dvelas.com\/es\/products\/silla-pegable-de-diseno-crew\/","title":{"rendered":"Crew silla para terraza"},"content":{"rendered":"<p><div class=\"fusion-fullwidth fullwidth-box fusion-builder-row-1 nonhundred-percent-fullwidth non-hundred-percent-height-scrolling\" style=\"background-color: rgba(255,255,255,0);background-position: center center;background-repeat: no-repeat;padding-top:0px;padding-right:0px;padding-bottom:0px;padding-left:0px;margin-bottom: 0px;margin-top: 0px;border-width: 0px 0px 0px 0px;border-color:#eae9e9;border-style:solid;\" ><div class=\"fusion-builder-row fusion-row\"><div class=\"fusion-layout-column fusion_builder_column fusion-builder-column-0 fusion_builder_column_2_3 2_3 fusion-two-third fusion-column-first\" style=\"width:66.666666666667%;width:calc(66.666666666667% - ( ( 4% ) * 0.66666666666667 ) );margin-right: 4%;margin-top:0px;margin-bottom:0px;\"><div class=\"fusion-column-wrapper fusion-flex-column-wrapper-legacy\" style=\"background-position:left top;background-repeat:no-repeat;-webkit-background-size:cover;-moz-background-size:cover;-o-background-size:cover;background-size:cover;padding: 0px 0px 0px 0px;\"><div class=\"fusion-image-carousel fusion-image-carousel-auto fusion-image-carousel-1 fusion-carousel-border\"><div class=\"fusion-carousel\" data-autoplay=\"no\" data-columns=\"1\" data-itemmargin=\"5\" data-itemwidth=\"180\" data-touchscroll=\"no\" data-imagesize=\"auto\"><div class=\"fusion-carousel-positioner\"><ul class=\"fusion-carousel-holder\"><li class=\"fusion-carousel-item\"><div class=\"fusion-carousel-item-wrapper\"><div class=\"fusion-image-wrapper hover-type-none\"><img fetchpriority=\"high\" decoding=\"async\" width=\"800\" height=\"800\" src=\"https:\/\/dvelas.com\/wp-content\/uploads\/2020\/05\/folding-wood-and-sail-design-chair-dvelas.jpg\" class=\"attachment-full size-full\" alt=\"\" srcset=\"https:\/\/dvelas.com\/wp-content\/uploads\/2020\/05\/folding-wood-and-sail-design-chair-dvelas-66x66.jpg 66w, https:\/\/dvelas.com\/wp-content\/uploads\/2020\/05\/folding-wood-and-sail-design-chair-dvelas-100x100.jpg 100w, https:\/\/dvelas.com\/wp-content\/uploads\/2020\/05\/folding-wood-and-sail-design-chair-dvelas-150x150.jpg 150w, https:\/\/dvelas.com\/wp-content\/uploads\/2020\/05\/folding-wood-and-sail-design-chair-dvelas-200x200.jpg 200w, https:\/\/dvelas.com\/wp-content\/uploads\/2020\/05\/folding-wood-and-sail-design-chair-dvelas-300x300.jpg 300w, https:\/\/dvelas.com\/wp-content\/uploads\/2020\/05\/folding-wood-and-sail-design-chair-dvelas-400x400.jpg 400w, https:\/\/dvelas.com\/wp-content\/uploads\/2020\/05\/folding-wood-and-sail-design-chair-dvelas-500x500.jpg 500w, https:\/\/dvelas.com\/wp-content\/uploads\/2020\/05\/folding-wood-and-sail-design-chair-dvelas-600x600.jpg 600w, https:\/\/dvelas.com\/wp-content\/uploads\/2020\/05\/folding-wood-and-sail-design-chair-dvelas-700x700.jpg 700w, https:\/\/dvelas.com\/wp-content\/uploads\/2020\/05\/folding-wood-and-sail-design-chair-dvelas-768x768.jpg 768w, https:\/\/dvelas.com\/wp-content\/uploads\/2020\/05\/folding-wood-and-sail-design-chair-dvelas.jpg 800w\" sizes=\"(max-width: 800px) 100vw, 800px\" \/><\/div><\/div><\/li><li class=\"fusion-carousel-item\"><div class=\"fusion-carousel-item-wrapper\"><div class=\"fusion-image-wrapper hover-type-none\"><img decoding=\"async\" width=\"800\" height=\"800\" src=\"https:\/\/dvelas.com\/wp-content\/uploads\/2020\/05\/folding-chairs-terrace-dvelas.jpg\" class=\"attachment-full size-full\" alt=\"\" srcset=\"https:\/\/dvelas.com\/wp-content\/uploads\/2020\/05\/folding-chairs-terrace-dvelas-66x66.jpg 66w, https:\/\/dvelas.com\/wp-content\/uploads\/2020\/05\/folding-chairs-terrace-dvelas-100x100.jpg 100w, https:\/\/dvelas.com\/wp-content\/uploads\/2020\/05\/folding-chairs-terrace-dvelas-150x150.jpg 150w, https:\/\/dvelas.com\/wp-content\/uploads\/2020\/05\/folding-chairs-terrace-dvelas-200x200.jpg 200w, https:\/\/dvelas.com\/wp-content\/uploads\/2020\/05\/folding-chairs-terrace-dvelas-300x300.jpg 300w, https:\/\/dvelas.com\/wp-content\/uploads\/2020\/05\/folding-chairs-terrace-dvelas-400x400.jpg 400w, https:\/\/dvelas.com\/wp-content\/uploads\/2020\/05\/folding-chairs-terrace-dvelas-500x500.jpg 500w, https:\/\/dvelas.com\/wp-content\/uploads\/2020\/05\/folding-chairs-terrace-dvelas-600x600.jpg 600w, https:\/\/dvelas.com\/wp-content\/uploads\/2020\/05\/folding-chairs-terrace-dvelas-700x700.jpg 700w, https:\/\/dvelas.com\/wp-content\/uploads\/2020\/05\/folding-chairs-terrace-dvelas-768x768.jpg 768w, https:\/\/dvelas.com\/wp-content\/uploads\/2020\/05\/folding-chairs-terrace-dvelas.jpg 800w\" sizes=\"(max-width: 800px) 100vw, 800px\" \/><\/div><\/div><\/li><\/ul><div class=\"fusion-carousel-nav\"><span class=\"fusion-nav-prev\"><\/span><span class=\"fusion-nav-next\"><\/span><\/div><\/div><\/div><\/div><div class=\"fusion-clearfix\"><\/div><\/div><\/div><div class=\"fusion-layout-column fusion_builder_column fusion-builder-column-1 fusion_builder_column_1_3 1_3 fusion-one-third fusion-column-last\" style=\"width:33.333333333333%;width:calc(33.333333333333% - ( ( 4% ) * 0.33333333333333 ) );margin-top:0px;margin-bottom:0px;\"><div class=\"fusion-column-wrapper fusion-flex-column-wrapper-legacy\" style=\"background-position:left top;background-repeat:no-repeat;-webkit-background-size:cover;-moz-background-size:cover;-o-background-size:cover;background-size:cover;padding: 0px 0px 0px 0px;\"><div class=\"fusion-sep-clear\"><\/div><div class=\"fusion-separator fusion-full-width-sep\" style=\"margin-left: auto;margin-right: auto;margin-top:30px;width:100%;\"><\/div><div class=\"fusion-sep-clear\"><\/div><div class=\"fusion-text fusion-text-1\"><h3><span style=\"color: #009ee0;\">Silla CREW<br \/>\n<\/span><\/h3>\n<\/div><div class=\"fusion-text fusion-text-2\"><p>El t\u00e9rmino ingl\u00e9s \u201ccrew\u201d hace referencia al personal que trabaja en un barco.<\/p>\n<p><strong>Concepto<\/strong><br \/>\nSilla plegable apilable que consta de una estructura articulada de contrachapado laminado fen\u00f3lico de abedul y barras cil\u00edndricas de madera de sicomoro.<\/p>\n<p><strong>Material<\/strong><br \/>\nEstructura articulada de contrachapado laminado fen\u00f3lico de abedul y barras cil\u00edndricas de madera de sicomoro. Tratada con barniz al agua para exterior. Uniones de tornillos de acero inoxidable. Asiento fabricado en tejido procedente de vela recuperada.<\/p>\n<p><strong>Medidas (Plegable)<\/strong><br \/>\n50 x 54 x 82 cm \/\/ 19,6 x 25,2 x 32,3 in<\/p>\n<\/div><div class=\"fusion-sep-clear\"><\/div><div class=\"fusion-separator fusion-full-width-sep\" style=\"margin-left: auto;margin-right: auto;margin-top:30px;width:100%;\"><\/div><div class=\"fusion-sep-clear\"><\/div><div class=\"fusion-social-links fusion-social-links-1\"><div class=\"fusion-social-networks\"><div class=\"fusion-social-networks-wrapper\"><a class=\"fusion-social-network-icon fusion-tooltip fusion-facebook awb-icon-facebook\" style=\"color:#009ee0;font-size:16px;\" data-placement=\"top\" data-title=\"Facebook\" data-toggle=\"tooltip\" title=\"Facebook\" aria-label=\"facebook\" target=\"_blank\" rel=\"noopener noreferrer\" href=\"https:\/\/www.facebook.com\/dvelasdesign\/\"><\/a><a class=\"fusion-social-network-icon fusion-tooltip fusion-instagram awb-icon-instagram\" style=\"color:#009ee0;font-size:16px;\" data-placement=\"top\" data-title=\"Instagram\" data-toggle=\"tooltip\" title=\"Instagram\" aria-label=\"instagram\" target=\"_blank\" rel=\"noopener noreferrer\" href=\"https:\/\/www.instagram.com\/dvelas\/\"><\/a><a class=\"fusion-social-network-icon fusion-tooltip fusion-pinterest awb-icon-pinterest\" style=\"color:#009ee0;font-size:16px;\" data-placement=\"top\" data-title=\"Pinterest\" data-toggle=\"tooltip\" title=\"Pinterest\" aria-label=\"pinterest\" target=\"_blank\" rel=\"noopener noreferrer\" href=\"https:\/\/www.pinterest.com\/dvelasdesign\/\"><\/a><a class=\"fusion-social-network-icon fusion-tooltip fusion-twitter awb-icon-twitter\" style=\"color:#009ee0;font-size:16px;\" data-placement=\"top\" data-title=\"Twitter\" data-toggle=\"tooltip\" title=\"Twitter\" aria-label=\"twitter\" target=\"_blank\" rel=\"noopener noreferrer\" href=\"https:\/\/twitter.com\/dvelasdesign\"><\/a><a class=\"fusion-social-network-icon fusion-tooltip fusion-tumblr awb-icon-tumblr\" style=\"color:#009ee0;font-size:16px;\" data-placement=\"top\" data-title=\"Tumblr\" data-toggle=\"tooltip\" title=\"Tumblr\" aria-label=\"tumblr\" target=\"_blank\" rel=\"noopener noreferrer\" href=\"https:\/\/dvelas.tumblr.com\/\"><\/a><a class=\"fusion-social-network-icon fusion-tooltip fusion-linkedin awb-icon-linkedin\" style=\"color:#009ee0;font-size:16px;\" data-placement=\"top\" data-title=\"LinkedIn\" data-toggle=\"tooltip\" title=\"LinkedIn\" aria-label=\"linkedin\" target=\"_blank\" rel=\"noopener noreferrer\" href=\"https:\/\/www.linkedin.com\/company\/dvelas\/\"><\/a><\/div><\/div><\/div><style type=\"text\/css\">.fusion-social-links-1 .boxed-icons .fusion-social-network-icon{border-top-width:0px !important;border-right-width:0px !important;border-bottom-width:0px !important;border-left-width:0px !important;border-color:var(--awb-color3) !important;}.fusion-social-links-1 .boxed-icons .fusion-social-network-icon:hover{background-color:rgba(232,232,232,0.8) !important;border-color:var(--awb-color4) !important;}.fusion-social-links-1 .fusion-social-network-icon:hover{color:rgba(190,189,189,0.8) !important;}.fusion-social-links-1{ margin-top : 0px;margin-right : 0px;margin-bottom : 0px;margin-left : 0px;}<\/style><div class=\"fusion-sep-clear\"><\/div><div class=\"fusion-separator fusion-full-width-sep\" style=\"margin-left: auto;margin-right: auto;margin-top:15px;margin-bottom:15px;width:100%;\"><\/div><div class=\"fusion-sep-clear\"><\/div><div class=\"fusion-builder-row fusion-builder-row-inner fusion-row\"><div class=\"fusion-layout-column fusion_builder_column_inner fusion-builder-nested-column-0 fusion_builder_column_inner_1_3 1_3 fusion-one-third fusion-column-first\" style=\"width:33.333333333333%;width:calc(33.333333333333% - ( ( 4% ) * 0.33333333333333 ) );margin-right: 4%;margin-top:0px;margin-bottom:0px;\"><div class=\"fusion-column-wrapper fusion-flex-column-wrapper-legacy\" style=\"background-position:left top;background-repeat:no-repeat;-webkit-background-size:cover;-moz-background-size:cover;-o-background-size:cover;background-size:cover;padding: 0px 0px 0px 0px;\"><div class=\"fusion-fa-align-center\"><a class=\"fb-icon-element-1 fb-icon-element fontawesome-icon fa-file-pdf far circle-yes fusion-link\" style=\"font-size:28.16px;line-height:54.32px;height:56.32px;width:56.32px;border-width:1px;border-radius:50% 50% 50% 50%;\" href=\"https:\/\/dvelas.com\/wp-content\/uploads\/2021\/05\/CREW-chair-silla-chaise.pdf\" aria-label=\"Link to https:\/\/dvelas.com\/wp-content\/uploads\/2021\/05\/CREW-chair-silla-chaise.pdf\" target=\"_self\"><\/a><\/div><style>a.fb-icon-element.fontawesome-icon.fb-icon-element-1{ color: #ffffff; background-color: #333333; border-color: #333333;}a.fb-icon-element.fontawesome-icon.fb-icon-element-1:hover { color: #ffffff; background-color: #333333; border-color: #333333;}<\/style><div class=\"fusion-clearfix\"><\/div><\/div><\/div><div class=\"fusion-layout-column fusion_builder_column_inner fusion-builder-nested-column-1 fusion_builder_column_inner_2_3 2_3 fusion-two-third fusion-column-last\" style=\"width:66.666666666667%;width:calc(66.666666666667% - ( ( 4% ) * 0.66666666666667 ) );margin-top:0px;margin-bottom:0px;\"><div class=\"fusion-column-wrapper fusion-flex-column-wrapper-legacy\" style=\"background-position:left top;background-repeat:no-repeat;-webkit-background-size:cover;-moz-background-size:cover;-o-background-size:cover;background-size:cover;padding: 0px 0px 0px 0px;\"><div class=\"fusion-sep-clear\"><\/div><div class=\"fusion-separator fusion-full-width-sep\" style=\"margin-left: auto;margin-right: auto;margin-top:10px;width:100%;\"><\/div><div class=\"fusion-sep-clear\"><\/div><div class=\"fusion-text fusion-text-3\"><p><a href=\"https:\/\/dvelas.com\/wp-content\/uploads\/2020\/11\/Crew-chair-silla.pdf\"><strong>Download Technical Data<\/strong><\/a><\/p>\n<\/div><div class=\"fusion-clearfix\"><\/div><\/div><\/div><\/div><div class=\"fusion-clearfix\"><\/div><\/div><\/div><\/div><\/div><div class=\"fusion-fullwidth fullwidth-box fusion-builder-row-2 hundred-percent-fullwidth non-hundred-percent-height-scrolling\" style=\"background-color: #ebf6fc;background-position: center center;background-repeat: no-repeat;padding-top:0px;padding-right:0px;padding-bottom:0px;padding-left:0px;margin-bottom: 0px;margin-top: 0px;border-width: 0px 0px 0px 0px;border-color:#eae9e9;border-style:solid;\" ><div class=\"fusion-builder-row fusion-row\"><div class=\"fusion-layout-column fusion_builder_column fusion-builder-column-2 fusion_builder_column_1_1 1_1 fusion-one-full fusion-column-first fusion-column-last\" style=\"margin-top:0px;margin-bottom:0px;\"><div class=\"fusion-column-wrapper fusion-flex-column-wrapper-legacy\" style=\"background-position:left top;background-repeat:no-repeat;-webkit-background-size:cover;-moz-background-size:cover;-o-background-size:cover;background-size:cover;padding: 25px 40px 0px 40px;\"><div class=\"fusion-text fusion-text-4\"><h3>Ambient images<\/h3>\n<\/div><div class=\"fusion-image-carousel fusion-image-carousel-auto fusion-image-carousel-2 lightbox-enabled fusion-carousel-border\"><div class=\"fusion-carousel\" data-autoplay=\"no\" data-columns=\"3\" data-itemmargin=\"5\" data-itemwidth=\"180\" data-touchscroll=\"no\" data-imagesize=\"auto\"><div class=\"fusion-carousel-positioner\"><ul class=\"fusion-carousel-holder\"><li class=\"fusion-carousel-item\"><div class=\"fusion-carousel-item-wrapper\"><div class=\"fusion-image-wrapper hover-type-none\"><a data-rel=\"iLightbox[image_carousel_2]\" data-title=\"folding-design-chair-dvelas\" aria-label=\"folding-design-chair-dvelas\" href=\"http:\/\/dvelas.com\/wp-content\/uploads\/2020\/05\/folding-design-chair-dvelas.jpg\" target=\"_self\"><img decoding=\"async\" width=\"800\" height=\"800\" src=\"https:\/\/dvelas.com\/wp-content\/uploads\/2020\/05\/folding-design-chair-dvelas.jpg\" class=\"attachment-full size-full\" alt=\"\" srcset=\"https:\/\/dvelas.com\/wp-content\/uploads\/2020\/05\/folding-design-chair-dvelas-200x200.jpg 200w, https:\/\/dvelas.com\/wp-content\/uploads\/2020\/05\/folding-design-chair-dvelas-400x400.jpg 400w, https:\/\/dvelas.com\/wp-content\/uploads\/2020\/05\/folding-design-chair-dvelas-600x600.jpg 600w, https:\/\/dvelas.com\/wp-content\/uploads\/2020\/05\/folding-design-chair-dvelas.jpg 800w\" sizes=\"(min-width: 2200px) 100vw, (min-width: 824px) 387px, (min-width: 732px) 580px, (min-width: 640px) 732px, \" \/><\/a><\/div><\/div><\/li><li class=\"fusion-carousel-item\"><div class=\"fusion-carousel-item-wrapper\"><div class=\"fusion-image-wrapper hover-type-none\"><a data-rel=\"iLightbox[image_carousel_2]\" data-title=\"sea-terrace-furniture-dvelas\" aria-label=\"sea-terrace-furniture-dvelas\" href=\"http:\/\/dvelas.com\/wp-content\/uploads\/2020\/05\/sea-terrace-furniture-dvelas.jpg\" target=\"_self\"><img loading=\"lazy\" decoding=\"async\" width=\"800\" height=\"800\" src=\"https:\/\/dvelas.com\/wp-content\/uploads\/2020\/05\/sea-terrace-furniture-dvelas.jpg\" class=\"attachment-full size-full\" alt=\"\" srcset=\"https:\/\/dvelas.com\/wp-content\/uploads\/2020\/05\/sea-terrace-furniture-dvelas-200x200.jpg 200w, https:\/\/dvelas.com\/wp-content\/uploads\/2020\/05\/sea-terrace-furniture-dvelas-400x400.jpg 400w, https:\/\/dvelas.com\/wp-content\/uploads\/2020\/05\/sea-terrace-furniture-dvelas-600x600.jpg 600w, https:\/\/dvelas.com\/wp-content\/uploads\/2020\/05\/sea-terrace-furniture-dvelas.jpg 800w\" sizes=\"(min-width: 2200px) 100vw, (min-width: 824px) 387px, (min-width: 732px) 580px, (min-width: 640px) 732px, \" \/><\/a><\/div><\/div><\/li><li class=\"fusion-carousel-item\"><div class=\"fusion-carousel-item-wrapper\"><div class=\"fusion-image-wrapper hover-type-none\"><a data-rel=\"iLightbox[image_carousel_2]\" data-title=\"wood-garden-folding-design-chair-dvelas\" aria-label=\"wood-garden-folding-design-chair-dvelas\" href=\"http:\/\/dvelas.com\/wp-content\/uploads\/2020\/05\/wood-garden-folding-design-chair-dvelas.jpg\" target=\"_self\"><img loading=\"lazy\" decoding=\"async\" width=\"800\" height=\"800\" src=\"https:\/\/dvelas.com\/wp-content\/uploads\/2020\/05\/wood-garden-folding-design-chair-dvelas.jpg\" class=\"attachment-full size-full\" alt=\"\" srcset=\"https:\/\/dvelas.com\/wp-content\/uploads\/2020\/05\/wood-garden-folding-design-chair-dvelas-200x200.jpg 200w, https:\/\/dvelas.com\/wp-content\/uploads\/2020\/05\/wood-garden-folding-design-chair-dvelas-400x400.jpg 400w, https:\/\/dvelas.com\/wp-content\/uploads\/2020\/05\/wood-garden-folding-design-chair-dvelas-600x600.jpg 600w, https:\/\/dvelas.com\/wp-content\/uploads\/2020\/05\/wood-garden-folding-design-chair-dvelas.jpg 800w\" sizes=\"(min-width: 2200px) 100vw, (min-width: 824px) 387px, (min-width: 732px) 580px, (min-width: 640px) 732px, \" \/><\/a><\/div><\/div><\/li><li class=\"fusion-carousel-item\"><div class=\"fusion-carousel-item-wrapper\"><div class=\"fusion-image-wrapper hover-type-none\"><a data-rel=\"iLightbox[image_carousel_2]\" data-title=\"wood-terrace-folding-design-chair-dvelas\" aria-label=\"wood-terrace-folding-design-chair-dvelas\" href=\"http:\/\/dvelas.com\/wp-content\/uploads\/2020\/05\/wood-terrace-folding-design-chair-dvelas.jpg\" target=\"_self\"><img loading=\"lazy\" decoding=\"async\" width=\"800\" height=\"800\" src=\"https:\/\/dvelas.com\/wp-content\/uploads\/2020\/05\/wood-terrace-folding-design-chair-dvelas.jpg\" class=\"attachment-full size-full\" alt=\"\" srcset=\"https:\/\/dvelas.com\/wp-content\/uploads\/2020\/05\/wood-terrace-folding-design-chair-dvelas-200x200.jpg 200w, https:\/\/dvelas.com\/wp-content\/uploads\/2020\/05\/wood-terrace-folding-design-chair-dvelas-400x400.jpg 400w, https:\/\/dvelas.com\/wp-content\/uploads\/2020\/05\/wood-terrace-folding-design-chair-dvelas-600x600.jpg 600w, https:\/\/dvelas.com\/wp-content\/uploads\/2020\/05\/wood-terrace-folding-design-chair-dvelas.jpg 800w\" sizes=\"(min-width: 2200px) 100vw, (min-width: 824px) 387px, (min-width: 732px) 580px, (min-width: 640px) 732px, \" \/><\/a><\/div><\/div><\/li><\/ul><div class=\"fusion-carousel-nav\"><span class=\"fusion-nav-prev\"><\/span><span class=\"fusion-nav-next\"><\/span><\/div><\/div><\/div><\/div><div class=\"fusion-clearfix\"><\/div><\/div><\/div><\/div><\/div><div class=\"fusion-fullwidth fullwidth-box fusion-builder-row-3 nonhundred-percent-fullwidth non-hundred-percent-height-scrolling\" style=\"background-color: rgba(255,255,255,0);background-position: center center;background-repeat: no-repeat;padding-top:20px;padding-right:0px;padding-bottom:0px;padding-left:0px;margin-bottom: 0px;margin-top: 0px;border-width: 0px 0px 0px 0px;border-color:#eae9e9;border-style:solid;\" ><div class=\"fusion-builder-row fusion-row\"><div class=\"fusion-layout-column fusion_builder_column fusion-builder-column-3 fusion_builder_column_1_1 1_1 fusion-one-full fusion-column-first fusion-column-last\" style=\"margin-top:0px;margin-bottom:0px;\"><div class=\"fusion-column-wrapper fusion-flex-column-wrapper-legacy\" style=\"background-position:left top;background-repeat:no-repeat;-webkit-background-size:cover;-moz-background-size:cover;-o-background-size:cover;background-size:cover;padding: 0px 0px 0px 0px;\"><div class=\"fusion-text fusion-text-5\"><h3>Similar articles &#8211; Other proposals<\/h3>\n<\/div><div class=\"fusion-recent-works fusion-portfolio-element fusion-portfolio fusion-portfolio-1 fusion-portfolio-carousel fusion-portfolio-paging-pagination recent-works-carousel portfolio-carousel picture-size-auto fusion-portfolio-rollover\" data-id=\"-rw-1\"><div class=\"fusion-carousel\" data-autoplay=\"no\" data-columns=\"5\" data-itemmargin=\"5\" data-itemwidth=\"180\" data-touchscroll=\"no\" data-imagesize=\"auto\"><div class=\"fusion-carousel-positioner\"><ul class=\"fusion-carousel-holder\"><li class=\"fusion-carousel-item\"><div class=\"fusion-carousel-item-wrapper\"><span class=\"entry-title rich-snippet-hidden\">Sistema de sombreado para Resort<\/span><span class=\"vcard rich-snippet-hidden\"><span class=\"fn\"><a href=\"https:\/\/dvelas.com\/es\/author\/dvelas_usr\/\" title=\"Entradas de Dvelas\" rel=\"author\">Dvelas<\/a><\/span><\/span><span class=\"updated rich-snippet-hidden\">2024-05-14T08:10:40+00:00<\/span><div  class=\"fusion-image-wrapper\" aria-haspopup=\"true\">\n\t\t\t\t<img loading=\"lazy\" decoding=\"async\" width=\"900\" height=\"900\" src=\"https:\/\/dvelas.com\/wp-content\/uploads\/2024\/05\/velas-sombra-cambrils-01.jpg\" class=\"attachment-full size-full wp-post-image\" alt=\"\" \/><div class=\"fusion-rollover\">\n\t<div class=\"fusion-rollover-content\">\n\n\t\t\t\t\t\t\t\t\t\t\t\t\t\t<a class=\"fusion-rollover-link\" href=\"https:\/\/dvelas.com\/es\/products\/sistema-de-sombreado-para-resort\/\">Sistema de sombreado para Resort<\/a>\n\t\t\t\n\t\t\t\t\t\t\t\t\n\t\t\n\t\t\t\t\t\t\t\t\t\t\t\t<h4 class=\"fusion-rollover-title\">\n\t\t\t\t\t<a class=\"fusion-rollover-title-link\" href=\"https:\/\/dvelas.com\/es\/products\/sistema-de-sombreado-para-resort\/\">\n\t\t\t\t\t\tSistema de sombreado para Resort\t\t\t\t\t<\/a>\n\t\t\t\t<\/h4>\n\t\t\t\n\t\t\t\t\t\t\t\t\n\t\t\n\t\t\t\t\t\t<a class=\"fusion-link-wrapper\" href=\"https:\/\/dvelas.com\/es\/products\/sistema-de-sombreado-para-resort\/\" aria-label=\"Sistema de sombreado para Resort\"><\/a>\n\t<\/div>\n<\/div>\n<\/div>\n<\/div><\/li><li class=\"fusion-carousel-item\"><div class=\"fusion-carousel-item-wrapper\"><span class=\"entry-title rich-snippet-hidden\">Vela de sombra Escuela Montessori<\/span><span class=\"vcard rich-snippet-hidden\"><span class=\"fn\"><a href=\"https:\/\/dvelas.com\/es\/author\/dvelas_usr\/\" title=\"Entradas de Dvelas\" rel=\"author\">Dvelas<\/a><\/span><\/span><span class=\"updated rich-snippet-hidden\">2024-05-13T15:54:23+00:00<\/span><div  class=\"fusion-image-wrapper\" aria-haspopup=\"true\">\n\t\t\t\t<img loading=\"lazy\" decoding=\"async\" width=\"1200\" height=\"1200\" src=\"https:\/\/dvelas.com\/wp-content\/uploads\/2024\/05\/Tensada-Montessori-01.jpg\" class=\"attachment-full size-full wp-post-image\" alt=\"\" \/><div class=\"fusion-rollover\">\n\t<div class=\"fusion-rollover-content\">\n\n\t\t\t\t\t\t\t\t\t\t\t\t\t\t<a class=\"fusion-rollover-link\" href=\"https:\/\/dvelas.com\/es\/products\/vela-de-sombra-para-escuela-montessori\/\">Vela de sombra Escuela Montessori<\/a>\n\t\t\t\n\t\t\t\t\t\t\t\t\n\t\t\n\t\t\t\t\t\t\t\t\t\t\t\t<h4 class=\"fusion-rollover-title\">\n\t\t\t\t\t<a class=\"fusion-rollover-title-link\" href=\"https:\/\/dvelas.com\/es\/products\/vela-de-sombra-para-escuela-montessori\/\">\n\t\t\t\t\t\tVela de sombra Escuela Montessori\t\t\t\t\t<\/a>\n\t\t\t\t<\/h4>\n\t\t\t\n\t\t\t\t\t\t\t\t\n\t\t\n\t\t\t\t\t\t<a class=\"fusion-link-wrapper\" href=\"https:\/\/dvelas.com\/es\/products\/vela-de-sombra-para-escuela-montessori\/\" aria-label=\"Vela de sombra Escuela Montessori\"><\/a>\n\t<\/div>\n<\/div>\n<\/div>\n<\/div><\/li><li class=\"fusion-carousel-item\"><div class=\"fusion-carousel-item-wrapper\"><span class=\"entry-title rich-snippet-hidden\">Mobiliario Caf\u00e9 Bailuwan<\/span><span class=\"vcard rich-snippet-hidden\"><span class=\"fn\"><a href=\"https:\/\/dvelas.com\/es\/author\/dvelas_usr\/\" title=\"Entradas de Dvelas\" rel=\"author\">Dvelas<\/a><\/span><\/span><span class=\"updated rich-snippet-hidden\">2024-05-13T15:55:43+00:00<\/span><div  class=\"fusion-image-wrapper\" aria-haspopup=\"true\">\n\t\t\t\t<img loading=\"lazy\" decoding=\"async\" width=\"654\" height=\"654\" src=\"https:\/\/dvelas.com\/wp-content\/uploads\/2024\/04\/dvelas-crew-chair-1-@iwanbaan.jpg.png\" class=\"attachment-full size-full wp-post-image\" alt=\"\" \/><div class=\"fusion-rollover\">\n\t<div class=\"fusion-rollover-content\">\n\n\t\t\t\t\t\t\t\t\t\t\t\t\t\t<a class=\"fusion-rollover-link\" href=\"https:\/\/dvelas.com\/es\/products\/cafe-bailuwan\/\">Mobiliario Caf\u00e9 Bailuwan<\/a>\n\t\t\t\n\t\t\t\t\t\t\t\t\n\t\t\n\t\t\t\t\t\t\t\t\t\t\t\t<h4 class=\"fusion-rollover-title\">\n\t\t\t\t\t<a class=\"fusion-rollover-title-link\" href=\"https:\/\/dvelas.com\/es\/products\/cafe-bailuwan\/\">\n\t\t\t\t\t\tMobiliario Caf\u00e9 Bailuwan\t\t\t\t\t<\/a>\n\t\t\t\t<\/h4>\n\t\t\t\n\t\t\t\t\t\t\t\t\n\t\t\n\t\t\t\t\t\t<a class=\"fusion-link-wrapper\" href=\"https:\/\/dvelas.com\/es\/products\/cafe-bailuwan\/\" aria-label=\"Mobiliario Caf\u00e9 Bailuwan\"><\/a>\n\t<\/div>\n<\/div>\n<\/div>\n<\/div><\/li><li class=\"fusion-carousel-item\"><div class=\"fusion-carousel-item-wrapper\"><span class=\"entry-title rich-snippet-hidden\">Hotel boutique Aethos Ericeira<\/span><span class=\"vcard rich-snippet-hidden\"><span class=\"fn\"><a href=\"https:\/\/dvelas.com\/es\/author\/dvelas_usr\/\" title=\"Entradas de Dvelas\" rel=\"author\">Dvelas<\/a><\/span><\/span><span class=\"updated rich-snippet-hidden\">2024-04-18T14:23:49+00:00<\/span><div  class=\"fusion-image-wrapper\" aria-haspopup=\"true\">\n\t\t\t\t<img loading=\"lazy\" decoding=\"async\" width=\"800\" height=\"800\" src=\"https:\/\/dvelas.com\/wp-content\/uploads\/2024\/03\/aethos_ericeira_01-1.jpg\" class=\"attachment-full size-full wp-post-image\" alt=\"\" \/><div class=\"fusion-rollover\">\n\t<div class=\"fusion-rollover-content\">\n\n\t\t\t\t\t\t\t\t\t\t\t\t\t\t<a class=\"fusion-rollover-link\" href=\"https:\/\/dvelas.com\/es\/products\/hotel-boutique-aethos-ericeira\/\">Hotel boutique Aethos Ericeira<\/a>\n\t\t\t\n\t\t\t\t\t\t\t\t\n\t\t\n\t\t\t\t\t\t\t\t\t\t\t\t<h4 class=\"fusion-rollover-title\">\n\t\t\t\t\t<a class=\"fusion-rollover-title-link\" href=\"https:\/\/dvelas.com\/es\/products\/hotel-boutique-aethos-ericeira\/\">\n\t\t\t\t\t\tHotel boutique Aethos Ericeira\t\t\t\t\t<\/a>\n\t\t\t\t<\/h4>\n\t\t\t\n\t\t\t\t\t\t\t\t\n\t\t\n\t\t\t\t\t\t<a class=\"fusion-link-wrapper\" href=\"https:\/\/dvelas.com\/es\/products\/hotel-boutique-aethos-ericeira\/\" aria-label=\"Hotel boutique Aethos Ericeira\"><\/a>\n\t<\/div>\n<\/div>\n<\/div>\n<\/div><\/li><li class=\"fusion-carousel-item\"><div class=\"fusion-carousel-item-wrapper\"><span class=\"entry-title rich-snippet-hidden\">Vela sombra para terraza<\/span><span class=\"vcard rich-snippet-hidden\"><span class=\"fn\"><a href=\"https:\/\/dvelas.com\/es\/author\/dvelas_usr\/\" title=\"Entradas de Dvelas\" rel=\"author\">Dvelas<\/a><\/span><\/span><span class=\"updated rich-snippet-hidden\">2024-05-13T14:42:44+00:00<\/span><div  class=\"fusion-image-wrapper\" aria-haspopup=\"true\">\n\t\t\t\t<img loading=\"lazy\" decoding=\"async\" width=\"800\" height=\"800\" src=\"https:\/\/dvelas.com\/wp-content\/uploads\/2023\/08\/canopy-sail-dvelas.jpg\" class=\"attachment-full size-full wp-post-image\" alt=\"\" \/><div class=\"fusion-rollover\">\n\t<div class=\"fusion-rollover-content\">\n\n\t\t\t\t\t\t\t\t\t\t\t\t\t\t<a class=\"fusion-rollover-link\" href=\"https:\/\/dvelas.com\/es\/products\/vela-sombra-para-terraza\/\">Vela sombra para terraza<\/a>\n\t\t\t\n\t\t\t\t\t\t\t\t\n\t\t\n\t\t\t\t\t\t\t\t\t\t\t\t<h4 class=\"fusion-rollover-title\">\n\t\t\t\t\t<a class=\"fusion-rollover-title-link\" href=\"https:\/\/dvelas.com\/es\/products\/vela-sombra-para-terraza\/\">\n\t\t\t\t\t\tVela sombra para terraza\t\t\t\t\t<\/a>\n\t\t\t\t<\/h4>\n\t\t\t\n\t\t\t\t\t\t\t\t\n\t\t\n\t\t\t\t\t\t<a class=\"fusion-link-wrapper\" href=\"https:\/\/dvelas.com\/es\/products\/vela-sombra-para-terraza\/\" aria-label=\"Vela sombra para terraza\"><\/a>\n\t<\/div>\n<\/div>\n<\/div>\n<\/div><\/li><\/ul><div class=\"fusion-carousel-nav\"><span class=\"fusion-nav-prev\"><\/span><span class=\"fusion-nav-next\"><\/span><\/div><\/div><\/div><\/div><div class=\"fusion-clearfix\"><\/div><\/div><\/div><\/div><\/div><div class=\"fusion-fullwidth fullwidth-box fusion-builder-row-4 fusion-parallax-none nonhundred-percent-fullwidth non-hundred-percent-height-scrolling\" style=\"background-color: rgba(255,255,255,0);background-image: url(&quot;http:\/\/dvelas.com\/wp-content\/uploads\/2020\/05\/mediterranean-style-furniture-dvelas.jpg&quot;);background-position: center center;background-repeat: no-repeat;padding-top:0px;padding-right:0px;padding-bottom:0px;padding-left:0px;margin-bottom: 0px;margin-top: 0px;border-width: 0px 0px 0px 0px;border-color:#eae9e9;border-style:solid;-webkit-background-size:cover;-moz-background-size:cover;-o-background-size:cover;background-size:cover;\" ><div class=\"fusion-builder-row fusion-row\"><div class=\"fusion-layout-column fusion_builder_column fusion-builder-column-4 fusion_builder_column_1_2 1_2 fusion-one-half fusion-column-first\" style=\"width:50%;width:calc(50% - ( ( 4% ) * 0.5 ) );margin-right: 4%;margin-top:25px;margin-bottom:25px;\"><div class=\"fusion-column-wrapper fusion-flex-column-wrapper-legacy\" style=\"background-position:left top;background-repeat:no-repeat;-webkit-background-size:cover;-moz-background-size:cover;-o-background-size:cover;background-size:cover;background-color:#ffffff;padding: 20px 20px 30px 30px;\">\n<div class=\"wpcf7 no-js\" id=\"wpcf7-f3719-o1\" lang=\"es-ES\" dir=\"ltr\" data-wpcf7-id=\"3719\">\n<div class=\"screen-reader-response\"><p role=\"status\" aria-live=\"polite\" aria-atomic=\"true\"><\/p> <ul><\/ul><\/div>\n<form action=\"\/es\/wp-json\/wp\/v2\/avada_portfolio\/7371#wpcf7-f3719-o1\" method=\"post\" class=\"wpcf7-form init\" aria-label=\"Formulario de contacto\" novalidate=\"novalidate\" data-status=\"init\">\n<fieldset class=\"hidden-fields-container\"><input type=\"hidden\" name=\"_wpcf7\" value=\"3719\" \/><input type=\"hidden\" name=\"_wpcf7_version\" value=\"6.1.5\" \/><input type=\"hidden\" name=\"_wpcf7_locale\" value=\"es_ES\" \/><input type=\"hidden\" name=\"_wpcf7_unit_tag\" value=\"wpcf7-f3719-o1\" \/><input type=\"hidden\" name=\"_wpcf7_container_post\" value=\"0\" \/><input type=\"hidden\" name=\"_wpcf7_posted_data_hash\" value=\"\" \/>\n<\/fieldset>\n<h2>Do you have any question? \u00bfTienes alguna consulta?\n<\/h2>\n<p>We will contact you as soon as possible \/ Contactaremos contigo lo antes posible\n<\/p>\n<p><label> <b>Your Email \/ Tu Email<\/b> (required)<br \/>\n<span class=\"wpcf7-form-control-wrap\" data-name=\"your-email\"><input size=\"40\" maxlength=\"400\" class=\"wpcf7-form-control wpcf7-email wpcf7-validates-as-required wpcf7-text wpcf7-validates-as-email\" aria-required=\"true\" aria-invalid=\"false\" value=\"\" type=\"email\" name=\"your-email\" \/><\/span> <\/label>\n<\/p>\n<p><label> <b>Your text \/ Tu texto<\/b>(please tell us your name and country)<br \/>\n<span class=\"wpcf7-form-control-wrap\" data-name=\"your-message\"><textarea cols=\"40\" rows=\"10\" maxlength=\"2000\" class=\"wpcf7-form-control wpcf7-textarea\" aria-invalid=\"false\" name=\"your-message\"><\/textarea><\/span> <\/label>\n<\/p>\n<p><label> <a href=\"https:\/\/dvelas.com\/legal\/\">Legal policy \/ Pol\u00edtica de privacidad<\/a><span class=\"wpcf7-form-control-wrap\" data-name=\"acceptance-891\"><span class=\"wpcf7-form-control wpcf7-acceptance\"><span class=\"wpcf7-list-item\"><input type=\"checkbox\" name=\"acceptance-891\" value=\"1\" aria-invalid=\"false\" \/><\/span><\/span><\/span> <\/label>\n<\/p>\n<p><label> Consent to send information \/ Consentimiento para recibir informaci\u00f3n <span class=\"wpcf7-form-control-wrap\" data-name=\"acceptance-891\"><span class=\"wpcf7-form-control wpcf7-acceptance\"><span class=\"wpcf7-list-item\"><input type=\"checkbox\" name=\"acceptance-891\" value=\"1\" aria-invalid=\"false\" \/><\/span><\/span><\/span> <\/label>\n<\/p>\n<p style=\"text-align:right;\"><input class=\"wpcf7-form-control wpcf7-submit has-spinner\" type=\"submit\" value=\"Send\" \/>\n<\/p><p style=\"display: none !important;\" class=\"akismet-fields-container\" data-prefix=\"_wpcf7_ak_\"><label>&#916;<textarea name=\"_wpcf7_ak_hp_textarea\" cols=\"45\" rows=\"8\" maxlength=\"100\"><\/textarea><\/label><input type=\"hidden\" id=\"ak_js_1\" name=\"_wpcf7_ak_js\" value=\"48\"\/><script type=\"text\/javascript\">\n\/* <![CDATA[ *\/\ndocument.getElementById( \"ak_js_1\" ).setAttribute( \"value\", ( new Date() ).getTime() );\n\/* ]]> *\/\n<\/script>\n<\/p><div class=\"fusion-alert alert custom alert-custom fusion-alert-center wpcf7-response-output fusion-alert-capitalize alert-dismissable\" style=\"border-width:1px;\"><button type=\"button\" class=\"close toggle-alert\" data-dismiss=\"alert\" aria-label=\"Close\">&times;<\/button><div class=\"fusion-alert-content-wrapper\"><span class=\"fusion-alert-content\"><\/span><\/div><\/div>\n<\/form>\n<\/div>\n<div class=\"fusion-clearfix\"><\/div><\/div><\/div><div class=\"fusion-layout-column fusion_builder_column fusion-builder-column-5 fusion_builder_column_1_2 1_2 fusion-one-half fusion-column-last\" style=\"width:50%;width:calc(50% - ( ( 4% ) * 0.5 ) );margin-top:0px;margin-bottom:0px;\"><div class=\"fusion-column-wrapper fusion-flex-column-wrapper-legacy\" style=\"background-position:left top;background-repeat:no-repeat;-webkit-background-size:cover;-moz-background-size:cover;-o-background-size:cover;background-size:cover;padding: 0px 0px 0px 0px;\"><div class=\"fusion-clearfix\"><\/div><\/div><\/div><\/div><\/div><\/p>\n","protected":false},"excerpt":{"rendered":"","protected":false},"author":2,"featured_media":6053,"menu_order":0,"comment_status":"open","ping_status":"closed","template":"","format":"standard","meta":{"content-type":"","_uag_custom_page_level_css":"","footnotes":""},"portfolio_category":[164],"portfolio_skills":[],"portfolio_tags":[],"class_list":["post-7371","avada_portfolio","type-avada_portfolio","status-publish","format-standard","has-post-thumbnail","hentry","portfolio_category-outdoor-chairs-armchairs"],"yoast_head":"<!-- This site is optimized with the Yoast SEO plugin v27.5 - https:\/\/yoast.com\/product\/yoast-seo-wordpress\/ -->\n<title>Crew silla para terraza - DVELAS<\/title>\n<meta name=\"description\" content=\"Elegante silla de madera contrachapada de abedul clase 3 y vela de barco recuperada para exterior. Ligera, pegable y apilable. Dise\u00f1ada por el arquitecto Enrique Kahle para DVELAS.\" \/>\n<meta name=\"robots\" content=\"index, follow, max-snippet:-1, max-image-preview:large, max-video-preview:-1\" \/>\n<link rel=\"canonical\" href=\"https:\/\/dvelas.com\/es\/products\/silla-pegable-de-diseno-crew\/\" \/>\n<meta property=\"og:locale\" content=\"es_ES\" \/>\n<meta property=\"og:type\" content=\"article\" \/>\n<meta property=\"og:title\" content=\"Crew silla para terraza - DVELAS\" \/>\n<meta property=\"og:description\" content=\"Elegante silla de madera contrachapada de abedul clase 3 y vela de barco recuperada para exterior. Ligera, pegable y apilable. Dise\u00f1ada por el arquitecto Enrique Kahle para DVELAS.\" \/>\n<meta property=\"og:url\" content=\"https:\/\/dvelas.com\/es\/products\/silla-pegable-de-diseno-crew\/\" \/>\n<meta property=\"og:site_name\" content=\"DVELAS\" \/>\n<meta property=\"article:publisher\" content=\"https:\/\/www.facebook.com\/dvelasdesign\/\" \/>\n<meta property=\"article:modified_time\" content=\"2024-10-11T11:05:49+00:00\" \/>\n<meta property=\"og:image\" content=\"https:\/\/dvelas.com\/wp-content\/uploads\/2020\/05\/folding-black-chair-dvelas.jpg\" \/>\n\t<meta property=\"og:image:width\" content=\"800\" \/>\n\t<meta property=\"og:image:height\" content=\"800\" \/>\n\t<meta property=\"og:image:type\" content=\"image\/jpeg\" \/>\n<meta name=\"twitter:card\" content=\"summary_large_image\" \/>\n<meta name=\"twitter:site\" content=\"@dvelasdesign\" \/>\n<meta name=\"twitter:label1\" content=\"Tiempo de lectura\" \/>\n\t<meta name=\"twitter:data1\" content=\"17 minutos\" \/>\n<script type=\"application\/ld+json\" class=\"yoast-schema-graph\">{\"@context\":\"https:\\\/\\\/schema.org\",\"@graph\":[{\"@type\":\"WebPage\",\"@id\":\"https:\\\/\\\/dvelas.com\\\/es\\\/products\\\/silla-pegable-de-diseno-crew\\\/\",\"url\":\"https:\\\/\\\/dvelas.com\\\/es\\\/products\\\/silla-pegable-de-diseno-crew\\\/\",\"name\":\"Crew silla para terraza - DVELAS\",\"isPartOf\":{\"@id\":\"https:\\\/\\\/dvelas.com\\\/#website\"},\"primaryImageOfPage\":{\"@id\":\"https:\\\/\\\/dvelas.com\\\/es\\\/products\\\/silla-pegable-de-diseno-crew\\\/#primaryimage\"},\"image\":{\"@id\":\"https:\\\/\\\/dvelas.com\\\/es\\\/products\\\/silla-pegable-de-diseno-crew\\\/#primaryimage\"},\"thumbnailUrl\":\"https:\\\/\\\/dvelas.com\\\/wp-content\\\/uploads\\\/2020\\\/05\\\/folding-black-chair-dvelas.jpg\",\"datePublished\":\"2020-05-29T05:20:12+00:00\",\"dateModified\":\"2024-10-11T11:05:49+00:00\",\"description\":\"Elegante silla de madera contrachapada de abedul clase 3 y vela de barco recuperada para exterior. Ligera, pegable y apilable. Dise\u00f1ada por el arquitecto Enrique Kahle para DVELAS.\",\"breadcrumb\":{\"@id\":\"https:\\\/\\\/dvelas.com\\\/es\\\/products\\\/silla-pegable-de-diseno-crew\\\/#breadcrumb\"},\"inLanguage\":\"es\",\"potentialAction\":[{\"@type\":\"ReadAction\",\"target\":[\"https:\\\/\\\/dvelas.com\\\/es\\\/products\\\/silla-pegable-de-diseno-crew\\\/\"]}]},{\"@type\":\"ImageObject\",\"inLanguage\":\"es\",\"@id\":\"https:\\\/\\\/dvelas.com\\\/es\\\/products\\\/silla-pegable-de-diseno-crew\\\/#primaryimage\",\"url\":\"https:\\\/\\\/dvelas.com\\\/wp-content\\\/uploads\\\/2020\\\/05\\\/folding-black-chair-dvelas.jpg\",\"contentUrl\":\"https:\\\/\\\/dvelas.com\\\/wp-content\\\/uploads\\\/2020\\\/05\\\/folding-black-chair-dvelas.jpg\",\"width\":800,\"height\":800},{\"@type\":\"BreadcrumbList\",\"@id\":\"https:\\\/\\\/dvelas.com\\\/es\\\/products\\\/silla-pegable-de-diseno-crew\\\/#breadcrumb\",\"itemListElement\":[{\"@type\":\"ListItem\",\"position\":1,\"name\":\"Home\",\"item\":\"https:\\\/\\\/dvelas.com\\\/es\\\/\"},{\"@type\":\"ListItem\",\"position\":2,\"name\":\"Portfolio\",\"item\":\"https:\\\/\\\/dvelas.com\\\/es\\\/products\\\/\"},{\"@type\":\"ListItem\",\"position\":3,\"name\":\"Crew silla para terraza\"}]},{\"@type\":\"WebSite\",\"@id\":\"https:\\\/\\\/dvelas.com\\\/#website\",\"url\":\"https:\\\/\\\/dvelas.com\\\/\",\"name\":\"DVELAS\",\"description\":\"Muebles de exterior y velas de sombra para uso dom\u00e9stico y comercial. Dise\u00f1os para un mundo sostenible. Compromiso de econom\u00eda circular.\",\"publisher\":{\"@id\":\"https:\\\/\\\/dvelas.com\\\/#organization\"},\"potentialAction\":[{\"@type\":\"SearchAction\",\"target\":{\"@type\":\"EntryPoint\",\"urlTemplate\":\"https:\\\/\\\/dvelas.com\\\/?s={search_term_string}\"},\"query-input\":{\"@type\":\"PropertyValueSpecification\",\"valueRequired\":true,\"valueName\":\"search_term_string\"}}],\"inLanguage\":\"es\"},{\"@type\":\"Organization\",\"@id\":\"https:\\\/\\\/dvelas.com\\\/#organization\",\"name\":\"Dvelas Sustainable Design\",\"url\":\"https:\\\/\\\/dvelas.com\\\/\",\"logo\":{\"@type\":\"ImageObject\",\"inLanguage\":\"es\",\"@id\":\"https:\\\/\\\/dvelas.com\\\/#\\\/schema\\\/logo\\\/image\\\/\",\"url\":\"https:\\\/\\\/dvelas.com\\\/wp-content\\\/uploads\\\/2020\\\/05\\\/design-outdoor-furniture-310.png\",\"contentUrl\":\"https:\\\/\\\/dvelas.com\\\/wp-content\\\/uploads\\\/2020\\\/05\\\/design-outdoor-furniture-310.png\",\"width\":310,\"height\":130,\"caption\":\"Dvelas Sustainable Design\"},\"image\":{\"@id\":\"https:\\\/\\\/dvelas.com\\\/#\\\/schema\\\/logo\\\/image\\\/\"},\"sameAs\":[\"https:\\\/\\\/www.facebook.com\\\/dvelasdesign\\\/\",\"https:\\\/\\\/x.com\\\/dvelasdesign\",\"https:\\\/\\\/www.instagram.com\\\/dvelas\\\/\",\"https:\\\/\\\/www.linkedin.com\\\/company\\\/dvelas\\\/\",\"https:\\\/\\\/www.pinterest.com\\\/dvelasdesign\\\/\",\"https:\\\/\\\/www.youtube.com\\\/c\\\/DvelasDesign\\\/featured\"]}]}<\/script>\n<!-- \/ Yoast SEO plugin. -->","yoast_head_json":{"title":"Crew silla para terraza - DVELAS","description":"Elegante silla de madera contrachapada de abedul clase 3 y vela de barco recuperada para exterior. Ligera, pegable y apilable. Dise\u00f1ada por el arquitecto Enrique Kahle para DVELAS.","robots":{"index":"index","follow":"follow","max-snippet":"max-snippet:-1","max-image-preview":"max-image-preview:large","max-video-preview":"max-video-preview:-1"},"canonical":"https:\/\/dvelas.com\/es\/products\/silla-pegable-de-diseno-crew\/","og_locale":"es_ES","og_type":"article","og_title":"Crew silla para terraza - DVELAS","og_description":"Elegante silla de madera contrachapada de abedul clase 3 y vela de barco recuperada para exterior. Ligera, pegable y apilable. Dise\u00f1ada por el arquitecto Enrique Kahle para DVELAS.","og_url":"https:\/\/dvelas.com\/es\/products\/silla-pegable-de-diseno-crew\/","og_site_name":"DVELAS","article_publisher":"https:\/\/www.facebook.com\/dvelasdesign\/","article_modified_time":"2024-10-11T11:05:49+00:00","og_image":[{"width":800,"height":800,"url":"https:\/\/dvelas.com\/wp-content\/uploads\/2020\/05\/folding-black-chair-dvelas.jpg","type":"image\/jpeg"}],"twitter_card":"summary_large_image","twitter_site":"@dvelasdesign","twitter_misc":{"Tiempo de lectura":"17 minutos"},"schema":{"@context":"https:\/\/schema.org","@graph":[{"@type":"WebPage","@id":"https:\/\/dvelas.com\/es\/products\/silla-pegable-de-diseno-crew\/","url":"https:\/\/dvelas.com\/es\/products\/silla-pegable-de-diseno-crew\/","name":"Crew silla para terraza - DVELAS","isPartOf":{"@id":"https:\/\/dvelas.com\/#website"},"primaryImageOfPage":{"@id":"https:\/\/dvelas.com\/es\/products\/silla-pegable-de-diseno-crew\/#primaryimage"},"image":{"@id":"https:\/\/dvelas.com\/es\/products\/silla-pegable-de-diseno-crew\/#primaryimage"},"thumbnailUrl":"https:\/\/dvelas.com\/wp-content\/uploads\/2020\/05\/folding-black-chair-dvelas.jpg","datePublished":"2020-05-29T05:20:12+00:00","dateModified":"2024-10-11T11:05:49+00:00","description":"Elegante silla de madera contrachapada de abedul clase 3 y vela de barco recuperada para exterior. Ligera, pegable y apilable. Dise\u00f1ada por el arquitecto Enrique Kahle para DVELAS.","breadcrumb":{"@id":"https:\/\/dvelas.com\/es\/products\/silla-pegable-de-diseno-crew\/#breadcrumb"},"inLanguage":"es","potentialAction":[{"@type":"ReadAction","target":["https:\/\/dvelas.com\/es\/products\/silla-pegable-de-diseno-crew\/"]}]},{"@type":"ImageObject","inLanguage":"es","@id":"https:\/\/dvelas.com\/es\/products\/silla-pegable-de-diseno-crew\/#primaryimage","url":"https:\/\/dvelas.com\/wp-content\/uploads\/2020\/05\/folding-black-chair-dvelas.jpg","contentUrl":"https:\/\/dvelas.com\/wp-content\/uploads\/2020\/05\/folding-black-chair-dvelas.jpg","width":800,"height":800},{"@type":"BreadcrumbList","@id":"https:\/\/dvelas.com\/es\/products\/silla-pegable-de-diseno-crew\/#breadcrumb","itemListElement":[{"@type":"ListItem","position":1,"name":"Home","item":"https:\/\/dvelas.com\/es\/"},{"@type":"ListItem","position":2,"name":"Portfolio","item":"https:\/\/dvelas.com\/es\/products\/"},{"@type":"ListItem","position":3,"name":"Crew silla para terraza"}]},{"@type":"WebSite","@id":"https:\/\/dvelas.com\/#website","url":"https:\/\/dvelas.com\/","name":"DVELAS","description":"Muebles de exterior y velas de sombra para uso dom\u00e9stico y comercial. Dise\u00f1os para un mundo sostenible. Compromiso de econom\u00eda circular.","publisher":{"@id":"https:\/\/dvelas.com\/#organization"},"potentialAction":[{"@type":"SearchAction","target":{"@type":"EntryPoint","urlTemplate":"https:\/\/dvelas.com\/?s={search_term_string}"},"query-input":{"@type":"PropertyValueSpecification","valueRequired":true,"valueName":"search_term_string"}}],"inLanguage":"es"},{"@type":"Organization","@id":"https:\/\/dvelas.com\/#organization","name":"Dvelas Sustainable Design","url":"https:\/\/dvelas.com\/","logo":{"@type":"ImageObject","inLanguage":"es","@id":"https:\/\/dvelas.com\/#\/schema\/logo\/image\/","url":"https:\/\/dvelas.com\/wp-content\/uploads\/2020\/05\/design-outdoor-furniture-310.png","contentUrl":"https:\/\/dvelas.com\/wp-content\/uploads\/2020\/05\/design-outdoor-furniture-310.png","width":310,"height":130,"caption":"Dvelas Sustainable Design"},"image":{"@id":"https:\/\/dvelas.com\/#\/schema\/logo\/image\/"},"sameAs":["https:\/\/www.facebook.com\/dvelasdesign\/","https:\/\/x.com\/dvelasdesign","https:\/\/www.instagram.com\/dvelas\/","https:\/\/www.linkedin.com\/company\/dvelas\/","https:\/\/www.pinterest.com\/dvelasdesign\/","https:\/\/www.youtube.com\/c\/DvelasDesign\/featured"]}]}},"uagb_featured_image_src":{"full":["https:\/\/dvelas.com\/wp-content\/uploads\/2020\/05\/folding-black-chair-dvelas.jpg",800,800,false],"thumbnail":["https:\/\/dvelas.com\/wp-content\/uploads\/2020\/05\/folding-black-chair-dvelas.jpg",150,150,false],"medium":["https:\/\/dvelas.com\/wp-content\/uploads\/2020\/05\/folding-black-chair-dvelas.jpg",300,300,false],"medium_large":["https:\/\/dvelas.com\/wp-content\/uploads\/2020\/05\/folding-black-chair-dvelas.jpg",768,768,false],"large":["https:\/\/dvelas.com\/wp-content\/uploads\/2020\/05\/folding-black-chair-dvelas.jpg",800,800,false],"1536x1536":["https:\/\/dvelas.com\/wp-content\/uploads\/2020\/05\/folding-black-chair-dvelas.jpg",800,800,false],"2048x2048":["https:\/\/dvelas.com\/wp-content\/uploads\/2020\/05\/folding-black-chair-dvelas.jpg",800,800,false],"blog-large":["https:\/\/dvelas.com\/wp-content\/uploads\/2020\/05\/folding-black-chair-dvelas.jpg",272,272,false],"blog-medium":["https:\/\/dvelas.com\/wp-content\/uploads\/2020\/05\/folding-black-chair-dvelas.jpg",202,202,false],"recent-posts":["https:\/\/dvelas.com\/wp-content\/uploads\/2020\/05\/folding-black-chair-dvelas.jpg",441,441,false],"recent-works-thumbnail":["https:\/\/dvelas.com\/wp-content\/uploads\/2020\/05\/folding-black-chair-dvelas.jpg",66,66,false],"fusion-200":["https:\/\/dvelas.com\/wp-content\/uploads\/2020\/05\/folding-black-chair-dvelas.jpg",200,200,false],"fusion-400":["https:\/\/dvelas.com\/wp-content\/uploads\/2020\/05\/folding-black-chair-dvelas.jpg",400,400,false],"fusion-600":["https:\/\/dvelas.com\/wp-content\/uploads\/2020\/05\/folding-black-chair-dvelas.jpg",600,600,false],"fusion-800":["https:\/\/dvelas.com\/wp-content\/uploads\/2020\/05\/folding-black-chair-dvelas.jpg",800,800,false],"fusion-1200":["https:\/\/dvelas.com\/wp-content\/uploads\/2020\/05\/folding-black-chair-dvelas.jpg",800,800,false],"portfolio-full":["https:\/\/dvelas.com\/wp-content\/uploads\/2020\/05\/folding-black-chair-dvelas.jpg",400,400,false],"portfolio-one":["https:\/\/dvelas.com\/wp-content\/uploads\/2020\/05\/folding-black-chair-dvelas.jpg",272,272,false],"portfolio-two":["https:\/\/dvelas.com\/wp-content\/uploads\/2020\/05\/folding-black-chair-dvelas.jpg",295,295,false],"portfolio-three":["https:\/\/dvelas.com\/wp-content\/uploads\/2020\/05\/folding-black-chair-dvelas.jpg",214,214,false],"portfolio-five":["https:\/\/dvelas.com\/wp-content\/uploads\/2020\/05\/folding-black-chair-dvelas.jpg",142,142,false]},"uagb_author_info":{"display_name":"Arraitz","author_link":"https:\/\/dvelas.com\/es\/author\/arraitz\/"},"uagb_comment_info":0,"uagb_excerpt":null,"_links":{"self":[{"href":"https:\/\/dvelas.com\/es\/wp-json\/wp\/v2\/avada_portfolio\/7371","targetHints":{"allow":["GET"]}}],"collection":[{"href":"https:\/\/dvelas.com\/es\/wp-json\/wp\/v2\/avada_portfolio"}],"about":[{"href":"https:\/\/dvelas.com\/es\/wp-json\/wp\/v2\/types\/avada_portfolio"}],"author":[{"embeddable":true,"href":"https:\/\/dvelas.com\/es\/wp-json\/wp\/v2\/users\/2"}],"replies":[{"embeddable":true,"href":"https:\/\/dvelas.com\/es\/wp-json\/wp\/v2\/comments?post=7371"}],"version-history":[{"count":14,"href":"https:\/\/dvelas.com\/es\/wp-json\/wp\/v2\/avada_portfolio\/7371\/revisions"}],"predecessor-version":[{"id":12444,"href":"https:\/\/dvelas.com\/es\/wp-json\/wp\/v2\/avada_portfolio\/7371\/revisions\/12444"}],"wp:featuredmedia":[{"embeddable":true,"href":"https:\/\/dvelas.com\/es\/wp-json\/wp\/v2\/media\/6053"}],"wp:attachment":[{"href":"https:\/\/dvelas.com\/es\/wp-json\/wp\/v2\/media?parent=7371"}],"wp:term":[{"taxonomy":"portfolio_category","embeddable":true,"href":"https:\/\/dvelas.com\/es\/wp-json\/wp\/v2\/portfolio_category?post=7371"},{"taxonomy":"portfolio_skills","embeddable":true,"href":"https:\/\/dvelas.com\/es\/wp-json\/wp\/v2\/portfolio_skills?post=7371"},{"taxonomy":"portfolio_tags","embeddable":true,"href":"https:\/\/dvelas.com\/es\/wp-json\/wp\/v2\/portfolio_tags?post=7371"}],"curies":[{"name":"wp","href":"https:\/\/api.w.org\/{rel}","templated":true}]}}