{"id":7113,"date":"2016-03-01T02:21:41","date_gmt":"2016-03-01T02:21:41","guid":{"rendered":"https:\/\/dvelas.com\/noticias\/"},"modified":"2021-11-05T12:34:39","modified_gmt":"2021-11-05T12:34:39","slug":"news-projects-events","status":"publish","type":"page","link":"https:\/\/dvelas.com\/es\/news-projects-events\/","title":{"rendered":"News"},"content":{"rendered":"<p><div class=\"fusion-fullwidth fullwidth-box fusion-builder-row-1 nonhundred-percent-fullwidth non-hundred-percent-height-scrolling\" style=\"background-color: rgba(255,255,255,0);background-position: left top;background-repeat: no-repeat;padding-top:40px;padding-right:0px;padding-bottom:0px;padding-left:0px;margin-bottom: 0px;margin-top: 0px;border-width: 0px 0px 0px 0px;border-color:#eae9e9;border-style:solid;\" ><div class=\"fusion-builder-row fusion-row\"><div class=\"fusion-layout-column fusion_builder_column fusion-builder-column-0 fusion_builder_column_1_1 1_1 fusion-one-full fusion-column-first fusion-column-last\" style=\"margin-top:0px;margin-bottom:0px;\"><div class=\"fusion-column-wrapper fusion-flex-column-wrapper-legacy\" style=\"background-position:left top;background-repeat:no-repeat;-webkit-background-size:cover;-moz-background-size:cover;-o-background-size:cover;background-size:cover;padding: 0px 0px 0px 0px;\"><div class=\"fusion-text fusion-text-1\"><h1 style=\"text-align: center;\"><span style=\"color: #333333;\">DVELAS NEWS<\/span><\/h1>\n<\/div><div class=\"fusion-sep-clear\"><\/div><div class=\"fusion-separator fusion-full-width-sep\" style=\"margin-left: auto;margin-right: auto;width:100%;\"><div class=\"fusion-separator-border sep-single sep-solid\" style=\"border-color:#e2e2e2;border-top-width:1px;\"><\/div><\/div><div class=\"fusion-sep-clear\"><\/div><div class=\"fusion-clearfix\"><\/div><\/div><\/div><\/div><\/div><div class=\"fusion-fullwidth fullwidth-box fusion-builder-row-2 nonhundred-percent-fullwidth non-hundred-percent-height-scrolling\" style=\"background-color: rgba(255,255,255,0);background-position: left top;background-repeat: no-repeat;padding-top:0px;padding-right:0px;padding-bottom:0px;padding-left:0px;margin-bottom: 0px;margin-top: 70px;border-width: 0px 0px 0px 0px;border-color:#eae9e9;border-style:solid;\" ><div class=\"fusion-builder-row fusion-row\"><div class=\"fusion-layout-column fusion_builder_column fusion-builder-column-1 fusion_builder_column_3_4 3_4 fusion-three-fourth fusion-column-first fusion-column-no-min-height\" style=\"width:74%; margin-right: 4%;margin-top:0px;margin-bottom:0px;\"><div class=\"fusion-column-wrapper fusion-flex-column-wrapper-legacy\" style=\"background-position:left top;background-repeat:no-repeat;-webkit-background-size:cover;-moz-background-size:cover;-o-background-size:cover;background-size:cover;padding: 0px 0px 0px 0px;\"><div class=\"fusion-recent-posts fusion-recent-posts-1 avada-container layout-default layout-columns-3\"><section class=\"fusion-columns columns fusion-columns-3 columns-3\"><article class=\"post fusion-column column col col-lg-4 col-md-4 col-sm-4 fusion-animated\" data-animationType=\"fadeInLeft\" data-animationDuration=\"0.8\" data-animationOffset=\"top-into-view\"><div class=\"fusion-flexslider fusion-flexslider-loading flexslider flexslider-hover-type-zoomin\"><ul class=\"slides\"><li><a href=\"https:\/\/dvelas.com\/es\/interihotel-madrid-2024\/\" aria-label=\"interihotel Madrid 2024\" class=\"hover-type-zoomin\"><img fetchpriority=\"high\" decoding=\"async\" width=\"790\" height=\"790\" src=\"https:\/\/dvelas.com\/wp-content\/uploads\/2024\/05\/ifema-madrid-dvelas-24.png\" class=\"attachment-full size-full\" alt=\"\" \/><\/a><\/li><\/ul><\/div><div class=\"recent-posts-content\"><span class=\"vcard\" style=\"display: none;\"><span class=\"fn\"><a href=\"https:\/\/dvelas.com\/es\/author\/dvelas_usr\/\" title=\"Entradas de Dvelas\" rel=\"author\">Dvelas<\/a><\/span><\/span><span class=\"updated\" style=\"display:none;\">2024-05-27T11:46:15+00:00<\/span><h4 class=\"entry-title\"><a href=\"https:\/\/dvelas.com\/es\/interihotel-madrid-2024\/\">interihotel Madrid 2024<\/a><\/h4><p class=\"meta\"><span class=\"vcard\" style=\"display: none;\"><span class=\"fn\"><a href=\"https:\/\/dvelas.com\/es\/author\/dvelas_usr\/\" title=\"Entradas de Dvelas\" rel=\"author\">Dvelas<\/a><\/span><\/span><span class=\"updated\" style=\"display:none;\">2024-05-27T11:46:15+00:00<\/span><span>mayo 22nd, 2024<\/span><span class=\"fusion-inline-sep\">|<\/span><\/p><p>DVELAS se suma nuevamente a interihotel , el evento boutique que desata energ\u00eda transformadora, difundiendo ideas y proyectos esenciales para [...]<\/p><\/div><\/article><article class=\"post fusion-column column col col-lg-4 col-md-4 col-sm-4 fusion-animated\" data-animationType=\"fadeInLeft\" data-animationDuration=\"0.8\" data-animationOffset=\"top-into-view\"><div class=\"fusion-flexslider fusion-flexslider-loading flexslider flexslider-hover-type-zoomin\"><ul class=\"slides\"><li><a href=\"https:\/\/dvelas.com\/es\/international-sustainable-awards-2024\/\" aria-label=\"Internatioal Sustainable Awards 2024\" class=\"hover-type-zoomin\"><img decoding=\"async\" width=\"600\" height=\"600\" src=\"https:\/\/dvelas.com\/wp-content\/uploads\/2024\/02\/sustainable-luxury-awards.jpg\" class=\"attachment-full size-full\" alt=\"\" \/><\/a><\/li><\/ul><\/div><div class=\"recent-posts-content\"><span class=\"vcard\" style=\"display: none;\"><span class=\"fn\"><a href=\"https:\/\/dvelas.com\/es\/author\/dvelas_usr\/\" title=\"Entradas de Dvelas\" rel=\"author\">Dvelas<\/a><\/span><\/span><span class=\"updated\" style=\"display:none;\">2024-02-15T16:10:25+00:00<\/span><h4 class=\"entry-title\"><a href=\"https:\/\/dvelas.com\/es\/international-sustainable-awards-2024\/\">Internatioal Sustainable Awards 2024<\/a><\/h4><p class=\"meta\"><span class=\"vcard\" style=\"display: none;\"><span class=\"fn\"><a href=\"https:\/\/dvelas.com\/es\/author\/dvelas_usr\/\" title=\"Entradas de Dvelas\" rel=\"author\">Dvelas<\/a><\/span><\/span><span class=\"updated\" style=\"display:none;\">2024-02-15T16:10:25+00:00<\/span><span>febrero 14th, 2024<\/span><span class=\"fusion-inline-sep\">|<\/span><\/p><p>Estamos muy contentos de haber recibido este reconocimiento al valor m\u00e1s importante que es parte de nuestra marca: la sostenibilidad. [...]<\/p><\/div><\/article><article class=\"post fusion-column column col col-lg-4 col-md-4 col-sm-4 fusion-animated\" data-animationType=\"fadeInLeft\" data-animationDuration=\"0.8\" data-animationOffset=\"top-into-view\"><div class=\"fusion-flexslider fusion-flexslider-loading flexslider flexslider-hover-type-zoomin\"><ul class=\"slides\"><li><a href=\"https:\/\/dvelas.com\/es\/nueva-tienda-online\/\" aria-label=\"\u00a1Nueva tienda online!\" class=\"hover-type-zoomin\"><img decoding=\"async\" width=\"994\" height=\"993\" src=\"https:\/\/dvelas.com\/wp-content\/uploads\/2023\/09\/new-store-dvelas.jpg\" class=\"attachment-full size-full\" alt=\"\" \/><\/a><\/li><\/ul><\/div><div class=\"recent-posts-content\"><span class=\"vcard\" style=\"display: none;\"><span class=\"fn\"><a href=\"https:\/\/dvelas.com\/es\/author\/dvelas_usr\/\" title=\"Entradas de Dvelas\" rel=\"author\">Dvelas<\/a><\/span><\/span><span class=\"updated\" style=\"display:none;\">2023-10-31T14:42:51+00:00<\/span><h4 class=\"entry-title\"><a href=\"https:\/\/dvelas.com\/es\/nueva-tienda-online\/\">\u00a1Nueva tienda online!<\/a><\/h4><p class=\"meta\"><span class=\"vcard\" style=\"display: none;\"><span class=\"fn\"><a href=\"https:\/\/dvelas.com\/es\/author\/dvelas_usr\/\" title=\"Entradas de Dvelas\" rel=\"author\">Dvelas<\/a><\/span><\/span><span class=\"updated\" style=\"display:none;\">2023-10-31T14:42:51+00:00<\/span><span>septiembre 27th, 2023<\/span><span class=\"fusion-inline-sep\">|<\/span><\/p><p>\u00a1Por fin nueva tienda online! Ten\u00edamos muchas ganas de facilitar las compras online en nuestra web y estamos de estreno [...]<\/p><\/div><\/article><article class=\"post fusion-column column col col-lg-4 col-md-4 col-sm-4 fusion-animated\" data-animationType=\"fadeInLeft\" data-animationDuration=\"0.8\" data-animationOffset=\"top-into-view\"><div class=\"fusion-flexslider fusion-flexslider-loading flexslider flexslider-hover-type-zoomin\"><ul class=\"slides\"><li><a href=\"https:\/\/dvelas.com\/es\/dvelas-en-interihotel-este-octubre\/\" aria-label=\"DVELAS en interihotel\" class=\"hover-type-zoomin\"><img loading=\"lazy\" decoding=\"async\" width=\"994\" height=\"993\" src=\"https:\/\/dvelas.com\/wp-content\/uploads\/2023\/08\/bcn-interihotel.png\" class=\"attachment-full size-full\" alt=\"DVELAS attends interihotel event\" \/><\/a><\/li><\/ul><\/div><div class=\"recent-posts-content\"><span class=\"vcard\" style=\"display: none;\"><span class=\"fn\"><a href=\"https:\/\/dvelas.com\/es\/author\/dvelas_usr\/\" title=\"Entradas de Dvelas\" rel=\"author\">Dvelas<\/a><\/span><\/span><span class=\"updated\" style=\"display:none;\">2023-10-03T12:41:26+00:00<\/span><h4 class=\"entry-title\"><a href=\"https:\/\/dvelas.com\/es\/dvelas-en-interihotel-este-octubre\/\">DVELAS en interihotel<\/a><\/h4><p class=\"meta\"><span class=\"vcard\" style=\"display: none;\"><span class=\"fn\"><a href=\"https:\/\/dvelas.com\/es\/author\/dvelas_usr\/\" title=\"Entradas de Dvelas\" rel=\"author\">Dvelas<\/a><\/span><\/span><span class=\"updated\" style=\"display:none;\">2023-10-03T12:41:26+00:00<\/span><span>agosto 22nd, 2023<\/span><span class=\"fusion-inline-sep\">|<\/span><\/p><p>DVELAS asiste como expositor al evento evento de dise\u00f1o para hoteles y restaurantes interihotel del 18-20 de Octubre en Barcelona. [...]<\/p><\/div><\/article><article class=\"post fusion-column column col col-lg-4 col-md-4 col-sm-4 fusion-animated\" data-animationType=\"fadeInLeft\" data-animationDuration=\"0.8\" data-animationOffset=\"top-into-view\"><div class=\"recent-posts-content\"><span class=\"vcard\" style=\"display: none;\"><span class=\"fn\"><a href=\"https:\/\/dvelas.com\/es\/author\/dvelas_usr\/\" title=\"Entradas de Dvelas\" rel=\"author\">Dvelas<\/a><\/span><\/span><span class=\"updated\" style=\"display:none;\">2023-02-10T10:12:07+00:00<\/span><h4 class=\"entry-title\"><a href=\"https:\/\/dvelas.com\/es\/exclusive-event-sc-luxury\/\">Evento exclusivo SC Luxury<\/a><\/h4><p class=\"meta\"><span class=\"vcard\" style=\"display: none;\"><span class=\"fn\"><a href=\"https:\/\/dvelas.com\/es\/author\/dvelas_usr\/\" title=\"Entradas de Dvelas\" rel=\"author\">Dvelas<\/a><\/span><\/span><span class=\"updated\" style=\"display:none;\">2023-02-10T10:12:07+00:00<\/span><span>febrero 10th, 2023<\/span><span class=\"fusion-inline-sep\">|<\/span><\/p><p>Nuestro distribuidor oficial en Nueva Zelanda SC Luxury presentar\u00e1 la marca DVELAS en su showroom de Auckland el pr\u00f3ximo jueves [...]<\/p><\/div><\/article><article class=\"post fusion-column column col col-lg-4 col-md-4 col-sm-4 fusion-animated\" data-animationType=\"fadeInLeft\" data-animationDuration=\"0.8\" data-animationOffset=\"top-into-view\"><div class=\"fusion-flexslider fusion-flexslider-loading flexslider flexslider-hover-type-zoomin\"><ul class=\"slides\"><li><a href=\"https:\/\/dvelas.com\/es\/evento-pop-up-habic-paris\/\" aria-label=\"El evento Pop Up de HABIC en Par\u00eds, todo un \u00e9xito\" class=\"hover-type-zoomin\"><img loading=\"lazy\" decoding=\"async\" width=\"424\" height=\"424\" src=\"https:\/\/dvelas.com\/wp-content\/uploads\/2022\/10\/pop-up-paris-e1665050447321.jpg\" class=\"attachment-full size-full\" alt=\"pop up par\u00eds\" \/><\/a><\/li><\/ul><\/div><div class=\"recent-posts-content\"><span class=\"vcard\" style=\"display: none;\"><span class=\"fn\"><a href=\"https:\/\/dvelas.com\/es\/author\/ttandem\/\" title=\"Entradas de ttandem\" rel=\"author\">ttandem<\/a><\/span><\/span><span class=\"updated\" style=\"display:none;\">2022-10-18T11:17:34+00:00<\/span><h4 class=\"entry-title\"><a href=\"https:\/\/dvelas.com\/es\/evento-pop-up-habic-paris\/\">El evento Pop Up de HABIC en Par\u00eds, todo un \u00e9xito<\/a><\/h4><p class=\"meta\"><span class=\"vcard\" style=\"display: none;\"><span class=\"fn\"><a href=\"https:\/\/dvelas.com\/es\/author\/ttandem\/\" title=\"Entradas de ttandem\" rel=\"author\">ttandem<\/a><\/span><\/span><span class=\"updated\" style=\"display:none;\">2022-10-18T11:17:34+00:00<\/span><span>octubre 18th, 2022<\/span><span class=\"fusion-inline-sep\">|<\/span><\/p><p>HABIC organiz\u00f3 un evento Pop Up en Par\u00eds este octubre. Participamos 11 firmas de dise\u00f1o de mobiliario navarras y vascas en pos de la innovaci\u00f3n y el conocimiento compartido.<\/p><\/div><\/article><article class=\"post fusion-column column col col-lg-4 col-md-4 col-sm-4 fusion-animated\" data-animationType=\"fadeInLeft\" data-animationDuration=\"0.8\" data-animationOffset=\"top-into-view\"><div class=\"fusion-flexslider fusion-flexslider-loading flexslider flexslider-hover-type-zoomin\"><ul class=\"slides\"><li><a href=\"https:\/\/dvelas.com\/es\/exposicion-upcycling-barcelona\/\" aria-label=\"Conoce nuestros nuevos dise\u00f1os de la exposici\u00f3n de Upcycling\" class=\"hover-type-zoomin\"><img loading=\"lazy\" decoding=\"async\" width=\"800\" height=\"800\" src=\"https:\/\/dvelas.com\/wp-content\/uploads\/2022\/08\/upcycling-barcelona.png.jpg\" class=\"attachment-full size-full\" alt=\"upcycling barcelona.png\" \/><\/a><\/li><\/ul><\/div><div class=\"recent-posts-content\"><span class=\"vcard\" style=\"display: none;\"><span class=\"fn\"><a href=\"https:\/\/dvelas.com\/es\/author\/ttandem\/\" title=\"Entradas de ttandem\" rel=\"author\">ttandem<\/a><\/span><\/span><span class=\"updated\" style=\"display:none;\">2022-10-03T15:41:36+00:00<\/span><h4 class=\"entry-title\"><a href=\"https:\/\/dvelas.com\/es\/exposicion-upcycling-barcelona\/\">Conoce nuestros nuevos dise\u00f1os de la exposici\u00f3n de Upcycling<\/a><\/h4><p class=\"meta\"><span class=\"vcard\" style=\"display: none;\"><span class=\"fn\"><a href=\"https:\/\/dvelas.com\/es\/author\/ttandem\/\" title=\"Entradas de ttandem\" rel=\"author\">ttandem<\/a><\/span><\/span><span class=\"updated\" style=\"display:none;\">2022-10-03T15:41:36+00:00<\/span><span>octubre 3rd, 2022<\/span><span class=\"fusion-inline-sep\">|<\/span><\/p><p>  Este oto\u00f1o te presentamos\u00a0 la exposici\u00f3n de Mr. Singular de la que formamos parte presentando piezas \u00fanicas de [...]<\/p><\/div><\/article><article class=\"post fusion-column column col col-lg-4 col-md-4 col-sm-4 fusion-animated\" data-animationType=\"fadeInLeft\" data-animationDuration=\"0.8\" data-animationOffset=\"top-into-view\"><div class=\"fusion-flexslider fusion-flexslider-loading flexslider flexslider-hover-type-zoomin\"><ul class=\"slides\"><li><a href=\"https:\/\/dvelas.com\/es\/dvelas-in-circular-economy-certified-catalog\/\" aria-label=\"DVELAS in Circular Economy certified catalog\" class=\"hover-type-zoomin\"><img loading=\"lazy\" decoding=\"async\" width=\"800\" height=\"800\" src=\"https:\/\/dvelas.com\/wp-content\/uploads\/2020\/09\/outdoor-sail-design-lamp-dvelas.jpg\" class=\"attachment-full size-full\" alt=\"\" \/><\/a><\/li><\/ul><\/div><div class=\"recent-posts-content\"><span class=\"vcard\" style=\"display: none;\"><span class=\"fn\"><a href=\"https:\/\/dvelas.com\/es\/author\/arraitz\/\" title=\"Entradas de Arraitz\" rel=\"author\">Arraitz<\/a><\/span><\/span><span class=\"updated\" style=\"display:none;\">2021-11-05T10:00:24+00:00<\/span><h4 class=\"entry-title\"><a href=\"https:\/\/dvelas.com\/es\/dvelas-in-circular-economy-certified-catalog\/\">DVELAS in Circular Economy certified catalog<\/a><\/h4><p class=\"meta\"><span class=\"vcard\" style=\"display: none;\"><span class=\"fn\"><a href=\"https:\/\/dvelas.com\/es\/author\/arraitz\/\" title=\"Entradas de Arraitz\" rel=\"author\">Arraitz<\/a><\/span><\/span><span class=\"updated\" style=\"display:none;\">2021-11-05T10:00:24+00:00<\/span><span>noviembre 5th, 2021<\/span><span class=\"fusion-inline-sep\">|<\/span><\/p><p>DVELAS becomes part of the catalog of 20 certified Circular Economy companies of Navarra, Spain.\r\nDVELAS is been reuseing discared sails in the last 10 years to produce new products as furniture, lighting and shade sails.<\/p><\/div><\/article><article class=\"post fusion-column column col col-lg-4 col-md-4 col-sm-4 fusion-animated\" data-animationType=\"fadeInLeft\" data-animationDuration=\"0.8\" data-animationOffset=\"top-into-view\"><div class=\"fusion-flexslider fusion-flexslider-loading flexslider flexslider-hover-type-zoomin\"><ul class=\"slides\"><li><a href=\"https:\/\/dvelas.com\/es\/official-supplier-of-turn-the-tide-on-plastic-in-the-volvo-ocean-race\/\" aria-label=\"Official Supplier of Turn the Tide on Plastic in the Volvo Ocean Race\" class=\"hover-type-zoomin\"><img loading=\"lazy\" decoding=\"async\" width=\"800\" height=\"800\" src=\"https:\/\/dvelas.com\/wp-content\/uploads\/2020\/06\/clean-seas-dvelas.jpg\" class=\"attachment-full size-full\" alt=\"\" \/><\/a><\/li><\/ul><\/div><div class=\"recent-posts-content\"><span class=\"vcard\" style=\"display: none;\"><span class=\"fn\"><a href=\"https:\/\/dvelas.com\/es\/author\/arraitz\/\" title=\"Entradas de Arraitz\" rel=\"author\">Arraitz<\/a><\/span><\/span><span class=\"updated\" style=\"display:none;\">2020-12-05T19:55:56+00:00<\/span><h4 class=\"entry-title\"><a href=\"https:\/\/dvelas.com\/es\/official-supplier-of-turn-the-tide-on-plastic-in-the-volvo-ocean-race\/\">Official Supplier of Turn the Tide on Plastic in the Volvo Ocean Race<\/a><\/h4><p class=\"meta\"><span class=\"vcard\" style=\"display: none;\"><span class=\"fn\"><a href=\"https:\/\/dvelas.com\/es\/author\/arraitz\/\" title=\"Entradas de Arraitz\" rel=\"author\">Arraitz<\/a><\/span><\/span><span class=\"updated\" style=\"display:none;\">2020-12-05T19:55:56+00:00<\/span><span>diciembre 5th, 2020<\/span><span class=\"fusion-inline-sep\">|<\/span><\/p><p>DVELAS supplies its upcycled sail design furniture for two areas of the\u00a0Volvo Ocean Race\u00a0Villages (Turn the Tide on Plastic\u00a0Team Base [...]<\/p><\/div><\/article><article class=\"post fusion-column column col col-lg-4 col-md-4 col-sm-4 fusion-animated\" data-animationType=\"fadeInLeft\" data-animationDuration=\"0.8\" data-animationOffset=\"top-into-view\"><div class=\"fusion-flexslider fusion-flexslider-loading flexslider flexslider-hover-type-zoomin\"><ul class=\"slides\"><li><a href=\"https:\/\/dvelas.com\/es\/dvelas-in-the-international-architecture-biennial-of-san-sebastian\/\" aria-label=\"DVELAS in the International Architecture Biennial of San Sebasti\u00e1n\" class=\"hover-type-zoomin\"><img loading=\"lazy\" decoding=\"async\" width=\"800\" height=\"800\" src=\"https:\/\/dvelas.com\/wp-content\/uploads\/2020\/06\/Architecture-Biennial-of-San-Sebastia\u0301n-dvelas.jpg\" class=\"attachment-full size-full\" alt=\"\" \/><\/a><\/li><\/ul><\/div><div class=\"recent-posts-content\"><span class=\"vcard\" style=\"display: none;\"><span class=\"fn\"><a href=\"https:\/\/dvelas.com\/es\/author\/arraitz\/\" title=\"Entradas de Arraitz\" rel=\"author\">Arraitz<\/a><\/span><\/span><span class=\"updated\" style=\"display:none;\">2020-12-05T19:58:38+00:00<\/span><h4 class=\"entry-title\"><a href=\"https:\/\/dvelas.com\/es\/dvelas-in-the-international-architecture-biennial-of-san-sebastian\/\">DVELAS in the International Architecture Biennial of San Sebasti\u00e1n<\/a><\/h4><p class=\"meta\"><span class=\"vcard\" style=\"display: none;\"><span class=\"fn\"><a href=\"https:\/\/dvelas.com\/es\/author\/arraitz\/\" title=\"Entradas de Arraitz\" rel=\"author\">Arraitz<\/a><\/span><\/span><span class=\"updated\" style=\"display:none;\">2020-12-05T19:58:38+00:00<\/span><span>diciembre 5th, 2020<\/span><span class=\"fusion-inline-sep\">|<\/span><\/p><p>Donostia-San Sebasti\u00e1n will host on Monday, November 20 and Tuesday, November 21, the BASQUE LIVING SAN SEBASTIAN event at the [...]<\/p><\/div><\/article><article class=\"post fusion-column column col col-lg-4 col-md-4 col-sm-4 fusion-animated\" data-animationType=\"fadeInLeft\" data-animationDuration=\"0.8\" data-animationOffset=\"top-into-view\"><div class=\"fusion-flexslider fusion-flexslider-loading flexslider flexslider-hover-type-zoomin\"><ul class=\"slides\"><li><a href=\"https:\/\/dvelas.com\/es\/dvelas-in-tokyos-spanish-embassys-design-exhibition\/\" aria-label=\"DVELAS in Tokyo\u2019s Spanish Embassy\u2019s Design Exhibition\" class=\"hover-type-zoomin\"><img loading=\"lazy\" decoding=\"async\" width=\"800\" height=\"800\" src=\"https:\/\/dvelas.com\/wp-content\/uploads\/2020\/06\/tokyo-exhibition-dvelas-outdoor-furniture.jpg\" class=\"attachment-full size-full\" alt=\"\" \/><\/a><\/li><\/ul><\/div><div class=\"recent-posts-content\"><span class=\"vcard\" style=\"display: none;\"><span class=\"fn\"><a href=\"https:\/\/dvelas.com\/es\/author\/arraitz\/\" title=\"Entradas de Arraitz\" rel=\"author\">Arraitz<\/a><\/span><\/span><span class=\"updated\" style=\"display:none;\">2020-12-05T20:00:58+00:00<\/span><h4 class=\"entry-title\"><a href=\"https:\/\/dvelas.com\/es\/dvelas-in-tokyos-spanish-embassys-design-exhibition\/\">DVELAS in Tokyo\u2019s Spanish Embassy\u2019s Design Exhibition<\/a><\/h4><p class=\"meta\"><span class=\"vcard\" style=\"display: none;\"><span class=\"fn\"><a href=\"https:\/\/dvelas.com\/es\/author\/arraitz\/\" title=\"Entradas de Arraitz\" rel=\"author\">Arraitz<\/a><\/span><\/span><span class=\"updated\" style=\"display:none;\">2020-12-05T20:00:58+00:00<\/span><span>diciembre 5th, 2020<\/span><span class=\"fusion-inline-sep\">|<\/span><\/p><p>A selected group of Spanish Habitat design brands participates, for the third year in a row, in a Seminar-Exhibition in [...]<\/p><\/div><\/article><article class=\"post fusion-column column col col-lg-4 col-md-4 col-sm-4 fusion-animated\" data-animationType=\"fadeInLeft\" data-animationDuration=\"0.8\" data-animationOffset=\"top-into-view\"><div class=\"fusion-flexslider fusion-flexslider-loading flexslider flexslider-hover-type-zoomin\"><ul class=\"slides\"><li><a href=\"https:\/\/dvelas.com\/es\/best-of-houzz\/\" aria-label=\"Best of houzz\" class=\"hover-type-zoomin\"><img loading=\"lazy\" decoding=\"async\" width=\"800\" height=\"800\" src=\"https:\/\/dvelas.com\/wp-content\/uploads\/2018\/01\/best-of-houzz.jpg\" class=\"attachment-full size-full\" alt=\"\" \/><\/a><\/li><\/ul><\/div><div class=\"recent-posts-content\"><span class=\"vcard\" style=\"display: none;\"><span class=\"fn\"><a href=\"https:\/\/dvelas.com\/es\/author\/arraitz\/\" title=\"Entradas de Arraitz\" rel=\"author\">Arraitz<\/a><\/span><\/span><span class=\"updated\" style=\"display:none;\">2020-12-05T20:02:07+00:00<\/span><h4 class=\"entry-title\"><a href=\"https:\/\/dvelas.com\/es\/best-of-houzz\/\">Best of houzz<\/a><\/h4><p class=\"meta\"><span class=\"vcard\" style=\"display: none;\"><span class=\"fn\"><a href=\"https:\/\/dvelas.com\/es\/author\/arraitz\/\" title=\"Entradas de Arraitz\" rel=\"author\">Arraitz<\/a><\/span><\/span><span class=\"updated\" style=\"display:none;\">2020-12-05T20:02:07+00:00<\/span><span>diciembre 5th, 2020<\/span><span class=\"fusion-inline-sep\">|<\/span><\/p><p>More than 40 millions of users by month have decided the professionals of design and the renovation of homes nominated [...]<\/p><\/div><\/article><article class=\"post fusion-column column col col-lg-4 col-md-4 col-sm-4 fusion-animated\" data-animationType=\"fadeInLeft\" data-animationDuration=\"0.8\" data-animationOffset=\"top-into-view\"><div class=\"fusion-flexslider fusion-flexslider-loading flexslider flexslider-hover-type-zoomin\"><ul class=\"slides\"><li><a href=\"https:\/\/dvelas.com\/es\/abu-dhabis-special-unique-editions\/\" aria-label=\"Abu Dhabi\u2019s Special Unique Editions\" class=\"hover-type-zoomin\"><img loading=\"lazy\" decoding=\"async\" width=\"800\" height=\"800\" src=\"https:\/\/dvelas.com\/wp-content\/uploads\/2020\/06\/abu-dhabi-sail-dvelas.jpg\" class=\"attachment-full size-full\" alt=\"\" \/><\/a><\/li><\/ul><\/div><div class=\"recent-posts-content\"><span class=\"vcard\" style=\"display: none;\"><span class=\"fn\"><a href=\"https:\/\/dvelas.com\/es\/author\/arraitz\/\" title=\"Entradas de Arraitz\" rel=\"author\">Arraitz<\/a><\/span><\/span><span class=\"updated\" style=\"display:none;\">2020-12-05T20:03:30+00:00<\/span><h4 class=\"entry-title\"><a href=\"https:\/\/dvelas.com\/es\/abu-dhabis-special-unique-editions\/\">Abu Dhabi\u2019s Special Unique Editions<\/a><\/h4><p class=\"meta\"><span class=\"vcard\" style=\"display: none;\"><span class=\"fn\"><a href=\"https:\/\/dvelas.com\/es\/author\/arraitz\/\" title=\"Entradas de Arraitz\" rel=\"author\">Arraitz<\/a><\/span><\/span><span class=\"updated\" style=\"display:none;\">2020-12-05T20:03:30+00:00<\/span><span>diciembre 5th, 2020<\/span><span class=\"fusion-inline-sep\">|<\/span><\/p><p>In the framework of the collaboration in favor of sustainability between the ship Turn the Tide on Plastic and DVELAS, [...]<\/p><\/div><\/article><article class=\"post fusion-column column col col-lg-4 col-md-4 col-sm-4 fusion-animated\" data-animationType=\"fadeInLeft\" data-animationDuration=\"0.8\" data-animationOffset=\"top-into-view\"><div class=\"fusion-flexslider fusion-flexslider-loading flexslider flexslider-hover-type-zoomin\"><ul class=\"slides\"><li><a href=\"https:\/\/dvelas.com\/es\/dvelas-joins-icff-nyc-2018\/\" aria-label=\"DVELAS joins ICFF NYC 2018\" class=\"hover-type-zoomin\"><img loading=\"lazy\" decoding=\"async\" width=\"800\" height=\"800\" src=\"https:\/\/dvelas.com\/wp-content\/uploads\/2020\/06\/icff-nyc-design-fair-dvelas.jpg\" class=\"attachment-full size-full\" alt=\"\" \/><\/a><\/li><\/ul><\/div><div class=\"recent-posts-content\"><span class=\"vcard\" style=\"display: none;\"><span class=\"fn\"><a href=\"https:\/\/dvelas.com\/es\/author\/arraitz\/\" title=\"Entradas de Arraitz\" rel=\"author\">Arraitz<\/a><\/span><\/span><span class=\"updated\" style=\"display:none;\">2020-12-05T20:04:50+00:00<\/span><h4 class=\"entry-title\"><a href=\"https:\/\/dvelas.com\/es\/dvelas-joins-icff-nyc-2018\/\">DVELAS joins ICFF NYC 2018<\/a><\/h4><p class=\"meta\"><span class=\"vcard\" style=\"display: none;\"><span class=\"fn\"><a href=\"https:\/\/dvelas.com\/es\/author\/arraitz\/\" title=\"Entradas de Arraitz\" rel=\"author\">Arraitz<\/a><\/span><\/span><span class=\"updated\" style=\"display:none;\">2020-12-05T20:04:50+00:00<\/span><span>diciembre 5th, 2020<\/span><span class=\"fusion-inline-sep\">|<\/span><\/p><p>Visit us!! May 20-23, 2018 Jacob K. Javits Convention Center, NYC. LEVEL\/NIVEL 3 \u2013 HALL 3B \u2013 STAND 1733. This [...]<\/p><\/div><\/article><article class=\"post fusion-column column col col-lg-4 col-md-4 col-sm-4 fusion-animated\" data-animationType=\"fadeInLeft\" data-animationDuration=\"0.8\" data-animationOffset=\"top-into-view\"><div class=\"fusion-flexslider fusion-flexslider-loading flexslider flexslider-hover-type-zoomin\"><ul class=\"slides\"><li><a href=\"https:\/\/dvelas.com\/es\/awnings-instalation-for-la-mer-in-dubai\/\" aria-label=\"Awnings instalation for LA MER in DUBAI\" class=\"hover-type-zoomin\"><img loading=\"lazy\" decoding=\"async\" width=\"800\" height=\"800\" src=\"https:\/\/dvelas.com\/wp-content\/uploads\/2020\/06\/beach-shade-sail-dubai-la-mer-dvelas.jpg\" class=\"attachment-full size-full\" alt=\"\" \/><\/a><\/li><\/ul><\/div><div class=\"recent-posts-content\"><span class=\"vcard\" style=\"display: none;\"><span class=\"fn\"><a href=\"https:\/\/dvelas.com\/es\/author\/arraitz\/\" title=\"Entradas de Arraitz\" rel=\"author\">Arraitz<\/a><\/span><\/span><span class=\"updated\" style=\"display:none;\">2020-12-05T20:06:20+00:00<\/span><h4 class=\"entry-title\"><a href=\"https:\/\/dvelas.com\/es\/awnings-instalation-for-la-mer-in-dubai\/\">Awnings instalation for LA MER in DUBAI<\/a><\/h4><p class=\"meta\"><span class=\"vcard\" style=\"display: none;\"><span class=\"fn\"><a href=\"https:\/\/dvelas.com\/es\/author\/arraitz\/\" title=\"Entradas de Arraitz\" rel=\"author\">Arraitz<\/a><\/span><\/span><span class=\"updated\" style=\"display:none;\">2020-12-05T20:06:20+00:00<\/span><span>diciembre 5th, 2020<\/span><span class=\"fusion-inline-sep\">|<\/span><\/p><p>DVELAS manufactured two hundred and fifty recycled sail awnings for the commercial installation LA MER in Dubai to protect the [...]<\/p><\/div><\/article><article class=\"post fusion-column column col col-lg-4 col-md-4 col-sm-4 fusion-animated\" data-animationType=\"fadeInLeft\" data-animationDuration=\"0.8\" data-animationOffset=\"top-into-view\"><div class=\"fusion-flexslider fusion-flexslider-loading flexslider flexslider-hover-type-zoomin\"><ul class=\"slides\"><li><a href=\"https:\/\/dvelas.com\/es\/maison-objet-paris-2019\/\" aria-label=\"Maison &#038; Objet Paris 2019\" class=\"hover-type-zoomin\"><img loading=\"lazy\" decoding=\"async\" width=\"800\" height=\"800\" src=\"https:\/\/dvelas.com\/wp-content\/uploads\/2020\/06\/maison-objet-paris-dvelas.jpg\" class=\"attachment-full size-full\" alt=\"\" \/><\/a><\/li><\/ul><\/div><div class=\"recent-posts-content\"><span class=\"vcard\" style=\"display: none;\"><span class=\"fn\"><a href=\"https:\/\/dvelas.com\/es\/author\/arraitz\/\" title=\"Entradas de Arraitz\" rel=\"author\">Arraitz<\/a><\/span><\/span><span class=\"updated\" style=\"display:none;\">2020-12-05T20:07:29+00:00<\/span><h4 class=\"entry-title\"><a href=\"https:\/\/dvelas.com\/es\/maison-objet-paris-2019\/\">Maison &#038; Objet Paris 2019<\/a><\/h4><p class=\"meta\"><span class=\"vcard\" style=\"display: none;\"><span class=\"fn\"><a href=\"https:\/\/dvelas.com\/es\/author\/arraitz\/\" title=\"Entradas de Arraitz\" rel=\"author\">Arraitz<\/a><\/span><\/span><span class=\"updated\" style=\"display:none;\">2020-12-05T20:07:29+00:00<\/span><span>diciembre 5th, 2020<\/span><span class=\"fusion-inline-sep\">|<\/span><\/p><p>DVELAS will attend the Maison &amp; Objet fair for the first time, in which it will present its collection and [...]<\/p><\/div><\/article><article class=\"post fusion-column column col col-lg-4 col-md-4 col-sm-4 fusion-animated\" data-animationType=\"fadeInLeft\" data-animationDuration=\"0.8\" data-animationOffset=\"top-into-view\"><div class=\"fusion-flexslider fusion-flexslider-loading flexslider flexslider-hover-type-zoomin\"><ul class=\"slides\"><li><a href=\"https:\/\/dvelas.com\/es\/giardina-live-your-garden\/\" aria-label=\"Giardina. Live your garden\" class=\"hover-type-zoomin\"><img loading=\"lazy\" decoding=\"async\" width=\"800\" height=\"800\" src=\"https:\/\/dvelas.com\/wp-content\/uploads\/2020\/06\/design-garden-furniture-dvelas.jpg\" class=\"attachment-full size-full\" alt=\"\" \/><\/a><\/li><\/ul><\/div><div class=\"recent-posts-content\"><span class=\"vcard\" style=\"display: none;\"><span class=\"fn\"><a href=\"https:\/\/dvelas.com\/es\/author\/arraitz\/\" title=\"Entradas de Arraitz\" rel=\"author\">Arraitz<\/a><\/span><\/span><span class=\"updated\" style=\"display:none;\">2020-12-05T20:09:14+00:00<\/span><h4 class=\"entry-title\"><a href=\"https:\/\/dvelas.com\/es\/giardina-live-your-garden\/\">Giardina. Live your garden<\/a><\/h4><p class=\"meta\"><span class=\"vcard\" style=\"display: none;\"><span class=\"fn\"><a href=\"https:\/\/dvelas.com\/es\/author\/arraitz\/\" title=\"Entradas de Arraitz\" rel=\"author\">Arraitz<\/a><\/span><\/span><span class=\"updated\" style=\"display:none;\">2020-12-05T20:09:14+00:00<\/span><span>diciembre 5th, 2020<\/span><span class=\"fusion-inline-sep\">|<\/span><\/p><p>DVELAS shows for the first time its outdoor furniture collection in GIARDINA \u2013 Switzerland in a 400 m2 big show [...]<\/p><\/div><\/article><article class=\"post fusion-column column col col-lg-4 col-md-4 col-sm-4 fusion-animated\" data-animationType=\"fadeInLeft\" data-animationDuration=\"0.8\" data-animationOffset=\"top-into-view\"><div class=\"fusion-flexslider fusion-flexslider-loading flexslider flexslider-hover-type-zoomin\"><ul class=\"slides\"><li><a href=\"https:\/\/dvelas.com\/es\/customized-stools-in-peck-milano\/\" aria-label=\"Customized stools in PECK Milano\" class=\"hover-type-zoomin\"><img loading=\"lazy\" decoding=\"async\" width=\"800\" height=\"800\" src=\"https:\/\/dvelas.com\/wp-content\/uploads\/2019\/03\/personalized-furniture-dvelas.jpg\" class=\"attachment-full size-full\" alt=\"\" \/><\/a><\/li><\/ul><\/div><div class=\"recent-posts-content\"><span class=\"vcard\" style=\"display: none;\"><span class=\"fn\"><a href=\"https:\/\/dvelas.com\/es\/author\/arraitz\/\" title=\"Entradas de Arraitz\" rel=\"author\">Arraitz<\/a><\/span><\/span><span class=\"updated\" style=\"display:none;\">2023-08-22T10:50:20+00:00<\/span><h4 class=\"entry-title\"><a href=\"https:\/\/dvelas.com\/es\/customized-stools-in-peck-milano\/\">Customized stools in PECK Milano<\/a><\/h4><p class=\"meta\"><span class=\"vcard\" style=\"display: none;\"><span class=\"fn\"><a href=\"https:\/\/dvelas.com\/es\/author\/arraitz\/\" title=\"Entradas de Arraitz\" rel=\"author\">Arraitz<\/a><\/span><\/span><span class=\"updated\" style=\"display:none;\">2023-08-22T10:50:20+00:00<\/span><span>diciembre 5th, 2020<\/span><span class=\"fusion-inline-sep\">|<\/span><\/p><p>Vudafieri-Saverino Partners\u2018\u00a0project in Peck city life pavilion in Milano has used DVELAS customized stools dyed in black. DVELAS also offers [...]<\/p><\/div><\/article><article class=\"post fusion-column column col col-lg-4 col-md-4 col-sm-4 fusion-animated\" data-animationType=\"fadeInLeft\" data-animationDuration=\"0.8\" data-animationOffset=\"top-into-view\"><div class=\"fusion-flexslider fusion-flexslider-loading flexslider flexslider-hover-type-zoomin\"><ul class=\"slides\"><li><a href=\"https:\/\/dvelas.com\/es\/brand-printed-armchairs-for-valencia\/\" aria-label=\"Brand printed armchairs for Valencia\" class=\"hover-type-zoomin\"><img loading=\"lazy\" decoding=\"async\" width=\"800\" height=\"800\" src=\"https:\/\/dvelas.com\/wp-content\/uploads\/2020\/06\/custom-branding-dvelas.jpg\" class=\"attachment-full size-full\" alt=\"\" \/><\/a><\/li><\/ul><\/div><div class=\"recent-posts-content\"><span class=\"vcard\" style=\"display: none;\"><span class=\"fn\"><a href=\"https:\/\/dvelas.com\/es\/author\/arraitz\/\" title=\"Entradas de Arraitz\" rel=\"author\">Arraitz<\/a><\/span><\/span><span class=\"updated\" style=\"display:none;\">2020-12-05T20:12:25+00:00<\/span><h4 class=\"entry-title\"><a href=\"https:\/\/dvelas.com\/es\/brand-printed-armchairs-for-valencia\/\">Brand printed armchairs for Valencia<\/a><\/h4><p class=\"meta\"><span class=\"vcard\" style=\"display: none;\"><span class=\"fn\"><a href=\"https:\/\/dvelas.com\/es\/author\/arraitz\/\" title=\"Entradas de Arraitz\" rel=\"author\">Arraitz<\/a><\/span><\/span><span class=\"updated\" style=\"display:none;\">2020-12-05T20:12:25+00:00<\/span><span>diciembre 5th, 2020<\/span><span class=\"fusion-inline-sep\">|<\/span><\/p><p>Customized\u00a0TACK\u00a0folding armchairs with brand printed on fabric for La M\u00e1s Bonita\u00a0coffee-shop in the heart of the city of Valencia, Spain. [...]<\/p><\/div><\/article><article class=\"post fusion-column column col col-lg-4 col-md-4 col-sm-4 fusion-animated\" data-animationType=\"fadeInLeft\" data-animationDuration=\"0.8\" data-animationOffset=\"top-into-view\"><div class=\"fusion-flexslider fusion-flexslider-loading flexslider flexslider-hover-type-zoomin\"><ul class=\"slides\"><li><a href=\"https:\/\/dvelas.com\/es\/chealse-flower-show\/\" aria-label=\"Chealse Flower Show\" class=\"hover-type-zoomin\"><img loading=\"lazy\" decoding=\"async\" width=\"800\" height=\"800\" src=\"https:\/\/dvelas.com\/wp-content\/uploads\/2020\/05\/chealse-flower-show-dvelas.jpg\" class=\"attachment-full size-full\" alt=\"\" \/><\/a><\/li><\/ul><\/div><div class=\"recent-posts-content\"><span class=\"vcard\" style=\"display: none;\"><span class=\"fn\"><a href=\"https:\/\/dvelas.com\/es\/author\/arraitz\/\" title=\"Entradas de Arraitz\" rel=\"author\">Arraitz<\/a><\/span><\/span><span class=\"updated\" style=\"display:none;\">2020-12-05T20:14:37+00:00<\/span><h4 class=\"entry-title\"><a href=\"https:\/\/dvelas.com\/es\/chealse-flower-show\/\">Chealse Flower Show<\/a><\/h4><p class=\"meta\"><span class=\"vcard\" style=\"display: none;\"><span class=\"fn\"><a href=\"https:\/\/dvelas.com\/es\/author\/arraitz\/\" title=\"Entradas de Arraitz\" rel=\"author\">Arraitz<\/a><\/span><\/span><span class=\"updated\" style=\"display:none;\">2020-12-05T20:14:37+00:00<\/span><span>diciembre 5th, 2020<\/span><span class=\"fusion-inline-sep\">|<\/span><\/p><p>DVELAS furniture at Joe Perkins designed\u00a0The Facebook Garden: Beyond the Screen exhibit. World-renowned, glamorous and quintessentially British, RHS Chelsea is [...]<\/p><\/div><\/article><article class=\"post fusion-column column col col-lg-4 col-md-4 col-sm-4 fusion-animated\" data-animationType=\"fadeInLeft\" data-animationDuration=\"0.8\" data-animationOffset=\"top-into-view\"><div class=\"fusion-flexslider fusion-flexslider-loading flexslider flexslider-hover-type-zoomin\"><ul class=\"slides\"><li><a href=\"https:\/\/dvelas.com\/es\/exposition-au-le-bon-marche-paris\/\" aria-label=\"Exposition au le Bon March\u00e9 Paris\" class=\"hover-type-zoomin\"><img loading=\"lazy\" decoding=\"async\" width=\"800\" height=\"800\" src=\"https:\/\/dvelas.com\/wp-content\/uploads\/2020\/05\/A-Babord_Toute_Le_Bon_Marche.jpg\" class=\"attachment-full size-full\" alt=\"\" \/><\/a><\/li><\/ul><\/div><div class=\"recent-posts-content\"><span class=\"vcard\" style=\"display: none;\"><span class=\"fn\"><a href=\"https:\/\/dvelas.com\/es\/author\/arraitz\/\" title=\"Entradas de Arraitz\" rel=\"author\">Arraitz<\/a><\/span><\/span><span class=\"updated\" style=\"display:none;\">2020-12-05T20:17:29+00:00<\/span><h4 class=\"entry-title\"><a href=\"https:\/\/dvelas.com\/es\/exposition-au-le-bon-marche-paris\/\">Exposition au le Bon March\u00e9 Paris<\/a><\/h4><p class=\"meta\"><span class=\"vcard\" style=\"display: none;\"><span class=\"fn\"><a href=\"https:\/\/dvelas.com\/es\/author\/arraitz\/\" title=\"Entradas de Arraitz\" rel=\"author\">Arraitz<\/a><\/span><\/span><span class=\"updated\" style=\"display:none;\">2020-12-05T20:17:29+00:00<\/span><span>diciembre 5th, 2020<\/span><span class=\"fusion-inline-sep\">|<\/span><\/p><p> A BABORD TOUTE! We have the luxury of exhibiting our furniture in the prestigious LE BON MARCH\u00c9 Shopping Center [...]<\/p><\/div><\/article><article class=\"post fusion-column column col col-lg-4 col-md-4 col-sm-4 fusion-animated\" data-animationType=\"fadeInLeft\" data-animationDuration=\"0.8\" data-animationOffset=\"top-into-view\"><div class=\"fusion-flexslider fusion-flexslider-loading flexslider flexslider-hover-type-zoomin\"><ul class=\"slides\"><li><a href=\"https:\/\/dvelas.com\/es\/dvelas-joins-habitat-fair-in-valencia\/\" aria-label=\"DVELAS joins Habitat Fair in Valencia\" class=\"hover-type-zoomin\"><img loading=\"lazy\" decoding=\"async\" width=\"800\" height=\"800\" src=\"https:\/\/dvelas.com\/wp-content\/uploads\/2019\/09\/habitat-contemporaneo-dvelas-valencia.jpg\" class=\"attachment-full size-full\" alt=\"\" \/><\/a><\/li><\/ul><\/div><div class=\"recent-posts-content\"><span class=\"vcard\" style=\"display: none;\"><span class=\"fn\"><a href=\"https:\/\/dvelas.com\/es\/author\/arraitz\/\" title=\"Entradas de Arraitz\" rel=\"author\">Arraitz<\/a><\/span><\/span><span class=\"updated\" style=\"display:none;\">2020-12-05T20:20:13+00:00<\/span><h4 class=\"entry-title\"><a href=\"https:\/\/dvelas.com\/es\/dvelas-joins-habitat-fair-in-valencia\/\">DVELAS joins Habitat Fair in Valencia<\/a><\/h4><p class=\"meta\"><span class=\"vcard\" style=\"display: none;\"><span class=\"fn\"><a href=\"https:\/\/dvelas.com\/es\/author\/arraitz\/\" title=\"Entradas de Arraitz\" rel=\"author\">Arraitz<\/a><\/span><\/span><span class=\"updated\" style=\"display:none;\">2020-12-05T20:20:13+00:00<\/span><span>diciembre 5th, 2020<\/span><span class=\"fusion-inline-sep\">|<\/span><\/p><p> We continue reusing sails to transforming them into beautiful furniture designed to fuse beauty, comfort and durability. Sails that [...]<\/p><\/div><\/article><article class=\"post fusion-column column col col-lg-4 col-md-4 col-sm-4 fusion-animated\" data-animationType=\"fadeInLeft\" data-animationDuration=\"0.8\" data-animationOffset=\"top-into-view\"><div class=\"fusion-flexslider fusion-flexslider-loading flexslider flexslider-hover-type-zoomin\"><ul class=\"slides\"><li><a href=\"https:\/\/dvelas.com\/es\/dvelas-lighting-design-project\/\" aria-label=\"DVELAS Lighting Design Project\" class=\"hover-type-zoomin\"><img loading=\"lazy\" decoding=\"async\" width=\"640\" height=\"480\" src=\"https:\/\/dvelas.com\/wp-content\/uploads\/2020\/01\/sustainable-led-lamp-.jpg\" class=\"attachment-full size-full\" alt=\"\" \/><\/a><\/li><\/ul><\/div><div class=\"recent-posts-content\"><span class=\"vcard\" style=\"display: none;\"><span class=\"fn\"><a href=\"https:\/\/dvelas.com\/es\/author\/arraitz\/\" title=\"Entradas de Arraitz\" rel=\"author\">Arraitz<\/a><\/span><\/span><span class=\"updated\" style=\"display:none;\">2020-12-05T20:21:19+00:00<\/span><h4 class=\"entry-title\"><a href=\"https:\/\/dvelas.com\/es\/dvelas-lighting-design-project\/\">DVELAS Lighting Design Project<\/a><\/h4><p class=\"meta\"><span class=\"vcard\" style=\"display: none;\"><span class=\"fn\"><a href=\"https:\/\/dvelas.com\/es\/author\/arraitz\/\" title=\"Entradas de Arraitz\" rel=\"author\">Arraitz<\/a><\/span><\/span><span class=\"updated\" style=\"display:none;\">2020-12-05T20:21:19+00:00<\/span><span>diciembre 5th, 2020<\/span><span class=\"fusion-inline-sep\">|<\/span><\/p><p> We present our latest project which we are promoting through a crowdfunding campaign.\u00a0We have been working on this lighting [...]<\/p><\/div><\/article><article class=\"post fusion-column column col col-lg-4 col-md-4 col-sm-4 fusion-animated\" data-animationType=\"fadeInLeft\" data-animationDuration=\"0.8\" data-animationOffset=\"top-into-view\"><div class=\"fusion-flexslider fusion-flexslider-loading flexslider flexslider-hover-type-zoomin\"><ul class=\"slides\"><li><a href=\"https:\/\/dvelas.com\/es\/european-design-award\/\" aria-label=\"European Design Award\" class=\"hover-type-zoomin\"><img loading=\"lazy\" decoding=\"async\" width=\"800\" height=\"800\" src=\"https:\/\/dvelas.com\/wp-content\/uploads\/2020\/08\/european-design-award-1.jpg\" class=\"attachment-full size-full\" alt=\"\" \/><\/a><\/li><\/ul><\/div><div class=\"recent-posts-content\"><span class=\"vcard\" style=\"display: none;\"><span class=\"fn\"><a href=\"https:\/\/dvelas.com\/es\/author\/arraitz\/\" title=\"Entradas de Arraitz\" rel=\"author\">Arraitz<\/a><\/span><\/span><span class=\"updated\" style=\"display:none;\">2021-10-04T15:35:11+00:00<\/span><h4 class=\"entry-title\"><a href=\"https:\/\/dvelas.com\/es\/european-design-award\/\">European Design Award<\/a><\/h4><p class=\"meta\"><span class=\"vcard\" style=\"display: none;\"><span class=\"fn\"><a href=\"https:\/\/dvelas.com\/es\/author\/arraitz\/\" title=\"Entradas de Arraitz\" rel=\"author\">Arraitz<\/a><\/span><\/span><span class=\"updated\" style=\"display:none;\">2021-10-04T15:35:11+00:00<\/span><span>agosto 26th, 2020<\/span><span class=\"fusion-inline-sep\">|<\/span><\/p><p>DVELAS wins the honorable mention of the European Product Design Award of 2020. <\/p><\/div><\/article><article class=\"post fusion-column column col col-lg-4 col-md-4 col-sm-4 fusion-animated\" data-animationType=\"fadeInLeft\" data-animationDuration=\"0.8\" data-animationOffset=\"top-into-view\"><div class=\"fusion-flexslider fusion-flexslider-loading flexslider flexslider-hover-type-zoomin\"><ul class=\"slides\"><li><a href=\"https:\/\/dvelas.com\/es\/ulule-lighting-project\/\" aria-label=\"Ulule Lighting Patrons\" class=\"hover-type-zoomin\"><img loading=\"lazy\" decoding=\"async\" width=\"800\" height=\"800\" src=\"https:\/\/dvelas.com\/wp-content\/uploads\/2020\/05\/ulule-project-lighting-dvelas.jpg\" class=\"attachment-full size-full\" alt=\"\" \/><\/a><\/li><\/ul><\/div><div class=\"recent-posts-content\"><span class=\"vcard\" style=\"display: none;\"><span class=\"fn\"><a href=\"https:\/\/dvelas.com\/es\/author\/arraitz\/\" title=\"Entradas de Arraitz\" rel=\"author\">Arraitz<\/a><\/span><\/span><span class=\"updated\" style=\"display:none;\">2020-03-02T05:19:28+00:00<\/span><h4 class=\"entry-title\"><a href=\"https:\/\/dvelas.com\/es\/ulule-lighting-project\/\">Ulule Lighting Patrons<\/a><\/h4><p class=\"meta\"><span class=\"vcard\" style=\"display: none;\"><span class=\"fn\"><a href=\"https:\/\/dvelas.com\/es\/author\/arraitz\/\" title=\"Entradas de Arraitz\" rel=\"author\">Arraitz<\/a><\/span><\/span><span class=\"updated\" style=\"display:none;\">2020-03-02T05:19:28+00:00<\/span><span>marzo 2nd, 2020<\/span><span class=\"fusion-inline-sep\">|<\/span><\/p><p>Thanks with all our heart to the contributions you have made to launch the new line of DVELAS lamps. We did it!<\/p><\/div><\/article><article class=\"post fusion-column column col col-lg-4 col-md-4 col-sm-4 fusion-animated\" data-animationType=\"fadeInLeft\" data-animationDuration=\"0.8\" data-animationOffset=\"top-into-view\"><div class=\"fusion-flexslider fusion-flexslider-loading flexslider flexslider-hover-type-zoomin\"><ul class=\"slides\"><li><a href=\"https:\/\/dvelas.com\/es\/iconic-awards-2017-selection\/\" aria-label=\"ICONIC AWARDS 2017 Selection\" class=\"hover-type-zoomin\"><img loading=\"lazy\" decoding=\"async\" width=\"800\" height=\"800\" src=\"https:\/\/dvelas.com\/wp-content\/uploads\/2020\/06\/iconic-awards-2017.jpg\" class=\"attachment-full size-full\" alt=\"\" \/><\/a><\/li><\/ul><\/div><div class=\"recent-posts-content\"><span class=\"vcard\" style=\"display: none;\"><span class=\"fn\"><a href=\"https:\/\/dvelas.com\/es\/author\/arraitz\/\" title=\"Entradas de Arraitz\" rel=\"author\">Arraitz<\/a><\/span><\/span><span class=\"updated\" style=\"display:none;\">2021-09-29T12:31:40+00:00<\/span><h4 class=\"entry-title\"><a href=\"https:\/\/dvelas.com\/es\/iconic-awards-2017-selection\/\">ICONIC AWARDS 2017 Selection<\/a><\/h4><p class=\"meta\"><span class=\"vcard\" style=\"display: none;\"><span class=\"fn\"><a href=\"https:\/\/dvelas.com\/es\/author\/arraitz\/\" title=\"Entradas de Arraitz\" rel=\"author\">Arraitz<\/a><\/span><\/span><span class=\"updated\" style=\"display:none;\">2021-09-29T12:31:40+00:00<\/span><span>diciembre 5th, 2017<\/span><span class=\"fusion-inline-sep\">|<\/span><\/p><p>DVELAS' Marine Plywood &amp; Sail program has been awarded as ICONIC AWARDS 2017: Interior Innovation \u2013 Selection! The goal of [...]<\/p><\/div><\/article><article class=\"post fusion-column column col col-lg-4 col-md-4 col-sm-4 fusion-animated\" data-animationType=\"fadeInLeft\" data-animationDuration=\"0.8\" data-animationOffset=\"top-into-view\"><div class=\"fusion-flexslider fusion-flexslider-loading flexslider flexslider-hover-type-zoomin\"><ul class=\"slides\"><li><a href=\"https:\/\/dvelas.com\/es\/dvelas-wins-icffs-editors-awards\/\" aria-label=\"DVELAS wins ICFF\u2019s Editors\u2019 Awards\" class=\"hover-type-zoomin\"><img loading=\"lazy\" decoding=\"async\" width=\"800\" height=\"800\" src=\"https:\/\/dvelas.com\/wp-content\/uploads\/2020\/06\/icff-editors-award-dvelas-outdoor-furniture-nyc.jpg\" class=\"attachment-full size-full\" alt=\"\" \/><\/a><\/li><\/ul><\/div><div class=\"recent-posts-content\"><span class=\"vcard\" style=\"display: none;\"><span class=\"fn\"><a href=\"https:\/\/dvelas.com\/es\/author\/arraitz\/\" title=\"Entradas de Arraitz\" rel=\"author\">Arraitz<\/a><\/span><\/span><span class=\"updated\" style=\"display:none;\">2021-09-29T12:31:52+00:00<\/span><h4 class=\"entry-title\"><a href=\"https:\/\/dvelas.com\/es\/dvelas-wins-icffs-editors-awards\/\">DVELAS wins ICFF\u2019s Editors\u2019 Awards<\/a><\/h4><p class=\"meta\"><span class=\"vcard\" style=\"display: none;\"><span class=\"fn\"><a href=\"https:\/\/dvelas.com\/es\/author\/arraitz\/\" title=\"Entradas de Arraitz\" rel=\"author\">Arraitz<\/a><\/span><\/span><span class=\"updated\" style=\"display:none;\">2021-09-29T12:31:52+00:00<\/span><span>diciembre 5th, 2017<\/span><span class=\"fusion-inline-sep\">|<\/span><\/p><p>The 2017 Editors\u2019 Awards judges, a committee of five leading design industry media, scoured the show floor to discover the [...]<\/p><\/div><\/article><\/section><\/div><div class=\"fusion-clearfix\"><\/div><\/div><\/div><div class=\"fusion-layout-column fusion_builder_column fusion-builder-column-2 fusion_builder_column_1_4 1_4 fusion-one-fourth fusion-column-last fusion-column-no-min-height\" style=\"width:22%;margin-top:0px;margin-bottom:0px;\"><div class=\"fusion-column-wrapper fusion-flex-column-wrapper-legacy\" style=\"background-position:left top;background-repeat:no-repeat;-webkit-background-size:cover;-moz-background-size:cover;-o-background-size:cover;background-size:cover;padding: 0px 0px 0px 0px;\"><div class=\"fusion-widget-area fusion-widget-area-1 fusion-content-widget-area\"><style type=\"text\/css\">.fusion-widget-area-1 {padding:0px 0px 0px 0px;}.fusion-widget-area-1 .widget h4 {color:#333333;}.fusion-widget-area-1 .widget .heading h4 {color:#333333;}.fusion-widget-area-1 .widget h4 {font-size:POST BY CATEGORY;}.fusion-widget-area-1 .widget .heading h4 {font-size:POST BY CATEGORY;}<\/style><div id=\"search-7\" class=\"widget widget_search\" style=\"border-style: solid;border-color:transparent;border-width:0px;\"><div class=\"heading\"><h4 class=\"widget-title\">Search<\/h4><\/div>\t\t<form role=\"search\" class=\"searchform fusion-search-form  fusion-search-form-classic\" method=\"get\" action=\"https:\/\/dvelas.com\/es\/\">\n\t\t\t<div class=\"fusion-search-form-content\">\n\n\t\t\t\t\n\t\t\t\t<div class=\"fusion-search-field search-field\">\n\t\t\t\t\t<label><span class=\"screen-reader-text\">Buscar:<\/span>\n\t\t\t\t\t\t\t\t\t\t\t\t\t<input type=\"search\" value=\"\" name=\"s\" class=\"s\" placeholder=\"Buscar...\" required aria-required=\"true\" aria-label=\"Buscar...\"\/>\n\t\t\t\t\t\t\t\t\t\t\t<\/label>\n\t\t\t\t<\/div>\n\t\t\t\t<div class=\"fusion-search-button search-button\">\n\t\t\t\t\t<input type=\"submit\" class=\"fusion-search-submit searchsubmit\" aria-label=\"Buscar\" value=\"&#xf002;\" \/>\n\t\t\t\t\t\t\t\t\t<\/div>\n\n\t\t\t\t\n\t\t\t<\/div>\n\n\n\t\t\t\n\t\t<\/form>\n\t\t<\/div>\n\t\t<div id=\"recent-posts-3\" class=\"widget widget_recent_entries\" style=\"border-style: solid;border-color:transparent;border-width:0px;\">\n\t\t<div class=\"heading\"><h4 class=\"widget-title\">Dvelas Recent Post<\/h4><\/div>\n\t\t<ul>\n\t\t\t\t\t\t\t\t\t\t\t<li>\n\t\t\t\t\t<a href=\"https:\/\/dvelas.com\/es\/interihotel-madrid-2024\/\">interihotel Madrid 2024<\/a>\n\t\t\t\t\t\t\t\t\t\t\t<span class=\"post-date\">22.05.2024<\/span>\n\t\t\t\t\t\t\t\t\t<\/li>\n\t\t\t\t\t\t\t\t\t\t\t<li>\n\t\t\t\t\t<a href=\"https:\/\/dvelas.com\/es\/international-sustainable-awards-2024\/\">Internatioal Sustainable Awards 2024<\/a>\n\t\t\t\t\t\t\t\t\t\t\t<span class=\"post-date\">14.02.2024<\/span>\n\t\t\t\t\t\t\t\t\t<\/li>\n\t\t\t\t\t\t\t\t\t\t\t<li>\n\t\t\t\t\t<a href=\"https:\/\/dvelas.com\/es\/nueva-tienda-online\/\">\u00a1Nueva tienda online!<\/a>\n\t\t\t\t\t\t\t\t\t\t\t<span class=\"post-date\">27.09.2023<\/span>\n\t\t\t\t\t\t\t\t\t<\/li>\n\t\t\t\t\t\t\t\t\t\t\t<li>\n\t\t\t\t\t<a href=\"https:\/\/dvelas.com\/es\/dvelas-en-interihotel-este-octubre\/\">DVELAS en interihotel<\/a>\n\t\t\t\t\t\t\t\t\t\t\t<span class=\"post-date\">22.08.2023<\/span>\n\t\t\t\t\t\t\t\t\t<\/li>\n\t\t\t\t\t\t\t\t\t\t\t<li>\n\t\t\t\t\t<a href=\"https:\/\/dvelas.com\/es\/exclusive-event-sc-luxury\/\">Evento exclusivo SC Luxury<\/a>\n\t\t\t\t\t\t\t\t\t\t\t<span class=\"post-date\">10.02.2023<\/span>\n\t\t\t\t\t\t\t\t\t<\/li>\n\t\t\t\t\t<\/ul>\n\n\t\t<\/div><div id=\"categories-3\" class=\"widget widget_categories\" style=\"border-style: solid;border-color:transparent;border-width:0px;\"><div class=\"heading\"><h4 class=\"widget-title\">Categories<\/h4><\/div>\n\t\t\t<ul>\n\t\t\t\t\t<li class=\"cat-item cat-item-284\"><a href=\"https:\/\/dvelas.com\/es\/category\/award\/\">Award<\/a>\n<\/li>\n\t<li class=\"cat-item cat-item-139\"><a href=\"https:\/\/dvelas.com\/es\/category\/event-es\/\">Event<\/a>\n<\/li>\n\t<li class=\"cat-item cat-item-140\"><a href=\"https:\/\/dvelas.com\/es\/category\/lighting-es\/\">Lighting<\/a>\n<\/li>\n\t<li class=\"cat-item cat-item-142\"><a href=\"https:\/\/dvelas.com\/es\/category\/outdoor-furniture-es\/\">Outdoor Furniture<\/a>\n<\/li>\n\t<li class=\"cat-item cat-item-141\"><a href=\"https:\/\/dvelas.com\/es\/category\/shade-sail-es\/\">Shade Sail<\/a>\n<\/li>\n\t<li class=\"cat-item cat-item-123\"><a href=\"https:\/\/dvelas.com\/es\/category\/sin-categorizar\/\">Sin categorizar<\/a>\n<\/li>\n\t<li class=\"cat-item cat-item-285\"><a href=\"https:\/\/dvelas.com\/es\/category\/sustainability\/\">Sustainability<\/a>\n<\/li>\n\t\t\t<\/ul>\n\n\t\t\t<\/div><div class=\"fusion-additional-widget-content\"><\/div><\/div><div class=\"fusion-clearfix\"><\/div><\/div><\/div><\/div><\/div><\/p>\n","protected":false},"excerpt":{"rendered":"","protected":false},"author":2,"featured_media":0,"parent":0,"menu_order":0,"comment_status":"closed","ping_status":"closed","template":"","meta":{"content-type":"","_uag_custom_page_level_css":"","footnotes":""},"class_list":["post-7113","page","type-page","status-publish","hentry"],"yoast_head":"<!-- This site is optimized with the Yoast SEO plugin v27.5 - https:\/\/yoast.com\/product\/yoast-seo-wordpress\/ -->\n<title>News - DVELAS<\/title>\n<meta name=\"description\" content=\"Periodic news of projects, events and fairs of DVELAS Living Sails. Follow us in our social media and news blog.\" \/>\n<meta name=\"robots\" content=\"index, follow, max-snippet:-1, max-image-preview:large, max-video-preview:-1\" \/>\n<link rel=\"canonical\" href=\"https:\/\/dvelas.com\/es\/news-projects-events\/\" \/>\n<meta property=\"og:locale\" content=\"es_ES\" \/>\n<meta property=\"og:type\" content=\"article\" \/>\n<meta property=\"og:title\" content=\"News - DVELAS\" \/>\n<meta property=\"og:description\" content=\"Periodic news of projects, events and fairs of DVELAS Living Sails. Follow us in our social media and news blog.\" \/>\n<meta property=\"og:url\" content=\"https:\/\/dvelas.com\/es\/news-projects-events\/\" \/>\n<meta property=\"og:site_name\" content=\"DVELAS\" \/>\n<meta property=\"article:publisher\" content=\"https:\/\/www.facebook.com\/dvelasdesign\/\" \/>\n<meta property=\"article:modified_time\" content=\"2021-11-05T12:34:39+00:00\" \/>\n<meta name=\"twitter:card\" content=\"summary_large_image\" \/>\n<meta name=\"twitter:site\" content=\"@dvelasdesign\" \/>\n<meta name=\"twitter:label1\" content=\"Tiempo de lectura\" \/>\n\t<meta name=\"twitter:data1\" content=\"4 minutos\" \/>\n<script type=\"application\/ld+json\" class=\"yoast-schema-graph\">{\"@context\":\"https:\\\/\\\/schema.org\",\"@graph\":[{\"@type\":\"WebPage\",\"@id\":\"https:\\\/\\\/dvelas.com\\\/es\\\/news-projects-events\\\/\",\"url\":\"https:\\\/\\\/dvelas.com\\\/es\\\/news-projects-events\\\/\",\"name\":\"News - DVELAS\",\"isPartOf\":{\"@id\":\"https:\\\/\\\/dvelas.com\\\/#website\"},\"datePublished\":\"2016-03-01T02:21:41+00:00\",\"dateModified\":\"2021-11-05T12:34:39+00:00\",\"description\":\"Periodic news of projects, events and fairs of DVELAS Living Sails. Follow us in our social media and news blog.\",\"breadcrumb\":{\"@id\":\"https:\\\/\\\/dvelas.com\\\/es\\\/news-projects-events\\\/#breadcrumb\"},\"inLanguage\":\"es\",\"potentialAction\":[{\"@type\":\"ReadAction\",\"target\":[\"https:\\\/\\\/dvelas.com\\\/es\\\/news-projects-events\\\/\"]}]},{\"@type\":\"BreadcrumbList\",\"@id\":\"https:\\\/\\\/dvelas.com\\\/es\\\/news-projects-events\\\/#breadcrumb\",\"itemListElement\":[{\"@type\":\"ListItem\",\"position\":1,\"name\":\"Home\",\"item\":\"https:\\\/\\\/dvelas.com\\\/es\\\/\"},{\"@type\":\"ListItem\",\"position\":2,\"name\":\"News\"}]},{\"@type\":\"WebSite\",\"@id\":\"https:\\\/\\\/dvelas.com\\\/#website\",\"url\":\"https:\\\/\\\/dvelas.com\\\/\",\"name\":\"DVELAS\",\"description\":\"Muebles de exterior y velas de sombra para uso dom\u00e9stico y comercial. Dise\u00f1os para un mundo sostenible. Compromiso de econom\u00eda circular.\",\"publisher\":{\"@id\":\"https:\\\/\\\/dvelas.com\\\/#organization\"},\"potentialAction\":[{\"@type\":\"SearchAction\",\"target\":{\"@type\":\"EntryPoint\",\"urlTemplate\":\"https:\\\/\\\/dvelas.com\\\/?s={search_term_string}\"},\"query-input\":{\"@type\":\"PropertyValueSpecification\",\"valueRequired\":true,\"valueName\":\"search_term_string\"}}],\"inLanguage\":\"es\"},{\"@type\":\"Organization\",\"@id\":\"https:\\\/\\\/dvelas.com\\\/#organization\",\"name\":\"Dvelas Sustainable Design\",\"url\":\"https:\\\/\\\/dvelas.com\\\/\",\"logo\":{\"@type\":\"ImageObject\",\"inLanguage\":\"es\",\"@id\":\"https:\\\/\\\/dvelas.com\\\/#\\\/schema\\\/logo\\\/image\\\/\",\"url\":\"https:\\\/\\\/dvelas.com\\\/wp-content\\\/uploads\\\/2020\\\/05\\\/design-outdoor-furniture-310.png\",\"contentUrl\":\"https:\\\/\\\/dvelas.com\\\/wp-content\\\/uploads\\\/2020\\\/05\\\/design-outdoor-furniture-310.png\",\"width\":310,\"height\":130,\"caption\":\"Dvelas Sustainable Design\"},\"image\":{\"@id\":\"https:\\\/\\\/dvelas.com\\\/#\\\/schema\\\/logo\\\/image\\\/\"},\"sameAs\":[\"https:\\\/\\\/www.facebook.com\\\/dvelasdesign\\\/\",\"https:\\\/\\\/x.com\\\/dvelasdesign\",\"https:\\\/\\\/www.instagram.com\\\/dvelas\\\/\",\"https:\\\/\\\/www.linkedin.com\\\/company\\\/dvelas\\\/\",\"https:\\\/\\\/www.pinterest.com\\\/dvelasdesign\\\/\",\"https:\\\/\\\/www.youtube.com\\\/c\\\/DvelasDesign\\\/featured\"]}]}<\/script>\n<!-- \/ Yoast SEO plugin. -->","yoast_head_json":{"title":"News - DVELAS","description":"Periodic news of projects, events and fairs of DVELAS Living Sails. Follow us in our social media and news blog.","robots":{"index":"index","follow":"follow","max-snippet":"max-snippet:-1","max-image-preview":"max-image-preview:large","max-video-preview":"max-video-preview:-1"},"canonical":"https:\/\/dvelas.com\/es\/news-projects-events\/","og_locale":"es_ES","og_type":"article","og_title":"News - DVELAS","og_description":"Periodic news of projects, events and fairs of DVELAS Living Sails. Follow us in our social media and news blog.","og_url":"https:\/\/dvelas.com\/es\/news-projects-events\/","og_site_name":"DVELAS","article_publisher":"https:\/\/www.facebook.com\/dvelasdesign\/","article_modified_time":"2021-11-05T12:34:39+00:00","twitter_card":"summary_large_image","twitter_site":"@dvelasdesign","twitter_misc":{"Tiempo de lectura":"4 minutos"},"schema":{"@context":"https:\/\/schema.org","@graph":[{"@type":"WebPage","@id":"https:\/\/dvelas.com\/es\/news-projects-events\/","url":"https:\/\/dvelas.com\/es\/news-projects-events\/","name":"News - DVELAS","isPartOf":{"@id":"https:\/\/dvelas.com\/#website"},"datePublished":"2016-03-01T02:21:41+00:00","dateModified":"2021-11-05T12:34:39+00:00","description":"Periodic news of projects, events and fairs of DVELAS Living Sails. Follow us in our social media and news blog.","breadcrumb":{"@id":"https:\/\/dvelas.com\/es\/news-projects-events\/#breadcrumb"},"inLanguage":"es","potentialAction":[{"@type":"ReadAction","target":["https:\/\/dvelas.com\/es\/news-projects-events\/"]}]},{"@type":"BreadcrumbList","@id":"https:\/\/dvelas.com\/es\/news-projects-events\/#breadcrumb","itemListElement":[{"@type":"ListItem","position":1,"name":"Home","item":"https:\/\/dvelas.com\/es\/"},{"@type":"ListItem","position":2,"name":"News"}]},{"@type":"WebSite","@id":"https:\/\/dvelas.com\/#website","url":"https:\/\/dvelas.com\/","name":"DVELAS","description":"Muebles de exterior y velas de sombra para uso dom\u00e9stico y comercial. Dise\u00f1os para un mundo sostenible. Compromiso de econom\u00eda circular.","publisher":{"@id":"https:\/\/dvelas.com\/#organization"},"potentialAction":[{"@type":"SearchAction","target":{"@type":"EntryPoint","urlTemplate":"https:\/\/dvelas.com\/?s={search_term_string}"},"query-input":{"@type":"PropertyValueSpecification","valueRequired":true,"valueName":"search_term_string"}}],"inLanguage":"es"},{"@type":"Organization","@id":"https:\/\/dvelas.com\/#organization","name":"Dvelas Sustainable Design","url":"https:\/\/dvelas.com\/","logo":{"@type":"ImageObject","inLanguage":"es","@id":"https:\/\/dvelas.com\/#\/schema\/logo\/image\/","url":"https:\/\/dvelas.com\/wp-content\/uploads\/2020\/05\/design-outdoor-furniture-310.png","contentUrl":"https:\/\/dvelas.com\/wp-content\/uploads\/2020\/05\/design-outdoor-furniture-310.png","width":310,"height":130,"caption":"Dvelas Sustainable Design"},"image":{"@id":"https:\/\/dvelas.com\/#\/schema\/logo\/image\/"},"sameAs":["https:\/\/www.facebook.com\/dvelasdesign\/","https:\/\/x.com\/dvelasdesign","https:\/\/www.instagram.com\/dvelas\/","https:\/\/www.linkedin.com\/company\/dvelas\/","https:\/\/www.pinterest.com\/dvelasdesign\/","https:\/\/www.youtube.com\/c\/DvelasDesign\/featured"]}]}},"uagb_featured_image_src":{"full":false,"thumbnail":false,"medium":false,"medium_large":false,"large":false,"1536x1536":false,"2048x2048":false,"blog-large":false,"blog-medium":false,"recent-posts":false,"recent-works-thumbnail":false,"fusion-200":false,"fusion-400":false,"fusion-600":false,"fusion-800":false,"fusion-1200":false,"portfolio-full":false,"portfolio-one":false,"portfolio-two":false,"portfolio-three":false,"portfolio-five":false},"uagb_author_info":{"display_name":"Arraitz","author_link":"https:\/\/dvelas.com\/es\/author\/arraitz\/"},"uagb_comment_info":0,"uagb_excerpt":null,"_links":{"self":[{"href":"https:\/\/dvelas.com\/es\/wp-json\/wp\/v2\/pages\/7113","targetHints":{"allow":["GET"]}}],"collection":[{"href":"https:\/\/dvelas.com\/es\/wp-json\/wp\/v2\/pages"}],"about":[{"href":"https:\/\/dvelas.com\/es\/wp-json\/wp\/v2\/types\/page"}],"author":[{"embeddable":true,"href":"https:\/\/dvelas.com\/es\/wp-json\/wp\/v2\/users\/2"}],"replies":[{"embeddable":true,"href":"https:\/\/dvelas.com\/es\/wp-json\/wp\/v2\/comments?post=7113"}],"version-history":[{"count":6,"href":"https:\/\/dvelas.com\/es\/wp-json\/wp\/v2\/pages\/7113\/revisions"}],"predecessor-version":[{"id":8606,"href":"https:\/\/dvelas.com\/es\/wp-json\/wp\/v2\/pages\/7113\/revisions\/8606"}],"wp:attachment":[{"href":"https:\/\/dvelas.com\/es\/wp-json\/wp\/v2\/media?parent=7113"}],"curies":[{"name":"wp","href":"https:\/\/api.w.org\/{rel}","templated":true}]}}