{"id":7124,"date":"2020-12-02T10:19:48","date_gmt":"2020-12-02T10:19:48","guid":{"rendered":"https:\/\/dvelas.com\/velas-sombra\/"},"modified":"2025-08-28T09:25:07","modified_gmt":"2025-08-28T09:25:07","slug":"velas-sombra-de-velas-recuperadas","status":"publish","type":"page","link":"https:\/\/dvelas.com\/es\/velas-sombra-de-velas-recuperadas\/","title":{"rendered":"Identidad"},"content":{"rendered":"<p><div class=\"fusion-fullwidth fullwidth-box fusion-builder-row-1 nonhundred-percent-fullwidth non-hundred-percent-height-scrolling\" style=\"background-color: rgba(255,255,255,0);background-position: center center;background-repeat: no-repeat;padding-top:0px;padding-right:0px;padding-bottom:0px;padding-left:0px;margin-bottom: 0px;margin-top: 0px;border-width: 0px 0px 0px 0px;border-color:#eae9e9;border-style:solid;\" ><div class=\"fusion-builder-row fusion-row\"><\/div><\/div><div class=\"fusion-fullwidth fullwidth-box fusion-builder-row-2 nonhundred-percent-fullwidth non-hundred-percent-height-scrolling\" style=\"background-color: rgba(255,255,255,0);background-position: center center;background-repeat: no-repeat;padding-top:0px;padding-right:0px;padding-bottom:0px;padding-left:0px;margin-bottom: 0px;margin-top: 0px;border-width: 0px 0px 0px 0px;border-color:#eae9e9;border-style:solid;\" ><div class=\"fusion-builder-row fusion-row\"><div class=\"fusion-layout-column fusion_builder_column fusion-builder-column-0 fusion_builder_column_1_1 1_1 fusion-one-full fusion-column-first fusion-column-last\" style=\"margin-top:0px;margin-bottom:0px;\"><div class=\"fusion-column-wrapper fusion-flex-column-wrapper-legacy\" style=\"background-position:left top;background-repeat:no-repeat;-webkit-background-size:cover;-moz-background-size:cover;-o-background-size:cover;background-size:cover;padding: 0px 0px 0px 0px;\"><div class=\"fusion-column-content-centered\"><div class=\"fusion-column-content\"><div class=\"fusion-sep-clear\"><\/div><div class=\"fusion-separator fusion-full-width-sep\" style=\"margin-left: auto;margin-right: auto;width:100%;\"><\/div><div class=\"fusion-sep-clear\"><\/div><div class=\"fusion-text fusion-text-1\"><h1 style=\"text-align: center;\">DVELAS<\/h1>\n<\/div><div class=\"fusion-text fusion-text-2\"><p class=\"cvGsUA direction-ltr align-start para-style-body\"><span class=\"OYPEnA font-feature-liga-off font-feature-clig-off font-feature-calt-off text-decoration-none text-strikethrough-none\">DVELAS , es un proyecto gestado en Pamplona en el que transforma velas usadas de veleros Maxi-Yates en sistemas de sombreado y mobiliario de dise\u00f1o contempor\u00e1neo.<\/span><\/p>\n<p class=\"cvGsUA direction-ltr align-start para-style-body\"><span class=\"OYPEnA font-feature-liga-off font-feature-clig-off font-feature-calt-off text-decoration-none text-strikethrough-none\">Muebles , iluminaci\u00f3n y sombreados que conservan la historia de cada pieza mediante etiquetas de trazabilidad. Lo que comenz\u00f3 como una idea creativa en 2009 ha sido reconocido como iniciativas como Lanzadera, aceleradora de empresas, The Ocean Race contando con DVELAS como patrocinadores y numeroso proyectos tanto a nivel nacional como internacional.<\/span><\/p>\n<p class=\"cvGsUA direction-ltr align-start para-style-body\"><span class=\"OYPEnA font-feature-liga-off font-feature-clig-off font-feature-calt-off text-decoration-none text-strikethrough-none\">As\u00ed se fundo una empresa con car\u00e1cter sostenible puesto que localiza estas velas, las recupera y aprovecha la alta tecnolog\u00eda invertida en ellas. No s\u00f3lo por sus excelentes cualidades sino porque que tienen un gran potencial est\u00e9tico y gran calidad.<\/span><\/p>\n<p class=\"cvGsUA direction-ltr align-start para-style-body\"><span class=\"OYPEnA font-feature-liga-off font-feature-clig-off font-feature-calt-off text-decoration-none text-strikethrough-none\">La fabricaci\u00f3n se hace en el propio taller asegurando un riguroso control del proceso y una buena coordinaci\u00f3n entre el dise\u00f1o y producci\u00f3n.<\/span><\/p>\n<\/div><div class=\"fusion-sep-clear\"><\/div><div class=\"fusion-separator fusion-full-width-sep\" style=\"margin-left: auto;margin-right: auto;width:100%;\"><\/div><div class=\"fusion-sep-clear\"><\/div><\/div><\/div><div class=\"fusion-clearfix\"><\/div><\/div><\/div><\/div><\/div><div class=\"fusion-fullwidth fullwidth-box fusion-builder-row-3 nonhundred-percent-fullwidth non-hundred-percent-height-scrolling\" style=\"background-color: rgba(255,255,255,0);background-position: center center;background-repeat: no-repeat;padding-top:0px;padding-right:0px;padding-bottom:0px;padding-left:0px;margin-bottom: 0px;margin-top: 0px;border-width: 0px 0px 0px 0px;border-color:#eae9e9;border-style:solid;\" ><div class=\"fusion-builder-row fusion-row\"><div class=\"fusion-layout-column fusion_builder_column fusion-builder-column-1 fusion_builder_column_1_2 1_2 fusion-one-half fusion-column-first\" style=\"width:50%;width:calc(50% - ( ( 4% ) * 0.5 ) );margin-right: 4%;margin-top:0px;margin-bottom:0px;\"><div class=\"fusion-column-wrapper fusion-flex-column-wrapper-legacy\" style=\"background-position:left top;background-repeat:no-repeat;-webkit-background-size:cover;-moz-background-size:cover;-o-background-size:cover;background-size:cover;padding: 0px 0px 0px 0px;\"><div class=\"fusion-column-content-centered\"><div class=\"fusion-column-content\"><div class=\"fusion-sep-clear\"><\/div><div class=\"fusion-separator fusion-full-width-sep\" style=\"margin-left: auto;margin-right: auto;width:100%;\"><\/div><div class=\"fusion-sep-clear\"><\/div><div class=\"fusion-text fusion-text-3\"><h1>Producci\u00f3n Local<\/h1>\n<\/div><div class=\"fusion-text fusion-text-4\"><p class=\"cvGsUA direction-ltr align-start para-style-body\"><span class=\"OYPEnA font-feature-liga-off font-feature-clig-off font-feature-calt-off text-decoration-none text-strikethrough-none\">DVELAS tiene un car\u00e1cter sostenible puesto que localiza estas velas, las recupera y aprovecha la alta tecnolog\u00eda invertida en ellas. No s\u00f3lo por sus excelentes cualidades sino porque que tienen un gran potencial est\u00e9tico y gran calidad.<\/span><\/p>\n<p class=\"cvGsUA direction-ltr align-start para-style-body\"><span class=\"OYPEnA font-feature-liga-off font-feature-clig-off font-feature-calt-off text-decoration-none text-strikethrough-none\">La fabricaci\u00f3n se hace en el propio taller asegurando un riguroso control del proceso y una buena coordinaci\u00f3n entre el dise\u00f1o y producci\u00f3n.<\/span><\/p>\n<\/div><div class=\"fusion-sep-clear\"><\/div><div class=\"fusion-separator fusion-full-width-sep\" style=\"margin-left: auto;margin-right: auto;width:100%;\"><\/div><div class=\"fusion-sep-clear\"><\/div><\/div><\/div><div class=\"fusion-clearfix\"><\/div><\/div><\/div><div class=\"fusion-layout-column fusion_builder_column fusion-builder-column-2 fusion_builder_column_1_2 1_2 fusion-one-half fusion-column-last\" style=\"width:50%;width:calc(50% - ( ( 4% ) * 0.5 ) );margin-top:0px;margin-bottom:0px;\"><div class=\"fusion-column-wrapper fusion-flex-column-wrapper-legacy\" style=\"background-position:left top;background-repeat:no-repeat;-webkit-background-size:cover;-moz-background-size:cover;-o-background-size:cover;background-size:cover;padding: 0px 0px 0px 0px;\"><div class=\"fusion-column-content-centered\"><div class=\"fusion-column-content\"><div class=\"fusion-video fusion-vimeo fusion-aligncenter\" style=\"max-width:600px;max-height:360px; width:100%\" data-autoplay=\"1\"><div class=\"video-shortcode\"><iframe title=\"Vimeo video player 1\" src=\"https:\/\/player.vimeo.com\/video\/859009443?autoplay=0&autopause=0\" width=\"600\" height=\"360\" allowfullscreen allow=\"autoplay; fullscreen\"><\/iframe><\/div><\/div><\/div><\/div><div class=\"fusion-clearfix\"><\/div><\/div><\/div><\/div><\/div><div class=\"fusion-fullwidth fullwidth-box fusion-builder-row-4 nonhundred-percent-fullwidth non-hundred-percent-height-scrolling\" style=\"background-color: rgba(255,255,255,0);background-position: center center;background-repeat: no-repeat;padding-top:0px;padding-right:0px;padding-bottom:0px;padding-left:0px;margin-bottom: 0px;margin-top: 0px;border-width: 0px 0px 0px 0px;border-color:#eae9e9;border-style:solid;\" ><div class=\"fusion-builder-row fusion-row\"><div class=\"fusion-layout-column fusion_builder_column fusion-builder-column-3 fusion_builder_column_1_2 1_2 fusion-one-half fusion-column-first\" style=\"width:50%;width:calc(50% - ( ( 4% ) * 0.5 ) );margin-right: 4%;margin-top:0px;margin-bottom:0px;\"><div class=\"fusion-column-wrapper fusion-flex-column-wrapper-legacy\" style=\"background-position:left top;background-repeat:no-repeat;-webkit-background-size:cover;-moz-background-size:cover;-o-background-size:cover;background-size:cover;padding: 0px 0px 0px 0px;\"><div class=\"fusion-column-content-centered\"><div class=\"fusion-column-content\"><div class=\"fusion-sep-clear\"><\/div><div class=\"fusion-separator fusion-full-width-sep\" style=\"margin-left: auto;margin-right: auto;width:100%;\"><\/div><div class=\"fusion-sep-clear\"><\/div><div class=\"fusion-text fusion-text-5\"><h1><strong><span dir=\"auto\" style=\"vertical-align: inherit;\"><span dir=\"auto\" style=\"vertical-align: inherit;\">Oficina T\u00e9cnica\u00a0<\/span><\/span><\/strong><\/h1>\n<\/div><div class=\"fusion-text fusion-text-6\"><p><span class=\"OYPEnA font-feature-liga-off font-feature-clig-off font-feature-calt-off text-decoration-none text-strikethrough-none\">Cada espacio es diferente y determinar la forma dimensi\u00f3n y tipo de soporte de las velas de sombra puede suponer cierta complejidad, por ello en DVELAS disponemos de una oficina t\u00e9cnica que a partir de im\u00e1genes y dimensiones facilitados por el cliente propone posibles soluciones con vistas 3D para conseguir una optima instalaci\u00f3n.<\/span><\/p>\n<\/div><\/div><\/div><div class=\"fusion-clearfix\"><\/div><\/div><\/div><\/div><\/div><div class=\"fusion-fullwidth fullwidth-box fusion-builder-row-5 nonhundred-percent-fullwidth non-hundred-percent-height-scrolling\" style=\"background-color: rgba(255,255,255,0);background-position: center center;background-repeat: no-repeat;padding-top:0px;padding-right:0px;padding-bottom:0px;padding-left:0px;margin-bottom: 30px;margin-top: 0px;border-width: 0px 0px 0px 0px;border-color:#eae9e9;border-style:solid;\" ><div class=\"fusion-builder-row fusion-row\"><div class=\"fusion-layout-column fusion_builder_column fusion-builder-column-4 fusion_builder_column_1_3 1_3 fusion-one-third fusion-column-first\" style=\"width:33.333333333333%;width:calc(33.333333333333% - ( ( 4% + 4% ) * 0.33333333333333 ) );margin-right: 4%;margin-top:0px;margin-bottom:0px;\"><div class=\"fusion-column-wrapper fusion-flex-column-wrapper-legacy\" style=\"background-position:left top;background-repeat:no-repeat;-webkit-background-size:cover;-moz-background-size:cover;-o-background-size:cover;background-size:cover;padding: 0px 0px 0px 0px;\"><span class=\" fusion-imageframe imageframe-none imageframe-1 hover-type-none\"><img fetchpriority=\"high\" fetchpriority=\"high\" decoding=\"async\" width=\"400\" height=\"290\" title=\"ofinica tecnica\" src=\"https:\/\/dvelas.com\/wp-content\/uploads\/2025\/07\/ofinica-tecnica-400x290.jpg\" alt class=\"img-responsive wp-image-12576\" srcset=\"https:\/\/dvelas.com\/wp-content\/uploads\/2025\/07\/ofinica-tecnica-200x145.jpg 200w, https:\/\/dvelas.com\/wp-content\/uploads\/2025\/07\/ofinica-tecnica-400x290.jpg 400w, https:\/\/dvelas.com\/wp-content\/uploads\/2025\/07\/ofinica-tecnica-600x435.jpg 600w, https:\/\/dvelas.com\/wp-content\/uploads\/2025\/07\/ofinica-tecnica-800x580.jpg 800w, https:\/\/dvelas.com\/wp-content\/uploads\/2025\/07\/ofinica-tecnica-1200x871.jpg 1200w\" sizes=\"(max-width: 800px) 100vw, 400px\" \/><\/span><div class=\"fusion-clearfix\"><\/div><\/div><\/div><div class=\"fusion-layout-column fusion_builder_column fusion-builder-column-5 fusion_builder_column_1_3 1_3 fusion-one-third\" style=\"width:33.333333333333%;width:calc(33.333333333333% - ( ( 4% + 4% ) * 0.33333333333333 ) );margin-right: 4%;margin-top:0px;margin-bottom:0px;\"><div class=\"fusion-column-wrapper fusion-flex-column-wrapper-legacy\" style=\"background-position:left top;background-repeat:no-repeat;-webkit-background-size:cover;-moz-background-size:cover;-o-background-size:cover;background-size:cover;padding: 0px 0px 0px 0px;\"><span class=\" fusion-imageframe imageframe-none imageframe-2 hover-type-none\"><img decoding=\"async\" width=\"800\" height=\"689\" title=\"2.2\" src=\"https:\/\/dvelas.com\/wp-content\/uploads\/2025\/07\/2.2-scaled-e1756373005469-800x689.jpg\" alt class=\"img-responsive wp-image-12582\"\/><\/span><div class=\"fusion-clearfix\"><\/div><\/div><\/div><div class=\"fusion-layout-column fusion_builder_column fusion-builder-column-6 fusion_builder_column_1_3 1_3 fusion-one-third fusion-column-last\" style=\"width:33.333333333333%;width:calc(33.333333333333% - ( ( 4% + 4% ) * 0.33333333333333 ) );margin-top:0px;margin-bottom:0px;\"><div class=\"fusion-column-wrapper fusion-flex-column-wrapper-legacy\" style=\"background-position:left top;background-repeat:no-repeat;-webkit-background-size:cover;-moz-background-size:cover;-o-background-size:cover;background-size:cover;padding: 0px 0px 0px 0px;\"><span class=\" fusion-imageframe imageframe-none imageframe-3 hover-type-none\"><img decoding=\"async\" width=\"600\" height=\"450\" title=\"Velas de sombra personalizadas DVELAS\" src=\"https:\/\/dvelas.com\/wp-content\/uploads\/2024\/05\/velas-sombra-cambrils-07-600x450.jpg\" alt class=\"img-responsive wp-image-12287\" srcset=\"https:\/\/dvelas.com\/wp-content\/uploads\/2024\/05\/velas-sombra-cambrils-07-200x150.jpg 200w, https:\/\/dvelas.com\/wp-content\/uploads\/2024\/05\/velas-sombra-cambrils-07-400x300.jpg 400w, https:\/\/dvelas.com\/wp-content\/uploads\/2024\/05\/velas-sombra-cambrils-07-600x450.jpg 600w, https:\/\/dvelas.com\/wp-content\/uploads\/2024\/05\/velas-sombra-cambrils-07-800x600.jpg 800w, https:\/\/dvelas.com\/wp-content\/uploads\/2024\/05\/velas-sombra-cambrils-07.jpg 1200w\" sizes=\"(max-width: 800px) 100vw, 400px\" \/><\/span><div class=\"fusion-clearfix\"><\/div><\/div><\/div><\/div><\/div><\/p>\n","protected":false},"excerpt":{"rendered":"","protected":false},"author":2,"featured_media":0,"parent":0,"menu_order":0,"comment_status":"closed","ping_status":"closed","template":"","meta":{"content-type":"","_uag_custom_page_level_css":"","footnotes":""},"class_list":["post-7124","page","type-page","status-publish","hentry"],"yoast_head":"<!-- This site is optimized with the Yoast SEO plugin v27.5 - https:\/\/yoast.com\/product\/yoast-seo-wordpress\/ -->\n<title>Identidad - DVELAS<\/title>\n<meta name=\"description\" content=\"DVELAS dise\u00f1a y fabrica velas de sombra utilizando velas recuperadas de maxi Yates con tejidos de alt\u00edsima tecnolog\u00eda y componentes textiles de \u00faltima generaci\u00f3n. Econom\u00eda Circular en las velas de sombra o toldos para patios, terrazas, espacios urbanos y hoteles. Las velas de sombra de vela recuperada son una soluci\u00f3n ideal para proporcionar sombra y privacidad a los espacios al aire libre. Las suaves l\u00edneas de los tejidos en tensi\u00f3n aportan siempre una est\u00e9tica estilizada a los espacios adem\u00e1s de mejorar su habitabilidad.\" \/>\n<meta name=\"robots\" content=\"index, follow, max-snippet:-1, max-image-preview:large, max-video-preview:-1\" \/>\n<link rel=\"canonical\" href=\"https:\/\/dvelas.com\/es\/velas-sombra-de-velas-recuperadas\/\" \/>\n<meta property=\"og:locale\" content=\"es_ES\" \/>\n<meta property=\"og:type\" content=\"article\" \/>\n<meta property=\"og:title\" content=\"Identidad - DVELAS\" \/>\n<meta property=\"og:description\" content=\"DVELAS dise\u00f1a y fabrica velas de sombra utilizando velas recuperadas de maxi Yates con tejidos de alt\u00edsima tecnolog\u00eda y componentes textiles de \u00faltima generaci\u00f3n. Econom\u00eda Circular en las velas de sombra o toldos para patios, terrazas, espacios urbanos y hoteles. Las velas de sombra de vela recuperada son una soluci\u00f3n ideal para proporcionar sombra y privacidad a los espacios al aire libre. Las suaves l\u00edneas de los tejidos en tensi\u00f3n aportan siempre una est\u00e9tica estilizada a los espacios adem\u00e1s de mejorar su habitabilidad.\" \/>\n<meta property=\"og:url\" content=\"https:\/\/dvelas.com\/es\/velas-sombra-de-velas-recuperadas\/\" \/>\n<meta property=\"og:site_name\" content=\"DVELAS\" \/>\n<meta property=\"article:publisher\" content=\"https:\/\/www.facebook.com\/dvelasdesign\/\" \/>\n<meta property=\"article:modified_time\" content=\"2025-08-28T09:25:07+00:00\" \/>\n<meta name=\"twitter:card\" content=\"summary_large_image\" \/>\n<meta name=\"twitter:site\" content=\"@dvelasdesign\" \/>\n<meta name=\"twitter:label1\" content=\"Tiempo de lectura\" \/>\n\t<meta name=\"twitter:data1\" content=\"20 minutos\" \/>\n<script type=\"application\/ld+json\" class=\"yoast-schema-graph\">{\"@context\":\"https:\\\/\\\/schema.org\",\"@graph\":[{\"@type\":\"WebPage\",\"@id\":\"https:\\\/\\\/dvelas.com\\\/es\\\/velas-sombra-de-velas-recuperadas\\\/\",\"url\":\"https:\\\/\\\/dvelas.com\\\/es\\\/velas-sombra-de-velas-recuperadas\\\/\",\"name\":\"Identidad - DVELAS\",\"isPartOf\":{\"@id\":\"https:\\\/\\\/dvelas.com\\\/#website\"},\"datePublished\":\"2020-12-02T10:19:48+00:00\",\"dateModified\":\"2025-08-28T09:25:07+00:00\",\"description\":\"DVELAS dise\u00f1a y fabrica velas de sombra utilizando velas recuperadas de maxi Yates con tejidos de alt\u00edsima tecnolog\u00eda y componentes textiles de \u00faltima generaci\u00f3n. Econom\u00eda Circular en las velas de sombra o toldos para patios, terrazas, espacios urbanos y hoteles. Las velas de sombra de vela recuperada son una soluci\u00f3n ideal para proporcionar sombra y privacidad a los espacios al aire libre. Las suaves l\u00edneas de los tejidos en tensi\u00f3n aportan siempre una est\u00e9tica estilizada a los espacios adem\u00e1s de mejorar su habitabilidad.\",\"breadcrumb\":{\"@id\":\"https:\\\/\\\/dvelas.com\\\/es\\\/velas-sombra-de-velas-recuperadas\\\/#breadcrumb\"},\"inLanguage\":\"es\",\"potentialAction\":[{\"@type\":\"ReadAction\",\"target\":[\"https:\\\/\\\/dvelas.com\\\/es\\\/velas-sombra-de-velas-recuperadas\\\/\"]}]},{\"@type\":\"BreadcrumbList\",\"@id\":\"https:\\\/\\\/dvelas.com\\\/es\\\/velas-sombra-de-velas-recuperadas\\\/#breadcrumb\",\"itemListElement\":[{\"@type\":\"ListItem\",\"position\":1,\"name\":\"Home\",\"item\":\"https:\\\/\\\/dvelas.com\\\/es\\\/\"},{\"@type\":\"ListItem\",\"position\":2,\"name\":\"Identidad\"}]},{\"@type\":\"WebSite\",\"@id\":\"https:\\\/\\\/dvelas.com\\\/#website\",\"url\":\"https:\\\/\\\/dvelas.com\\\/\",\"name\":\"DVELAS\",\"description\":\"Muebles de exterior y velas de sombra para uso dom\u00e9stico y comercial. Dise\u00f1os para un mundo sostenible. Compromiso de econom\u00eda circular.\",\"publisher\":{\"@id\":\"https:\\\/\\\/dvelas.com\\\/#organization\"},\"potentialAction\":[{\"@type\":\"SearchAction\",\"target\":{\"@type\":\"EntryPoint\",\"urlTemplate\":\"https:\\\/\\\/dvelas.com\\\/?s={search_term_string}\"},\"query-input\":{\"@type\":\"PropertyValueSpecification\",\"valueRequired\":true,\"valueName\":\"search_term_string\"}}],\"inLanguage\":\"es\"},{\"@type\":\"Organization\",\"@id\":\"https:\\\/\\\/dvelas.com\\\/#organization\",\"name\":\"Dvelas Sustainable Design\",\"url\":\"https:\\\/\\\/dvelas.com\\\/\",\"logo\":{\"@type\":\"ImageObject\",\"inLanguage\":\"es\",\"@id\":\"https:\\\/\\\/dvelas.com\\\/#\\\/schema\\\/logo\\\/image\\\/\",\"url\":\"https:\\\/\\\/dvelas.com\\\/wp-content\\\/uploads\\\/2020\\\/05\\\/design-outdoor-furniture-310.png\",\"contentUrl\":\"https:\\\/\\\/dvelas.com\\\/wp-content\\\/uploads\\\/2020\\\/05\\\/design-outdoor-furniture-310.png\",\"width\":310,\"height\":130,\"caption\":\"Dvelas Sustainable Design\"},\"image\":{\"@id\":\"https:\\\/\\\/dvelas.com\\\/#\\\/schema\\\/logo\\\/image\\\/\"},\"sameAs\":[\"https:\\\/\\\/www.facebook.com\\\/dvelasdesign\\\/\",\"https:\\\/\\\/x.com\\\/dvelasdesign\",\"https:\\\/\\\/www.instagram.com\\\/dvelas\\\/\",\"https:\\\/\\\/www.linkedin.com\\\/company\\\/dvelas\\\/\",\"https:\\\/\\\/www.pinterest.com\\\/dvelasdesign\\\/\",\"https:\\\/\\\/www.youtube.com\\\/c\\\/DvelasDesign\\\/featured\"]}]}<\/script>\n<!-- \/ Yoast SEO plugin. -->","yoast_head_json":{"title":"Identidad - DVELAS","description":"DVELAS dise\u00f1a y fabrica velas de sombra utilizando velas recuperadas de maxi Yates con tejidos de alt\u00edsima tecnolog\u00eda y componentes textiles de \u00faltima generaci\u00f3n. Econom\u00eda Circular en las velas de sombra o toldos para patios, terrazas, espacios urbanos y hoteles. Las velas de sombra de vela recuperada son una soluci\u00f3n ideal para proporcionar sombra y privacidad a los espacios al aire libre. Las suaves l\u00edneas de los tejidos en tensi\u00f3n aportan siempre una est\u00e9tica estilizada a los espacios adem\u00e1s de mejorar su habitabilidad.","robots":{"index":"index","follow":"follow","max-snippet":"max-snippet:-1","max-image-preview":"max-image-preview:large","max-video-preview":"max-video-preview:-1"},"canonical":"https:\/\/dvelas.com\/es\/velas-sombra-de-velas-recuperadas\/","og_locale":"es_ES","og_type":"article","og_title":"Identidad - DVELAS","og_description":"DVELAS dise\u00f1a y fabrica velas de sombra utilizando velas recuperadas de maxi Yates con tejidos de alt\u00edsima tecnolog\u00eda y componentes textiles de \u00faltima generaci\u00f3n. Econom\u00eda Circular en las velas de sombra o toldos para patios, terrazas, espacios urbanos y hoteles. Las velas de sombra de vela recuperada son una soluci\u00f3n ideal para proporcionar sombra y privacidad a los espacios al aire libre. Las suaves l\u00edneas de los tejidos en tensi\u00f3n aportan siempre una est\u00e9tica estilizada a los espacios adem\u00e1s de mejorar su habitabilidad.","og_url":"https:\/\/dvelas.com\/es\/velas-sombra-de-velas-recuperadas\/","og_site_name":"DVELAS","article_publisher":"https:\/\/www.facebook.com\/dvelasdesign\/","article_modified_time":"2025-08-28T09:25:07+00:00","twitter_card":"summary_large_image","twitter_site":"@dvelasdesign","twitter_misc":{"Tiempo de lectura":"20 minutos"},"schema":{"@context":"https:\/\/schema.org","@graph":[{"@type":"WebPage","@id":"https:\/\/dvelas.com\/es\/velas-sombra-de-velas-recuperadas\/","url":"https:\/\/dvelas.com\/es\/velas-sombra-de-velas-recuperadas\/","name":"Identidad - DVELAS","isPartOf":{"@id":"https:\/\/dvelas.com\/#website"},"datePublished":"2020-12-02T10:19:48+00:00","dateModified":"2025-08-28T09:25:07+00:00","description":"DVELAS dise\u00f1a y fabrica velas de sombra utilizando velas recuperadas de maxi Yates con tejidos de alt\u00edsima tecnolog\u00eda y componentes textiles de \u00faltima generaci\u00f3n. Econom\u00eda Circular en las velas de sombra o toldos para patios, terrazas, espacios urbanos y hoteles. Las velas de sombra de vela recuperada son una soluci\u00f3n ideal para proporcionar sombra y privacidad a los espacios al aire libre. Las suaves l\u00edneas de los tejidos en tensi\u00f3n aportan siempre una est\u00e9tica estilizada a los espacios adem\u00e1s de mejorar su habitabilidad.","breadcrumb":{"@id":"https:\/\/dvelas.com\/es\/velas-sombra-de-velas-recuperadas\/#breadcrumb"},"inLanguage":"es","potentialAction":[{"@type":"ReadAction","target":["https:\/\/dvelas.com\/es\/velas-sombra-de-velas-recuperadas\/"]}]},{"@type":"BreadcrumbList","@id":"https:\/\/dvelas.com\/es\/velas-sombra-de-velas-recuperadas\/#breadcrumb","itemListElement":[{"@type":"ListItem","position":1,"name":"Home","item":"https:\/\/dvelas.com\/es\/"},{"@type":"ListItem","position":2,"name":"Identidad"}]},{"@type":"WebSite","@id":"https:\/\/dvelas.com\/#website","url":"https:\/\/dvelas.com\/","name":"DVELAS","description":"Muebles de exterior y velas de sombra para uso dom\u00e9stico y comercial. Dise\u00f1os para un mundo sostenible. Compromiso de econom\u00eda circular.","publisher":{"@id":"https:\/\/dvelas.com\/#organization"},"potentialAction":[{"@type":"SearchAction","target":{"@type":"EntryPoint","urlTemplate":"https:\/\/dvelas.com\/?s={search_term_string}"},"query-input":{"@type":"PropertyValueSpecification","valueRequired":true,"valueName":"search_term_string"}}],"inLanguage":"es"},{"@type":"Organization","@id":"https:\/\/dvelas.com\/#organization","name":"Dvelas Sustainable Design","url":"https:\/\/dvelas.com\/","logo":{"@type":"ImageObject","inLanguage":"es","@id":"https:\/\/dvelas.com\/#\/schema\/logo\/image\/","url":"https:\/\/dvelas.com\/wp-content\/uploads\/2020\/05\/design-outdoor-furniture-310.png","contentUrl":"https:\/\/dvelas.com\/wp-content\/uploads\/2020\/05\/design-outdoor-furniture-310.png","width":310,"height":130,"caption":"Dvelas Sustainable Design"},"image":{"@id":"https:\/\/dvelas.com\/#\/schema\/logo\/image\/"},"sameAs":["https:\/\/www.facebook.com\/dvelasdesign\/","https:\/\/x.com\/dvelasdesign","https:\/\/www.instagram.com\/dvelas\/","https:\/\/www.linkedin.com\/company\/dvelas\/","https:\/\/www.pinterest.com\/dvelasdesign\/","https:\/\/www.youtube.com\/c\/DvelasDesign\/featured"]}]}},"uagb_featured_image_src":{"full":false,"thumbnail":false,"medium":false,"medium_large":false,"large":false,"1536x1536":false,"2048x2048":false,"blog-large":false,"blog-medium":false,"recent-posts":false,"recent-works-thumbnail":false,"fusion-200":false,"fusion-400":false,"fusion-600":false,"fusion-800":false,"fusion-1200":false,"portfolio-full":false,"portfolio-one":false,"portfolio-two":false,"portfolio-three":false,"portfolio-five":false},"uagb_author_info":{"display_name":"Arraitz","author_link":"https:\/\/dvelas.com\/es\/author\/arraitz\/"},"uagb_comment_info":0,"uagb_excerpt":null,"_links":{"self":[{"href":"https:\/\/dvelas.com\/es\/wp-json\/wp\/v2\/pages\/7124","targetHints":{"allow":["GET"]}}],"collection":[{"href":"https:\/\/dvelas.com\/es\/wp-json\/wp\/v2\/pages"}],"about":[{"href":"https:\/\/dvelas.com\/es\/wp-json\/wp\/v2\/types\/page"}],"author":[{"embeddable":true,"href":"https:\/\/dvelas.com\/es\/wp-json\/wp\/v2\/users\/2"}],"replies":[{"embeddable":true,"href":"https:\/\/dvelas.com\/es\/wp-json\/wp\/v2\/comments?post=7124"}],"version-history":[{"count":87,"href":"https:\/\/dvelas.com\/es\/wp-json\/wp\/v2\/pages\/7124\/revisions"}],"predecessor-version":[{"id":12652,"href":"https:\/\/dvelas.com\/es\/wp-json\/wp\/v2\/pages\/7124\/revisions\/12652"}],"wp:attachment":[{"href":"https:\/\/dvelas.com\/es\/wp-json\/wp\/v2\/media?parent=7124"}],"curies":[{"name":"wp","href":"https:\/\/api.w.org\/{rel}","templated":true}]}}